{"id":29,"date":"2014-04-26T16:25:46","date_gmt":"2014-04-26T13:25:46","guid":{"rendered":"http:\/\/www.riittakeurulainen.fi\/?page_id=29"},"modified":"2022-12-01T20:27:00","modified_gmt":"2022-12-01T18:27:00","slug":"kuvagalleria","status":"publish","type":"page","link":"http:\/\/www.riittakeurulainen.fi\/?page_id=29","title":{"rendered":"Kuvagalleria"},"content":{"rendered":"<p>&nbsp;<\/p>\n<h1>Kuvagalleria<\/h1>\n<p>&nbsp;<\/p>\n<p><strong>2021 &#8211; 2022 teokset<\/strong><\/p>\n<!-- default-view.php -->\n<div\n\tclass=\"ngg-galleryoverview default-view  ngg-ajax-pagination-none\"\n\tid=\"ngg-gallery-b220e12f56296f4cc928f1307c99f537-1\">\n\n\t\t<!-- Thumbnails -->\n\t\t\t\t<div id=\"ngg-image-0\" class=\"ngg-gallery-thumbnail-box ngg-3-columns\" >\n\t\t\t\t        <div class=\"ngg-gallery-thumbnail\">\n            <a href=\"http:\/\/www.riittakeurulainen.fi\/wp-content\/gallery\/2022-1\/Floora%201.jpg\"\n               title=\"&lt;strong&gt;Floora 1&lt;\/strong&gt; 26 x 42 cm, \u00f6ljy ja kylm\u00e4vaha mdf-levylle, 2022, myyty\"\n               data-src=\"http:\/\/www.riittakeurulainen.fi\/wp-content\/gallery\/2022-1\/Floora%201.jpg\"\n               data-thumbnail=\"http:\/\/www.riittakeurulainen.fi\/wp-content\/gallery\/2022-1\/thumbs\/thumbs_Floora%201.jpg\"\n               data-image-id=\"274\"\n               data-title=\"Floora 1\"\n               data-description=\"&lt;strong&gt;Floora 1&lt;\/strong&gt; 26 x 42 cm, \u00f6ljy ja kylm\u00e4vaha mdf-levylle, 2022, myyty\"\n               data-image-slug=\"floora-1-1\"\n               class=\"ngg-fancybox\" rel=\"b220e12f56296f4cc928f1307c99f537\">\n                <img\n                    title=\"Floora 1\"\n                    alt=\"Floora 1\"\n                    src=\"http:\/\/www.riittakeurulainen.fi\/wp-content\/gallery\/2022-1\/cache\/Floora%201.jpg-nggid03274-ngg0dyn-200x200x100-00f0w010c011r110f110r010t010.jpg\"\n                    width=\"200\"\n                    height=\"200\"\n                    style=\"max-width:100%;\"\n                \/>\n            <\/a>\n        <\/div>\n\t\t\t\t\t\t\t<\/div> \n\t\t\t\n\t\t\t\t<div id=\"ngg-image-1\" class=\"ngg-gallery-thumbnail-box ngg-3-columns\" >\n\t\t\t\t        <div class=\"ngg-gallery-thumbnail\">\n            <a href=\"http:\/\/www.riittakeurulainen.fi\/wp-content\/gallery\/2022-1\/Floora%202.jpg\"\n               title=\"&lt;strong&gt;Floora 2&lt;\/strong&gt; 26 x 42 cm, \u00f6ljy ja kylm\u00e4vaha mdf-levylle, 2022, myyty\"\n               data-src=\"http:\/\/www.riittakeurulainen.fi\/wp-content\/gallery\/2022-1\/Floora%202.jpg\"\n               data-thumbnail=\"http:\/\/www.riittakeurulainen.fi\/wp-content\/gallery\/2022-1\/thumbs\/thumbs_Floora%202.jpg\"\n               data-image-id=\"273\"\n               data-title=\"Floora 2\"\n               data-description=\"&lt;strong&gt;Floora 2&lt;\/strong&gt; 26 x 42 cm, \u00f6ljy ja kylm\u00e4vaha mdf-levylle, 2022, myyty\"\n               data-image-slug=\"floora-2-1\"\n               class=\"ngg-fancybox\" rel=\"b220e12f56296f4cc928f1307c99f537\">\n                <img\n                    title=\"Floora 2\"\n                    alt=\"Floora 2\"\n                    src=\"http:\/\/www.riittakeurulainen.fi\/wp-content\/gallery\/2022-1\/cache\/Floora%202.jpg-nggid03273-ngg0dyn-200x200x100-00f0w010c011r110f110r010t010.jpg\"\n                    width=\"200\"\n                    height=\"200\"\n                    style=\"max-width:100%;\"\n                \/>\n            <\/a>\n        <\/div>\n\t\t\t\t\t\t\t<\/div> \n\t\t\t\n\t\t\t\t<div id=\"ngg-image-2\" class=\"ngg-gallery-thumbnail-box ngg-3-columns\" >\n\t\t\t\t        <div class=\"ngg-gallery-thumbnail\">\n            <a href=\"http:\/\/www.riittakeurulainen.fi\/wp-content\/gallery\/2022-1\/Floora%203.jpg\"\n               title=\"&lt;strong&gt;Floora 3&lt;\/strong&gt; 26 x 42 cm, \u00f6ljy ja kylm\u00e4vaha mdf-levylle, 2022, myyty\"\n               data-src=\"http:\/\/www.riittakeurulainen.fi\/wp-content\/gallery\/2022-1\/Floora%203.jpg\"\n               data-thumbnail=\"http:\/\/www.riittakeurulainen.fi\/wp-content\/gallery\/2022-1\/thumbs\/thumbs_Floora%203.jpg\"\n               data-image-id=\"272\"\n               data-title=\"Floora 3\"\n               data-description=\"&lt;strong&gt;Floora 3&lt;\/strong&gt; 26 x 42 cm, \u00f6ljy ja kylm\u00e4vaha mdf-levylle, 2022, myyty\"\n               data-image-slug=\"floora-3-1\"\n               class=\"ngg-fancybox\" rel=\"b220e12f56296f4cc928f1307c99f537\">\n                <img\n                    title=\"Floora 3\"\n                    alt=\"Floora 3\"\n                    src=\"http:\/\/www.riittakeurulainen.fi\/wp-content\/gallery\/2022-1\/cache\/Floora%203.jpg-nggid03272-ngg0dyn-200x200x100-00f0w010c011r110f110r010t010.jpg\"\n                    width=\"200\"\n                    height=\"200\"\n                    style=\"max-width:100%;\"\n                \/>\n            <\/a>\n        <\/div>\n\t\t\t\t\t\t\t<\/div> \n\t\t\t\n\t\t\t\t<div id=\"ngg-image-3\" class=\"ngg-gallery-thumbnail-box ngg-3-columns\" >\n\t\t\t\t        <div class=\"ngg-gallery-thumbnail\">\n            <a href=\"http:\/\/www.riittakeurulainen.fi\/wp-content\/gallery\/2022-1\/Floora%204.jpg\"\n               title=\"&lt;strong&gt;Floora 4&lt;\/strong&gt; 26 x 42 cm, \u00f6ljy ja kylm\u00e4vaha mdf-levylle, 2022\"\n               data-src=\"http:\/\/www.riittakeurulainen.fi\/wp-content\/gallery\/2022-1\/Floora%204.jpg\"\n               data-thumbnail=\"http:\/\/www.riittakeurulainen.fi\/wp-content\/gallery\/2022-1\/thumbs\/thumbs_Floora%204.jpg\"\n               data-image-id=\"271\"\n               data-title=\"Floora 4\"\n               data-description=\"&lt;strong&gt;Floora 4&lt;\/strong&gt; 26 x 42 cm, \u00f6ljy ja kylm\u00e4vaha mdf-levylle, 2022\"\n               data-image-slug=\"floora-4-1\"\n               class=\"ngg-fancybox\" rel=\"b220e12f56296f4cc928f1307c99f537\">\n                <img\n                    title=\"Floora 4\"\n                    alt=\"Floora 4\"\n                    src=\"http:\/\/www.riittakeurulainen.fi\/wp-content\/gallery\/2022-1\/cache\/Floora%204.jpg-nggid03271-ngg0dyn-200x200x100-00f0w010c011r110f110r010t010.jpg\"\n                    width=\"200\"\n                    height=\"200\"\n                    style=\"max-width:100%;\"\n                \/>\n            <\/a>\n        <\/div>\n\t\t\t\t\t\t\t<\/div> \n\t\t\t\n\t\n\t<br style=\"clear: both\" \/>\n\n\t\n\t\t<!-- Pagination -->\n\t<div class='ngg-clear'><\/div>\t<\/div>\n\n<!-- default-view.php -->\n<div\n\tclass=\"ngg-galleryoverview default-view  ngg-ajax-pagination-none\"\n\tid=\"ngg-gallery-79b14a8e81a186e0f451937d67ac1144-1\">\n\n\t\t<!-- Thumbnails -->\n\t\t\t\t<div id=\"ngg-image-0\" class=\"ngg-gallery-thumbnail-box ngg-3-columns\" >\n\t\t\t\t        <div class=\"ngg-gallery-thumbnail\">\n            <a href=\"http:\/\/www.riittakeurulainen.fi\/wp-content\/gallery\/2021\/Tuleentuneet_9.jpg\"\n               title=\"&lt;strong&gt;Tuleentuneet 9&lt;\/strong&gt; 33 x 34,5 cm, \u00f6ljy ja kylm\u00e4vaha mdf-levylle, 2021, myyty\"\n               data-src=\"http:\/\/www.riittakeurulainen.fi\/wp-content\/gallery\/2021\/Tuleentuneet_9.jpg\"\n               data-thumbnail=\"http:\/\/www.riittakeurulainen.fi\/wp-content\/gallery\/2021\/thumbs\/thumbs_Tuleentuneet_9.jpg\"\n               data-image-id=\"266\"\n               data-title=\"Tuleentuneet_9\"\n               data-description=\"&lt;strong&gt;Tuleentuneet 9&lt;\/strong&gt; 33 x 34,5 cm, \u00f6ljy ja kylm\u00e4vaha mdf-levylle, 2021, myyty\"\n               data-image-slug=\"tuleentuneet_9\"\n               class=\"ngg-fancybox\" rel=\"79b14a8e81a186e0f451937d67ac1144\">\n                <img\n                    title=\"Tuleentuneet_9\"\n                    alt=\"Tuleentuneet_9\"\n                    src=\"http:\/\/www.riittakeurulainen.fi\/wp-content\/gallery\/2021\/cache\/Tuleentuneet_9.jpg-nggid03266-ngg0dyn-200x200x100-00f0w010c011r110f110r010t010.jpg\"\n                    width=\"200\"\n                    height=\"200\"\n                    style=\"max-width:100%;\"\n                \/>\n            <\/a>\n        <\/div>\n\t\t\t\t\t\t\t<\/div> \n\t\t\t\n\t\t\t\t<div id=\"ngg-image-1\" class=\"ngg-gallery-thumbnail-box ngg-3-columns\" >\n\t\t\t\t        <div class=\"ngg-gallery-thumbnail\">\n            <a href=\"http:\/\/www.riittakeurulainen.fi\/wp-content\/gallery\/2021\/Tuleentuneet_8.jpg\"\n               title=\"&lt;strong&gt;Tuleentuneet 8&lt;\/strong&gt; 33 x 34,5 cm, \u00f6ljy ja kylm\u00e4vaha mdf-levylle, 2021\"\n               data-src=\"http:\/\/www.riittakeurulainen.fi\/wp-content\/gallery\/2021\/Tuleentuneet_8.jpg\"\n               data-thumbnail=\"http:\/\/www.riittakeurulainen.fi\/wp-content\/gallery\/2021\/thumbs\/thumbs_Tuleentuneet_8.jpg\"\n               data-image-id=\"265\"\n               data-title=\"Tuleentuneet_8\"\n               data-description=\"&lt;strong&gt;Tuleentuneet 8&lt;\/strong&gt; 33 x 34,5 cm, \u00f6ljy ja kylm\u00e4vaha mdf-levylle, 2021\"\n               data-image-slug=\"tuleentuneet_8\"\n               class=\"ngg-fancybox\" rel=\"79b14a8e81a186e0f451937d67ac1144\">\n                <img\n                    title=\"Tuleentuneet_8\"\n                    alt=\"Tuleentuneet_8\"\n                    src=\"http:\/\/www.riittakeurulainen.fi\/wp-content\/gallery\/2021\/cache\/Tuleentuneet_8.jpg-nggid03265-ngg0dyn-200x200x100-00f0w010c011r110f110r010t010.jpg\"\n                    width=\"200\"\n                    height=\"200\"\n                    style=\"max-width:100%;\"\n                \/>\n            <\/a>\n        <\/div>\n\t\t\t\t\t\t\t<\/div> \n\t\t\t\n\t\t\t\t<div id=\"ngg-image-2\" class=\"ngg-gallery-thumbnail-box ngg-3-columns\" >\n\t\t\t\t        <div class=\"ngg-gallery-thumbnail\">\n            <a href=\"http:\/\/www.riittakeurulainen.fi\/wp-content\/gallery\/2021\/Tuleentuneet_7.jpg\"\n               title=\"&lt;strong&gt;Tuleentuneet 7&lt;\/strong&gt; 33 x 34,5 cm, \u00f6ljy ja kylm\u00e4vaha mdf-levylle, 2021\"\n               data-src=\"http:\/\/www.riittakeurulainen.fi\/wp-content\/gallery\/2021\/Tuleentuneet_7.jpg\"\n               data-thumbnail=\"http:\/\/www.riittakeurulainen.fi\/wp-content\/gallery\/2021\/thumbs\/thumbs_Tuleentuneet_7.jpg\"\n               data-image-id=\"264\"\n               data-title=\"Tuleentuneet_7\"\n               data-description=\"&lt;strong&gt;Tuleentuneet 7&lt;\/strong&gt; 33 x 34,5 cm, \u00f6ljy ja kylm\u00e4vaha mdf-levylle, 2021\"\n               data-image-slug=\"tuleentuneet_7\"\n               class=\"ngg-fancybox\" rel=\"79b14a8e81a186e0f451937d67ac1144\">\n                <img\n                    title=\"Tuleentuneet_7\"\n                    alt=\"Tuleentuneet_7\"\n                    src=\"http:\/\/www.riittakeurulainen.fi\/wp-content\/gallery\/2021\/cache\/Tuleentuneet_7.jpg-nggid03264-ngg0dyn-200x200x100-00f0w010c011r110f110r010t010.jpg\"\n                    width=\"200\"\n                    height=\"200\"\n                    style=\"max-width:100%;\"\n                \/>\n            <\/a>\n        <\/div>\n\t\t\t\t\t\t\t<\/div> \n\t\t\t\n\t\t\t\t<div id=\"ngg-image-3\" class=\"ngg-gallery-thumbnail-box ngg-3-columns\" >\n\t\t\t\t        <div class=\"ngg-gallery-thumbnail\">\n            <a href=\"http:\/\/www.riittakeurulainen.fi\/wp-content\/gallery\/2021\/Tuleentuneet_6.jpg\"\n               title=\"&lt;strong&gt;Tuleentuneet 6&lt;\/strong&gt; 33 x 34,5 cm, \u00f6ljy ja kylm\u00e4vaha mdf-levylle, 2021\"\n               data-src=\"http:\/\/www.riittakeurulainen.fi\/wp-content\/gallery\/2021\/Tuleentuneet_6.jpg\"\n               data-thumbnail=\"http:\/\/www.riittakeurulainen.fi\/wp-content\/gallery\/2021\/thumbs\/thumbs_Tuleentuneet_6.jpg\"\n               data-image-id=\"263\"\n               data-title=\"Tuleentuneet_6\"\n               data-description=\"&lt;strong&gt;Tuleentuneet 6&lt;\/strong&gt; 33 x 34,5 cm, \u00f6ljy ja kylm\u00e4vaha mdf-levylle, 2021\"\n               data-image-slug=\"tuleentuneet_6\"\n               class=\"ngg-fancybox\" rel=\"79b14a8e81a186e0f451937d67ac1144\">\n                <img\n                    title=\"Tuleentuneet_6\"\n                    alt=\"Tuleentuneet_6\"\n                    src=\"http:\/\/www.riittakeurulainen.fi\/wp-content\/gallery\/2021\/cache\/Tuleentuneet_6.jpg-nggid03263-ngg0dyn-200x200x100-00f0w010c011r110f110r010t010.jpg\"\n                    width=\"200\"\n                    height=\"200\"\n                    style=\"max-width:100%;\"\n                \/>\n            <\/a>\n        <\/div>\n\t\t\t\t\t\t\t<\/div> \n\t\t\t\n\t\t\t\t<div id=\"ngg-image-4\" class=\"ngg-gallery-thumbnail-box ngg-3-columns\" >\n\t\t\t\t        <div class=\"ngg-gallery-thumbnail\">\n            <a href=\"http:\/\/www.riittakeurulainen.fi\/wp-content\/gallery\/2021\/Tuleentuneet_11.jpg\"\n               title=\"&lt;strong&gt;Tuleentuneet 11&lt;\/strong&gt; 33 x 34,5 cm, \u00f6ljy ja kylm\u00e4vaha mdf-levylle, 2021, myyty\"\n               data-src=\"http:\/\/www.riittakeurulainen.fi\/wp-content\/gallery\/2021\/Tuleentuneet_11.jpg\"\n               data-thumbnail=\"http:\/\/www.riittakeurulainen.fi\/wp-content\/gallery\/2021\/thumbs\/thumbs_Tuleentuneet_11.jpg\"\n               data-image-id=\"262\"\n               data-title=\"Tuleentuneet_11\"\n               data-description=\"&lt;strong&gt;Tuleentuneet 11&lt;\/strong&gt; 33 x 34,5 cm, \u00f6ljy ja kylm\u00e4vaha mdf-levylle, 2021, myyty\"\n               data-image-slug=\"tuleentuneet_11\"\n               class=\"ngg-fancybox\" rel=\"79b14a8e81a186e0f451937d67ac1144\">\n                <img\n                    title=\"Tuleentuneet_11\"\n                    alt=\"Tuleentuneet_11\"\n                    src=\"http:\/\/www.riittakeurulainen.fi\/wp-content\/gallery\/2021\/cache\/Tuleentuneet_11.jpg-nggid03262-ngg0dyn-200x200x100-00f0w010c011r110f110r010t010.jpg\"\n                    width=\"200\"\n                    height=\"200\"\n                    style=\"max-width:100%;\"\n                \/>\n            <\/a>\n        <\/div>\n\t\t\t\t\t\t\t<\/div> \n\t\t\t\n\t\t\t\t<div id=\"ngg-image-5\" class=\"ngg-gallery-thumbnail-box ngg-3-columns\" >\n\t\t\t\t        <div class=\"ngg-gallery-thumbnail\">\n            <a href=\"http:\/\/www.riittakeurulainen.fi\/wp-content\/gallery\/2021\/Tuleentuneet_10.jpg\"\n               title=\"&lt;strong&gt;Tuleentuneet 10&lt;\/strong&gt; 33 x 34,5 cm, \u00f6ljy ja kylm\u00e4vaha mdf-levylle, 2021\"\n               data-src=\"http:\/\/www.riittakeurulainen.fi\/wp-content\/gallery\/2021\/Tuleentuneet_10.jpg\"\n               data-thumbnail=\"http:\/\/www.riittakeurulainen.fi\/wp-content\/gallery\/2021\/thumbs\/thumbs_Tuleentuneet_10.jpg\"\n               data-image-id=\"261\"\n               data-title=\"Tuleentuneet_10\"\n               data-description=\"&lt;strong&gt;Tuleentuneet 10&lt;\/strong&gt; 33 x 34,5 cm, \u00f6ljy ja kylm\u00e4vaha mdf-levylle, 2021\"\n               data-image-slug=\"tuleentuneet_10\"\n               class=\"ngg-fancybox\" rel=\"79b14a8e81a186e0f451937d67ac1144\">\n                <img\n                    title=\"Tuleentuneet_10\"\n                    alt=\"Tuleentuneet_10\"\n                    src=\"http:\/\/www.riittakeurulainen.fi\/wp-content\/gallery\/2021\/cache\/Tuleentuneet_10.jpg-nggid03261-ngg0dyn-200x200x100-00f0w010c011r110f110r010t010.jpg\"\n                    width=\"200\"\n                    height=\"200\"\n                    style=\"max-width:100%;\"\n                \/>\n            <\/a>\n        <\/div>\n\t\t\t\t\t\t\t<\/div> \n\t\t\t\n\t\t\t\t<div id=\"ngg-image-6\" class=\"ngg-gallery-thumbnail-box ngg-3-columns\" >\n\t\t\t\t        <div class=\"ngg-gallery-thumbnail\">\n            <a href=\"http:\/\/www.riittakeurulainen.fi\/wp-content\/gallery\/2021\/Aholla%201%20ja%202.jpg\"\n               title=\"&lt;strong&gt;Aholla 1 ja 2&lt;\/strong&gt; 35 x 43 cm\/taulu, \u00f6ljy ja kylm\u00e4vaha mdf-levylle, 2021\"\n               data-src=\"http:\/\/www.riittakeurulainen.fi\/wp-content\/gallery\/2021\/Aholla%201%20ja%202.jpg\"\n               data-thumbnail=\"http:\/\/www.riittakeurulainen.fi\/wp-content\/gallery\/2021\/thumbs\/thumbs_Aholla%201%20ja%202.jpg\"\n               data-image-id=\"260\"\n               data-title=\"Aholla 1 ja 2\"\n               data-description=\"&lt;strong&gt;Aholla 1 ja 2&lt;\/strong&gt; 35 x 43 cm\/taulu, \u00f6ljy ja kylm\u00e4vaha mdf-levylle, 2021\"\n               data-image-slug=\"aholla-1-ja-2\"\n               class=\"ngg-fancybox\" rel=\"79b14a8e81a186e0f451937d67ac1144\">\n                <img\n                    title=\"Aholla 1 ja 2\"\n                    alt=\"Aholla 1 ja 2\"\n                    src=\"http:\/\/www.riittakeurulainen.fi\/wp-content\/gallery\/2021\/cache\/Aholla%201%20ja%202.jpg-nggid03260-ngg0dyn-200x200x100-00f0w010c011r110f110r010t010.jpg\"\n                    width=\"200\"\n                    height=\"200\"\n                    style=\"max-width:100%;\"\n                \/>\n            <\/a>\n        <\/div>\n\t\t\t\t\t\t\t<\/div> \n\t\t\t\n\t\n\t<br style=\"clear: both\" \/>\n\n\t\n\t\t<!-- Pagination -->\n\t<div class='ngg-clear'><\/div>\t<\/div>\n\n<p><strong>2020 teokset<\/strong><\/p>\n<!-- default-view.php -->\n<div\n\tclass=\"ngg-galleryoverview default-view  ngg-ajax-pagination-none\"\n\tid=\"ngg-gallery-7eea07a82ad8aa38c3edba64d7bbeab1-1\">\n\n\t\t<!-- Thumbnails -->\n\t\t\t\t<div id=\"ngg-image-0\" class=\"ngg-gallery-thumbnail-box ngg-3-columns\" >\n\t\t\t\t        <div class=\"ngg-gallery-thumbnail\">\n            <a href=\"http:\/\/www.riittakeurulainen.fi\/wp-content\/gallery\/2020\/Tuleentuneet_5.jpg\"\n               title=\"&lt;strong&gt;Tuleentuneet 5&lt;\/strong&gt; 33 x 35 cm, \u00f6ljy ja kylm\u00e4vaha mdf-levylle, 2020, myyty\"\n               data-src=\"http:\/\/www.riittakeurulainen.fi\/wp-content\/gallery\/2020\/Tuleentuneet_5.jpg\"\n               data-thumbnail=\"http:\/\/www.riittakeurulainen.fi\/wp-content\/gallery\/2020\/thumbs\/thumbs_Tuleentuneet_5.jpg\"\n               data-image-id=\"259\"\n               data-title=\"Tuleentuneet_5\"\n               data-description=\"&lt;strong&gt;Tuleentuneet 5&lt;\/strong&gt; 33 x 35 cm, \u00f6ljy ja kylm\u00e4vaha mdf-levylle, 2020, myyty\"\n               data-image-slug=\"tuleentuneet_5\"\n               class=\"ngg-fancybox\" rel=\"7eea07a82ad8aa38c3edba64d7bbeab1\">\n                <img\n                    title=\"Tuleentuneet_5\"\n                    alt=\"Tuleentuneet_5\"\n                    src=\"http:\/\/www.riittakeurulainen.fi\/wp-content\/gallery\/2020\/cache\/Tuleentuneet_5.jpg-nggid03259-ngg0dyn-200x200x100-00f0w010c011r110f110r010t010.jpg\"\n                    width=\"200\"\n                    height=\"200\"\n                    style=\"max-width:100%;\"\n                \/>\n            <\/a>\n        <\/div>\n\t\t\t\t\t\t\t<\/div> \n\t\t\t\n\t\t\t\t<div id=\"ngg-image-1\" class=\"ngg-gallery-thumbnail-box ngg-3-columns\" >\n\t\t\t\t        <div class=\"ngg-gallery-thumbnail\">\n            <a href=\"http:\/\/www.riittakeurulainen.fi\/wp-content\/gallery\/2020\/Tuleentuneet_4.jpg\"\n               title=\"&lt;strong&gt;Tuleentuneet 4&lt;\/strong&gt; 33 x 35 cm, \u00f6ljy ja kylm\u00e4vaha mdf-levylle, 2020, myyty\"\n               data-src=\"http:\/\/www.riittakeurulainen.fi\/wp-content\/gallery\/2020\/Tuleentuneet_4.jpg\"\n               data-thumbnail=\"http:\/\/www.riittakeurulainen.fi\/wp-content\/gallery\/2020\/thumbs\/thumbs_Tuleentuneet_4.jpg\"\n               data-image-id=\"258\"\n               data-title=\"Tuleentuneet_4\"\n               data-description=\"&lt;strong&gt;Tuleentuneet 4&lt;\/strong&gt; 33 x 35 cm, \u00f6ljy ja kylm\u00e4vaha mdf-levylle, 2020, myyty\"\n               data-image-slug=\"tuleentuneet_4\"\n               class=\"ngg-fancybox\" rel=\"7eea07a82ad8aa38c3edba64d7bbeab1\">\n                <img\n                    title=\"Tuleentuneet_4\"\n                    alt=\"Tuleentuneet_4\"\n                    src=\"http:\/\/www.riittakeurulainen.fi\/wp-content\/gallery\/2020\/cache\/Tuleentuneet_4.jpg-nggid03258-ngg0dyn-200x200x100-00f0w010c011r110f110r010t010.jpg\"\n                    width=\"200\"\n                    height=\"200\"\n                    style=\"max-width:100%;\"\n                \/>\n            <\/a>\n        <\/div>\n\t\t\t\t\t\t\t<\/div> \n\t\t\t\n\t\t\t\t<div id=\"ngg-image-2\" class=\"ngg-gallery-thumbnail-box ngg-3-columns\" >\n\t\t\t\t        <div class=\"ngg-gallery-thumbnail\">\n            <a href=\"http:\/\/www.riittakeurulainen.fi\/wp-content\/gallery\/2020\/Tuleentuneet_3.jpg\"\n               title=\"&lt;strong&gt;Tuleentuneet 3&lt;\/strong&gt; 33 x 35 cm, \u00f6ljy ja kylm\u00e4vaha mdf-levylle, 2020, myyty\"\n               data-src=\"http:\/\/www.riittakeurulainen.fi\/wp-content\/gallery\/2020\/Tuleentuneet_3.jpg\"\n               data-thumbnail=\"http:\/\/www.riittakeurulainen.fi\/wp-content\/gallery\/2020\/thumbs\/thumbs_Tuleentuneet_3.jpg\"\n               data-image-id=\"257\"\n               data-title=\"Tuleentuneet_3\"\n               data-description=\"&lt;strong&gt;Tuleentuneet 3&lt;\/strong&gt; 33 x 35 cm, \u00f6ljy ja kylm\u00e4vaha mdf-levylle, 2020, myyty\"\n               data-image-slug=\"tuleentuneet_3\"\n               class=\"ngg-fancybox\" rel=\"7eea07a82ad8aa38c3edba64d7bbeab1\">\n                <img\n                    title=\"Tuleentuneet_3\"\n                    alt=\"Tuleentuneet_3\"\n                    src=\"http:\/\/www.riittakeurulainen.fi\/wp-content\/gallery\/2020\/cache\/Tuleentuneet_3.jpg-nggid03257-ngg0dyn-200x200x100-00f0w010c011r110f110r010t010.jpg\"\n                    width=\"200\"\n                    height=\"200\"\n                    style=\"max-width:100%;\"\n                \/>\n            <\/a>\n        <\/div>\n\t\t\t\t\t\t\t<\/div> \n\t\t\t\n\t\t\t\t<div id=\"ngg-image-3\" class=\"ngg-gallery-thumbnail-box ngg-3-columns\" >\n\t\t\t\t        <div class=\"ngg-gallery-thumbnail\">\n            <a href=\"http:\/\/www.riittakeurulainen.fi\/wp-content\/gallery\/2020\/Tuleentuneet_2.jpg\"\n               title=\"&lt;strong&gt;Tuleentuneet 2&lt;\/strong&gt; 33 x 35 cm, \u00f6ljy ja kylm\u00e4vaha mdf-levylle, 2020\"\n               data-src=\"http:\/\/www.riittakeurulainen.fi\/wp-content\/gallery\/2020\/Tuleentuneet_2.jpg\"\n               data-thumbnail=\"http:\/\/www.riittakeurulainen.fi\/wp-content\/gallery\/2020\/thumbs\/thumbs_Tuleentuneet_2.jpg\"\n               data-image-id=\"256\"\n               data-title=\"Tuleentuneet_2\"\n               data-description=\"&lt;strong&gt;Tuleentuneet 2&lt;\/strong&gt; 33 x 35 cm, \u00f6ljy ja kylm\u00e4vaha mdf-levylle, 2020\"\n               data-image-slug=\"tuleentuneet_2\"\n               class=\"ngg-fancybox\" rel=\"7eea07a82ad8aa38c3edba64d7bbeab1\">\n                <img\n                    title=\"Tuleentuneet_2\"\n                    alt=\"Tuleentuneet_2\"\n                    src=\"http:\/\/www.riittakeurulainen.fi\/wp-content\/gallery\/2020\/cache\/Tuleentuneet_2.jpg-nggid03256-ngg0dyn-200x200x100-00f0w010c011r110f110r010t010.jpg\"\n                    width=\"200\"\n                    height=\"200\"\n                    style=\"max-width:100%;\"\n                \/>\n            <\/a>\n        <\/div>\n\t\t\t\t\t\t\t<\/div> \n\t\t\t\n\t\t\t\t<div id=\"ngg-image-4\" class=\"ngg-gallery-thumbnail-box ngg-3-columns\" >\n\t\t\t\t        <div class=\"ngg-gallery-thumbnail\">\n            <a href=\"http:\/\/www.riittakeurulainen.fi\/wp-content\/gallery\/2020\/Tuleentuneet_1.jpg\"\n               title=\"&lt;strong&gt;Tuleentuneet 1&lt;\/strong&gt; 33 x 35 cm, \u00f6ljy ja kylm\u00e4vaha mdf-levylle, 2020, myyty\"\n               data-src=\"http:\/\/www.riittakeurulainen.fi\/wp-content\/gallery\/2020\/Tuleentuneet_1.jpg\"\n               data-thumbnail=\"http:\/\/www.riittakeurulainen.fi\/wp-content\/gallery\/2020\/thumbs\/thumbs_Tuleentuneet_1.jpg\"\n               data-image-id=\"255\"\n               data-title=\"Tuleentuneet_1\"\n               data-description=\"&lt;strong&gt;Tuleentuneet 1&lt;\/strong&gt; 33 x 35 cm, \u00f6ljy ja kylm\u00e4vaha mdf-levylle, 2020, myyty\"\n               data-image-slug=\"tuleentuneet_1\"\n               class=\"ngg-fancybox\" rel=\"7eea07a82ad8aa38c3edba64d7bbeab1\">\n                <img\n                    title=\"Tuleentuneet_1\"\n                    alt=\"Tuleentuneet_1\"\n                    src=\"http:\/\/www.riittakeurulainen.fi\/wp-content\/gallery\/2020\/cache\/Tuleentuneet_1.jpg-nggid03255-ngg0dyn-200x200x100-00f0w010c011r110f110r010t010.jpg\"\n                    width=\"200\"\n                    height=\"200\"\n                    style=\"max-width:100%;\"\n                \/>\n            <\/a>\n        <\/div>\n\t\t\t\t\t\t\t<\/div> \n\t\t\t\n\t\t\t\t<div id=\"ngg-image-5\" class=\"ngg-gallery-thumbnail-box ngg-3-columns\" >\n\t\t\t\t        <div class=\"ngg-gallery-thumbnail\">\n            <a href=\"http:\/\/www.riittakeurulainen.fi\/wp-content\/gallery\/2020\/Laternis_1.jpg\"\n               title=\"&lt;strong&gt;Laternis 1&lt;\/strong&gt; 60 x 60 cm, \u00f6ljy ja kylm\u00e4vaha mdf-levylle, 2020, myyty\"\n               data-src=\"http:\/\/www.riittakeurulainen.fi\/wp-content\/gallery\/2020\/Laternis_1.jpg\"\n               data-thumbnail=\"http:\/\/www.riittakeurulainen.fi\/wp-content\/gallery\/2020\/thumbs\/thumbs_Laternis_1.jpg\"\n               data-image-id=\"254\"\n               data-title=\"Laternis_1\"\n               data-description=\"&lt;strong&gt;Laternis 1&lt;\/strong&gt; 60 x 60 cm, \u00f6ljy ja kylm\u00e4vaha mdf-levylle, 2020, myyty\"\n               data-image-slug=\"laternis_1\"\n               class=\"ngg-fancybox\" rel=\"7eea07a82ad8aa38c3edba64d7bbeab1\">\n                <img\n                    title=\"Laternis_1\"\n                    alt=\"Laternis_1\"\n                    src=\"http:\/\/www.riittakeurulainen.fi\/wp-content\/gallery\/2020\/cache\/Laternis_1.jpg-nggid03254-ngg0dyn-200x200x100-00f0w010c011r110f110r010t010.jpg\"\n                    width=\"200\"\n                    height=\"200\"\n                    style=\"max-width:100%;\"\n                \/>\n            <\/a>\n        <\/div>\n\t\t\t\t\t\t\t<\/div> \n\t\t\t\n\t\t\t\t<div id=\"ngg-image-6\" class=\"ngg-gallery-thumbnail-box ngg-3-columns\" >\n\t\t\t\t        <div class=\"ngg-gallery-thumbnail\">\n            <a href=\"http:\/\/www.riittakeurulainen.fi\/wp-content\/gallery\/2020\/Ahonlaita_2.jpg\"\n               title=\"&lt;strong&gt;Ahonlaita 2&lt;\/strong&gt; 40 x 50 cm, \u00f6ljy ja kylm\u00e4vaha mdf-levylle, 2020\"\n               data-src=\"http:\/\/www.riittakeurulainen.fi\/wp-content\/gallery\/2020\/Ahonlaita_2.jpg\"\n               data-thumbnail=\"http:\/\/www.riittakeurulainen.fi\/wp-content\/gallery\/2020\/thumbs\/thumbs_Ahonlaita_2.jpg\"\n               data-image-id=\"253\"\n               data-title=\"Ahonlaita_2\"\n               data-description=\"&lt;strong&gt;Ahonlaita 2&lt;\/strong&gt; 40 x 50 cm, \u00f6ljy ja kylm\u00e4vaha mdf-levylle, 2020\"\n               data-image-slug=\"ahonlaita_2\"\n               class=\"ngg-fancybox\" rel=\"7eea07a82ad8aa38c3edba64d7bbeab1\">\n                <img\n                    title=\"Ahonlaita_2\"\n                    alt=\"Ahonlaita_2\"\n                    src=\"http:\/\/www.riittakeurulainen.fi\/wp-content\/gallery\/2020\/cache\/Ahonlaita_2.jpg-nggid03253-ngg0dyn-200x200x100-00f0w010c011r110f110r010t010.jpg\"\n                    width=\"200\"\n                    height=\"200\"\n                    style=\"max-width:100%;\"\n                \/>\n            <\/a>\n        <\/div>\n\t\t\t\t\t\t\t<\/div> \n\t\t\t\n\t\t\t\t<div id=\"ngg-image-7\" class=\"ngg-gallery-thumbnail-box ngg-3-columns\" >\n\t\t\t\t        <div class=\"ngg-gallery-thumbnail\">\n            <a href=\"http:\/\/www.riittakeurulainen.fi\/wp-content\/gallery\/2020\/Ahonlaita_1.jpg\"\n               title=\"&lt;strong&gt;Ahonlaita 1&lt;\/strong&gt; 40 x 50 cm, \u00f6ljy ja kylm\u00e4vaha mdf-levylle, 2020, myyty\"\n               data-src=\"http:\/\/www.riittakeurulainen.fi\/wp-content\/gallery\/2020\/Ahonlaita_1.jpg\"\n               data-thumbnail=\"http:\/\/www.riittakeurulainen.fi\/wp-content\/gallery\/2020\/thumbs\/thumbs_Ahonlaita_1.jpg\"\n               data-image-id=\"252\"\n               data-title=\"Ahonlaita_1\"\n               data-description=\"&lt;strong&gt;Ahonlaita 1&lt;\/strong&gt; 40 x 50 cm, \u00f6ljy ja kylm\u00e4vaha mdf-levylle, 2020, myyty\"\n               data-image-slug=\"ahonlaita_1\"\n               class=\"ngg-fancybox\" rel=\"7eea07a82ad8aa38c3edba64d7bbeab1\">\n                <img\n                    title=\"Ahonlaita_1\"\n                    alt=\"Ahonlaita_1\"\n                    src=\"http:\/\/www.riittakeurulainen.fi\/wp-content\/gallery\/2020\/cache\/Ahonlaita_1.jpg-nggid03252-ngg0dyn-200x200x100-00f0w010c011r110f110r010t010.jpg\"\n                    width=\"200\"\n                    height=\"200\"\n                    style=\"max-width:100%;\"\n                \/>\n            <\/a>\n        <\/div>\n\t\t\t\t\t\t\t<\/div> \n\t\t\t\n\t\n\t<br style=\"clear: both\" \/>\n\n\t\n\t\t<!-- Pagination -->\n\t<div class='ngg-clear'><\/div>\t<\/div>\n\n<p><strong>2018 teokset<\/strong><\/p>\n<!-- default-view.php -->\n<div\n\tclass=\"ngg-galleryoverview default-view  ngg-ajax-pagination-none\"\n\tid=\"ngg-gallery-3129ce226b3c6029fcb9ba523ae6fdeb-1\">\n\n\t\t<!-- Thumbnails -->\n\t\t\t\t<div id=\"ngg-image-0\" class=\"ngg-gallery-thumbnail-box ngg-3-columns\" >\n\t\t\t\t        <div class=\"ngg-gallery-thumbnail\">\n            <a href=\"http:\/\/www.riittakeurulainen.fi\/wp-content\/gallery\/2018\/Lyhdyn_hedelmat_II.jpg\"\n               title=\"&lt;strong&gt;Lyhdyn hedelm\u00e4t II,&lt;\/strong&gt; 120 x 60 cm, \u00f6ljy ja kylm\u00e4vaha mdf-levylle, 2018, myyty\"\n               data-src=\"http:\/\/www.riittakeurulainen.fi\/wp-content\/gallery\/2018\/Lyhdyn_hedelmat_II.jpg\"\n               data-thumbnail=\"http:\/\/www.riittakeurulainen.fi\/wp-content\/gallery\/2018\/thumbs\/thumbs_Lyhdyn_hedelmat_II.jpg\"\n               data-image-id=\"249\"\n               data-title=\"Lyhdyn_hedelmat_II\"\n               data-description=\"&lt;strong&gt;Lyhdyn hedelm\u00e4t II,&lt;\/strong&gt; 120 x 60 cm, \u00f6ljy ja kylm\u00e4vaha mdf-levylle, 2018, myyty\"\n               data-image-slug=\"lyhdyn_hedelmat_ii\"\n               class=\"ngg-fancybox\" rel=\"3129ce226b3c6029fcb9ba523ae6fdeb\">\n                <img\n                    title=\"Lyhdyn_hedelmat_II\"\n                    alt=\"Lyhdyn_hedelmat_II\"\n                    src=\"http:\/\/www.riittakeurulainen.fi\/wp-content\/gallery\/2018\/cache\/Lyhdyn_hedelmat_II.jpg-nggid03249-ngg0dyn-200x200x100-00f0w010c011r110f110r010t010.jpg\"\n                    width=\"200\"\n                    height=\"200\"\n                    style=\"max-width:100%;\"\n                \/>\n            <\/a>\n        <\/div>\n\t\t\t\t\t\t\t<\/div> \n\t\t\t\n\t\t\t\t<div id=\"ngg-image-1\" class=\"ngg-gallery-thumbnail-box ngg-3-columns\" >\n\t\t\t\t        <div class=\"ngg-gallery-thumbnail\">\n            <a href=\"http:\/\/www.riittakeurulainen.fi\/wp-content\/gallery\/2018\/Lyhdyn_hedelmat_I.jpg\"\n               title=\"&lt;strong&gt;Lyhdyn hedelm\u00e4t I,&lt;\/strong&gt; 140 x 90 cm, \u00f6ljy ja kylm\u00e4vaha mdf-levylle, 2018, myyty\"\n               data-src=\"http:\/\/www.riittakeurulainen.fi\/wp-content\/gallery\/2018\/Lyhdyn_hedelmat_I.jpg\"\n               data-thumbnail=\"http:\/\/www.riittakeurulainen.fi\/wp-content\/gallery\/2018\/thumbs\/thumbs_Lyhdyn_hedelmat_I.jpg\"\n               data-image-id=\"248\"\n               data-title=\"Lyhdyn_hedelmat_I\"\n               data-description=\"&lt;strong&gt;Lyhdyn hedelm\u00e4t I,&lt;\/strong&gt; 140 x 90 cm, \u00f6ljy ja kylm\u00e4vaha mdf-levylle, 2018, myyty\"\n               data-image-slug=\"lyhdyn_hedelmat_i\"\n               class=\"ngg-fancybox\" rel=\"3129ce226b3c6029fcb9ba523ae6fdeb\">\n                <img\n                    title=\"Lyhdyn_hedelmat_I\"\n                    alt=\"Lyhdyn_hedelmat_I\"\n                    src=\"http:\/\/www.riittakeurulainen.fi\/wp-content\/gallery\/2018\/cache\/Lyhdyn_hedelmat_I.jpg-nggid03248-ngg0dyn-200x200x100-00f0w010c011r110f110r010t010.jpg\"\n                    width=\"200\"\n                    height=\"200\"\n                    style=\"max-width:100%;\"\n                \/>\n            <\/a>\n        <\/div>\n\t\t\t\t\t\t\t<\/div> \n\t\t\t\n\t\t\t\t<div id=\"ngg-image-2\" class=\"ngg-gallery-thumbnail-box ngg-3-columns\" >\n\t\t\t\t        <div class=\"ngg-gallery-thumbnail\">\n            <a href=\"http:\/\/www.riittakeurulainen.fi\/wp-content\/gallery\/2018\/Kedolla_III.jpg\"\n               title=\"&lt;strong&gt;Kedolla III,&lt;\/strong&gt; 70 x 95 cm, \u00f6ljy ja kylm\u00e4vaha mdf-levylle, 2018,  myyty\"\n               data-src=\"http:\/\/www.riittakeurulainen.fi\/wp-content\/gallery\/2018\/Kedolla_III.jpg\"\n               data-thumbnail=\"http:\/\/www.riittakeurulainen.fi\/wp-content\/gallery\/2018\/thumbs\/thumbs_Kedolla_III.jpg\"\n               data-image-id=\"247\"\n               data-title=\"Kedolla_III\"\n               data-description=\"&lt;strong&gt;Kedolla III,&lt;\/strong&gt; 70 x 95 cm, \u00f6ljy ja kylm\u00e4vaha mdf-levylle, 2018,  myyty\"\n               data-image-slug=\"kedolla_iii\"\n               class=\"ngg-fancybox\" rel=\"3129ce226b3c6029fcb9ba523ae6fdeb\">\n                <img\n                    title=\"Kedolla_III\"\n                    alt=\"Kedolla_III\"\n                    src=\"http:\/\/www.riittakeurulainen.fi\/wp-content\/gallery\/2018\/cache\/Kedolla_III.jpg-nggid03247-ngg0dyn-200x200x100-00f0w010c011r110f110r010t010.jpg\"\n                    width=\"200\"\n                    height=\"200\"\n                    style=\"max-width:100%;\"\n                \/>\n            <\/a>\n        <\/div>\n\t\t\t\t\t\t\t<\/div> \n\t\t\t\n\t\t\t\t<div id=\"ngg-image-3\" class=\"ngg-gallery-thumbnail-box ngg-3-columns\" >\n\t\t\t\t        <div class=\"ngg-gallery-thumbnail\">\n            <a href=\"http:\/\/www.riittakeurulainen.fi\/wp-content\/gallery\/2018\/Kedolla_II.jpg\"\n               title=\"&lt;strong&gt;Kedolla II,&lt;\/strong&gt; 70 x 95 cm, \u00f6ljy ja kylm\u00e4vaha mdf-levylle, 2018\"\n               data-src=\"http:\/\/www.riittakeurulainen.fi\/wp-content\/gallery\/2018\/Kedolla_II.jpg\"\n               data-thumbnail=\"http:\/\/www.riittakeurulainen.fi\/wp-content\/gallery\/2018\/thumbs\/thumbs_Kedolla_II.jpg\"\n               data-image-id=\"246\"\n               data-title=\"Kedolla_II\"\n               data-description=\"&lt;strong&gt;Kedolla II,&lt;\/strong&gt; 70 x 95 cm, \u00f6ljy ja kylm\u00e4vaha mdf-levylle, 2018\"\n               data-image-slug=\"kedolla_ii\"\n               class=\"ngg-fancybox\" rel=\"3129ce226b3c6029fcb9ba523ae6fdeb\">\n                <img\n                    title=\"Kedolla_II\"\n                    alt=\"Kedolla_II\"\n                    src=\"http:\/\/www.riittakeurulainen.fi\/wp-content\/gallery\/2018\/cache\/Kedolla_II.jpg-nggid03246-ngg0dyn-200x200x100-00f0w010c011r110f110r010t010.jpg\"\n                    width=\"200\"\n                    height=\"200\"\n                    style=\"max-width:100%;\"\n                \/>\n            <\/a>\n        <\/div>\n\t\t\t\t\t\t\t<\/div> \n\t\t\t\n\t\t\t\t<div id=\"ngg-image-4\" class=\"ngg-gallery-thumbnail-box ngg-3-columns\" >\n\t\t\t\t        <div class=\"ngg-gallery-thumbnail\">\n            <a href=\"http:\/\/www.riittakeurulainen.fi\/wp-content\/gallery\/2018\/Kedolla_I.jpg\"\n               title=\"&lt;strong&gt;Kedolla I,&lt;\/strong&gt; 70 x 85 cm, \u00f6ljy ja kylm\u00e4vaha mdf-levylle, 2018, myyty\"\n               data-src=\"http:\/\/www.riittakeurulainen.fi\/wp-content\/gallery\/2018\/Kedolla_I.jpg\"\n               data-thumbnail=\"http:\/\/www.riittakeurulainen.fi\/wp-content\/gallery\/2018\/thumbs\/thumbs_Kedolla_I.jpg\"\n               data-image-id=\"245\"\n               data-title=\"Kedolla_I\"\n               data-description=\"&lt;strong&gt;Kedolla I,&lt;\/strong&gt; 70 x 85 cm, \u00f6ljy ja kylm\u00e4vaha mdf-levylle, 2018, myyty\"\n               data-image-slug=\"kedolla_i\"\n               class=\"ngg-fancybox\" rel=\"3129ce226b3c6029fcb9ba523ae6fdeb\">\n                <img\n                    title=\"Kedolla_I\"\n                    alt=\"Kedolla_I\"\n                    src=\"http:\/\/www.riittakeurulainen.fi\/wp-content\/gallery\/2018\/cache\/Kedolla_I.jpg-nggid03245-ngg0dyn-200x200x100-00f0w010c011r110f110r010t010.jpg\"\n                    width=\"200\"\n                    height=\"200\"\n                    style=\"max-width:100%;\"\n                \/>\n            <\/a>\n        <\/div>\n\t\t\t\t\t\t\t<\/div> \n\t\t\t\n\t\t\t\t<div id=\"ngg-image-5\" class=\"ngg-gallery-thumbnail-box ngg-3-columns\" >\n\t\t\t\t        <div class=\"ngg-gallery-thumbnail\">\n            <a href=\"http:\/\/www.riittakeurulainen.fi\/wp-content\/gallery\/2018\/Hiljaiseloa_II.jpg\"\n               title=\"&lt;strong&gt;Hiljaiseloa II,&lt;\/strong&gt; 120 x 86 cm, \u00f6ljy ja kylm\u00e4vaha mdf-levylle, 2018, myyty\"\n               data-src=\"http:\/\/www.riittakeurulainen.fi\/wp-content\/gallery\/2018\/Hiljaiseloa_II.jpg\"\n               data-thumbnail=\"http:\/\/www.riittakeurulainen.fi\/wp-content\/gallery\/2018\/thumbs\/thumbs_Hiljaiseloa_II.jpg\"\n               data-image-id=\"244\"\n               data-title=\"Hiljaiseloa_II\"\n               data-description=\"&lt;strong&gt;Hiljaiseloa II,&lt;\/strong&gt; 120 x 86 cm, \u00f6ljy ja kylm\u00e4vaha mdf-levylle, 2018, myyty\"\n               data-image-slug=\"hiljaiseloa_ii\"\n               class=\"ngg-fancybox\" rel=\"3129ce226b3c6029fcb9ba523ae6fdeb\">\n                <img\n                    title=\"Hiljaiseloa_II\"\n                    alt=\"Hiljaiseloa_II\"\n                    src=\"http:\/\/www.riittakeurulainen.fi\/wp-content\/gallery\/2018\/cache\/Hiljaiseloa_II.jpg-nggid03244-ngg0dyn-200x200x100-00f0w010c011r110f110r010t010.jpg\"\n                    width=\"200\"\n                    height=\"200\"\n                    style=\"max-width:100%;\"\n                \/>\n            <\/a>\n        <\/div>\n\t\t\t\t\t\t\t<\/div> \n\t\t\t\n\t\t\t\t<div id=\"ngg-image-6\" class=\"ngg-gallery-thumbnail-box ngg-3-columns\" >\n\t\t\t\t        <div class=\"ngg-gallery-thumbnail\">\n            <a href=\"http:\/\/www.riittakeurulainen.fi\/wp-content\/gallery\/2018\/Hiljaiseloa_I.jpg\"\n               title=\"&lt;strong&gt;Hiljaiseloa I,&lt;\/strong&gt; 140 x 90 cm, \u00f6ljy ja kylm\u00e4vaha mdf-levylle, 2018, myyty\"\n               data-src=\"http:\/\/www.riittakeurulainen.fi\/wp-content\/gallery\/2018\/Hiljaiseloa_I.jpg\"\n               data-thumbnail=\"http:\/\/www.riittakeurulainen.fi\/wp-content\/gallery\/2018\/thumbs\/thumbs_Hiljaiseloa_I.jpg\"\n               data-image-id=\"243\"\n               data-title=\"Hiljaiseloa_I\"\n               data-description=\"&lt;strong&gt;Hiljaiseloa I,&lt;\/strong&gt; 140 x 90 cm, \u00f6ljy ja kylm\u00e4vaha mdf-levylle, 2018, myyty\"\n               data-image-slug=\"hiljaiseloa_i\"\n               class=\"ngg-fancybox\" rel=\"3129ce226b3c6029fcb9ba523ae6fdeb\">\n                <img\n                    title=\"Hiljaiseloa_I\"\n                    alt=\"Hiljaiseloa_I\"\n                    src=\"http:\/\/www.riittakeurulainen.fi\/wp-content\/gallery\/2018\/cache\/Hiljaiseloa_I.jpg-nggid03243-ngg0dyn-200x200x100-00f0w010c011r110f110r010t010.jpg\"\n                    width=\"200\"\n                    height=\"200\"\n                    style=\"max-width:100%;\"\n                \/>\n            <\/a>\n        <\/div>\n\t\t\t\t\t\t\t<\/div> \n\t\t\t\n\t\t\t\t<div id=\"ngg-image-7\" class=\"ngg-gallery-thumbnail-box ngg-3-columns\" >\n\t\t\t\t        <div class=\"ngg-gallery-thumbnail\">\n            <a href=\"http:\/\/www.riittakeurulainen.fi\/wp-content\/gallery\/2018\/Talven_jalkeen_VI.jpg\"\n               title=\"&lt;strong&gt;Talven j\u00e4lkeen VI,&lt;\/strong&gt; 35 x 43 cm, \u00f6ljy ja kylm\u00e4vaha mdf-levylle, 2018, myyty\"\n               data-src=\"http:\/\/www.riittakeurulainen.fi\/wp-content\/gallery\/2018\/Talven_jalkeen_VI.jpg\"\n               data-thumbnail=\"http:\/\/www.riittakeurulainen.fi\/wp-content\/gallery\/2018\/thumbs\/thumbs_Talven_jalkeen_VI.jpg\"\n               data-image-id=\"227\"\n               data-title=\"Talven_jalkeen_VI\"\n               data-description=\"&lt;strong&gt;Talven j\u00e4lkeen VI,&lt;\/strong&gt; 35 x 43 cm, \u00f6ljy ja kylm\u00e4vaha mdf-levylle, 2018, myyty\"\n               data-image-slug=\"talven_jalkeen_vi\"\n               class=\"ngg-fancybox\" rel=\"3129ce226b3c6029fcb9ba523ae6fdeb\">\n                <img\n                    title=\"Talven_jalkeen_VI\"\n                    alt=\"Talven_jalkeen_VI\"\n                    src=\"http:\/\/www.riittakeurulainen.fi\/wp-content\/gallery\/2018\/cache\/Talven_jalkeen_VI.jpg-nggid03227-ngg0dyn-200x200x100-00f0w010c011r110f110r010t010.jpg\"\n                    width=\"200\"\n                    height=\"200\"\n                    style=\"max-width:100%;\"\n                \/>\n            <\/a>\n        <\/div>\n\t\t\t\t\t\t\t<\/div> \n\t\t\t\n\t\t\t\t<div id=\"ngg-image-8\" class=\"ngg-gallery-thumbnail-box ngg-3-columns\" >\n\t\t\t\t        <div class=\"ngg-gallery-thumbnail\">\n            <a href=\"http:\/\/www.riittakeurulainen.fi\/wp-content\/gallery\/2018\/Talven_jalkeen_VIII.jpg\"\n               title=\"&lt;strong&gt;Talven j\u00e4lkeen VIII,&lt;\/strong&gt; 35 x 43 cm, \u00f6ljy ja kylm\u00e4vaha mdf-levylle, 2018, myyty\"\n               data-src=\"http:\/\/www.riittakeurulainen.fi\/wp-content\/gallery\/2018\/Talven_jalkeen_VIII.jpg\"\n               data-thumbnail=\"http:\/\/www.riittakeurulainen.fi\/wp-content\/gallery\/2018\/thumbs\/thumbs_Talven_jalkeen_VIII.jpg\"\n               data-image-id=\"226\"\n               data-title=\"Talven_jalkeen_VIII\"\n               data-description=\"&lt;strong&gt;Talven j\u00e4lkeen VIII,&lt;\/strong&gt; 35 x 43 cm, \u00f6ljy ja kylm\u00e4vaha mdf-levylle, 2018, myyty\"\n               data-image-slug=\"talven_jalkeen_viii\"\n               class=\"ngg-fancybox\" rel=\"3129ce226b3c6029fcb9ba523ae6fdeb\">\n                <img\n                    title=\"Talven_jalkeen_VIII\"\n                    alt=\"Talven_jalkeen_VIII\"\n                    src=\"http:\/\/www.riittakeurulainen.fi\/wp-content\/gallery\/2018\/cache\/Talven_jalkeen_VIII.jpg-nggid03226-ngg0dyn-200x200x100-00f0w010c011r110f110r010t010.jpg\"\n                    width=\"200\"\n                    height=\"200\"\n                    style=\"max-width:100%;\"\n                \/>\n            <\/a>\n        <\/div>\n\t\t\t\t\t\t\t<\/div> \n\t\t\t\n\t\t\t\t<div id=\"ngg-image-9\" class=\"ngg-gallery-thumbnail-box ngg-3-columns\" >\n\t\t\t\t        <div class=\"ngg-gallery-thumbnail\">\n            <a href=\"http:\/\/www.riittakeurulainen.fi\/wp-content\/gallery\/2018\/Talven_jalkeen_VII.jpg\"\n               title=\"&lt;strong&gt;Talven j\u00e4lkeen VII,&lt;\/strong&gt; 35 x 43 cm, \u00f6ljy ja kylm\u00e4vaha mdf-levylle, 2018, myyty\"\n               data-src=\"http:\/\/www.riittakeurulainen.fi\/wp-content\/gallery\/2018\/Talven_jalkeen_VII.jpg\"\n               data-thumbnail=\"http:\/\/www.riittakeurulainen.fi\/wp-content\/gallery\/2018\/thumbs\/thumbs_Talven_jalkeen_VII.jpg\"\n               data-image-id=\"225\"\n               data-title=\"Talven_jalkeen_VII\"\n               data-description=\"&lt;strong&gt;Talven j\u00e4lkeen VII,&lt;\/strong&gt; 35 x 43 cm, \u00f6ljy ja kylm\u00e4vaha mdf-levylle, 2018, myyty\"\n               data-image-slug=\"talven_jalkeen_vii\"\n               class=\"ngg-fancybox\" rel=\"3129ce226b3c6029fcb9ba523ae6fdeb\">\n                <img\n                    title=\"Talven_jalkeen_VII\"\n                    alt=\"Talven_jalkeen_VII\"\n                    src=\"http:\/\/www.riittakeurulainen.fi\/wp-content\/gallery\/2018\/cache\/Talven_jalkeen_VII.jpg-nggid03225-ngg0dyn-200x200x100-00f0w010c011r110f110r010t010.jpg\"\n                    width=\"200\"\n                    height=\"200\"\n                    style=\"max-width:100%;\"\n                \/>\n            <\/a>\n        <\/div>\n\t\t\t\t\t\t\t<\/div> \n\t\t\t\n\t\t\t\t<div id=\"ngg-image-10\" class=\"ngg-gallery-thumbnail-box ngg-3-columns\" >\n\t\t\t\t        <div class=\"ngg-gallery-thumbnail\">\n            <a href=\"http:\/\/www.riittakeurulainen.fi\/wp-content\/gallery\/2018\/Talven_jalkeen_V.jpg\"\n               title=\"&lt;strong&gt;Talven j\u00e4lkeen V,&lt;\/strong&gt; 35 x 43 cm, \u00f6ljy ja kylm\u00e4vaha mdf-levylle, 2018, myyty\"\n               data-src=\"http:\/\/www.riittakeurulainen.fi\/wp-content\/gallery\/2018\/Talven_jalkeen_V.jpg\"\n               data-thumbnail=\"http:\/\/www.riittakeurulainen.fi\/wp-content\/gallery\/2018\/thumbs\/thumbs_Talven_jalkeen_V.jpg\"\n               data-image-id=\"224\"\n               data-title=\"Talven jalkeen V\"\n               data-description=\"&lt;strong&gt;Talven j\u00e4lkeen V,&lt;\/strong&gt; 35 x 43 cm, \u00f6ljy ja kylm\u00e4vaha mdf-levylle, 2018, myyty\"\n               data-image-slug=\"talven_jalkeen_v\"\n               class=\"ngg-fancybox\" rel=\"3129ce226b3c6029fcb9ba523ae6fdeb\">\n                <img\n                    title=\"Talven jalkeen V\"\n                    alt=\"Talven jalkeen V\"\n                    src=\"http:\/\/www.riittakeurulainen.fi\/wp-content\/gallery\/2018\/cache\/Talven_jalkeen_V.jpg-nggid03224-ngg0dyn-200x200x100-00f0w010c011r110f110r010t010.jpg\"\n                    width=\"200\"\n                    height=\"200\"\n                    style=\"max-width:100%;\"\n                \/>\n            <\/a>\n        <\/div>\n\t\t\t\t\t\t\t<\/div> \n\t\t\t\n\t\t\t\t<div id=\"ngg-image-11\" class=\"ngg-gallery-thumbnail-box ngg-3-columns\" >\n\t\t\t\t        <div class=\"ngg-gallery-thumbnail\">\n            <a href=\"http:\/\/www.riittakeurulainen.fi\/wp-content\/gallery\/2018\/Talven_jalkeen_IX.jpg\"\n               title=\"&lt;strong&gt;Talven j\u00e4lkeen IX,&lt;\/strong&gt; 35 x 43 cm, \u00f6ljy ja kylm\u00e4vaha mdf-levylle, 2018, myyty\"\n               data-src=\"http:\/\/www.riittakeurulainen.fi\/wp-content\/gallery\/2018\/Talven_jalkeen_IX.jpg\"\n               data-thumbnail=\"http:\/\/www.riittakeurulainen.fi\/wp-content\/gallery\/2018\/thumbs\/thumbs_Talven_jalkeen_IX.jpg\"\n               data-image-id=\"223\"\n               data-title=\"Talven_jalkeen_IX\"\n               data-description=\"&lt;strong&gt;Talven j\u00e4lkeen IX,&lt;\/strong&gt; 35 x 43 cm, \u00f6ljy ja kylm\u00e4vaha mdf-levylle, 2018, myyty\"\n               data-image-slug=\"talven_jalkeen_ix\"\n               class=\"ngg-fancybox\" rel=\"3129ce226b3c6029fcb9ba523ae6fdeb\">\n                <img\n                    title=\"Talven_jalkeen_IX\"\n                    alt=\"Talven_jalkeen_IX\"\n                    src=\"http:\/\/www.riittakeurulainen.fi\/wp-content\/gallery\/2018\/cache\/Talven_jalkeen_IX.jpg-nggid03223-ngg0dyn-200x200x100-00f0w010c011r110f110r010t010.jpg\"\n                    width=\"200\"\n                    height=\"200\"\n                    style=\"max-width:100%;\"\n                \/>\n            <\/a>\n        <\/div>\n\t\t\t\t\t\t\t<\/div> \n\t\t\t\n\t\t\t\t<div id=\"ngg-image-12\" class=\"ngg-gallery-thumbnail-box ngg-3-columns\" >\n\t\t\t\t        <div class=\"ngg-gallery-thumbnail\">\n            <a href=\"http:\/\/www.riittakeurulainen.fi\/wp-content\/gallery\/2018\/Talven_jalkeen_IV.jpg\"\n               title=\"&lt;strong&gt;Talven j\u00e4lkeen IV,&lt;\/strong&gt; 35 x 43 cm, \u00f6ljy ja kylm\u00e4vaha mdf-levylle, 2018, myyty\"\n               data-src=\"http:\/\/www.riittakeurulainen.fi\/wp-content\/gallery\/2018\/Talven_jalkeen_IV.jpg\"\n               data-thumbnail=\"http:\/\/www.riittakeurulainen.fi\/wp-content\/gallery\/2018\/thumbs\/thumbs_Talven_jalkeen_IV.jpg\"\n               data-image-id=\"222\"\n               data-title=\"Talven_jalkeen_IV\"\n               data-description=\"&lt;strong&gt;Talven j\u00e4lkeen IV,&lt;\/strong&gt; 35 x 43 cm, \u00f6ljy ja kylm\u00e4vaha mdf-levylle, 2018, myyty\"\n               data-image-slug=\"talven_jalkeen_iv\"\n               class=\"ngg-fancybox\" rel=\"3129ce226b3c6029fcb9ba523ae6fdeb\">\n                <img\n                    title=\"Talven_jalkeen_IV\"\n                    alt=\"Talven_jalkeen_IV\"\n                    src=\"http:\/\/www.riittakeurulainen.fi\/wp-content\/gallery\/2018\/cache\/Talven_jalkeen_IV.jpg-nggid03222-ngg0dyn-200x200x100-00f0w010c011r110f110r010t010.jpg\"\n                    width=\"200\"\n                    height=\"200\"\n                    style=\"max-width:100%;\"\n                \/>\n            <\/a>\n        <\/div>\n\t\t\t\t\t\t\t<\/div> \n\t\t\t\n\t\t\t\t<div id=\"ngg-image-13\" class=\"ngg-gallery-thumbnail-box ngg-3-columns\" >\n\t\t\t\t        <div class=\"ngg-gallery-thumbnail\">\n            <a href=\"http:\/\/www.riittakeurulainen.fi\/wp-content\/gallery\/2018\/Talven_jalkeen_III.jpg\"\n               title=\"&lt;strong&gt;Talven j\u00e4lkeen III,&lt;\/strong&gt; 70 x 85 cm, \u00f6ljy ja kylm\u00e4vaha mdf-levylle, 2018, myyty\"\n               data-src=\"http:\/\/www.riittakeurulainen.fi\/wp-content\/gallery\/2018\/Talven_jalkeen_III.jpg\"\n               data-thumbnail=\"http:\/\/www.riittakeurulainen.fi\/wp-content\/gallery\/2018\/thumbs\/thumbs_Talven_jalkeen_III.jpg\"\n               data-image-id=\"221\"\n               data-title=\"Talven_jalkeen_III\"\n               data-description=\"&lt;strong&gt;Talven j\u00e4lkeen III,&lt;\/strong&gt; 70 x 85 cm, \u00f6ljy ja kylm\u00e4vaha mdf-levylle, 2018, myyty\"\n               data-image-slug=\"talven_jalkeen_iii\"\n               class=\"ngg-fancybox\" rel=\"3129ce226b3c6029fcb9ba523ae6fdeb\">\n                <img\n                    title=\"Talven_jalkeen_III\"\n                    alt=\"Talven_jalkeen_III\"\n                    src=\"http:\/\/www.riittakeurulainen.fi\/wp-content\/gallery\/2018\/cache\/Talven_jalkeen_III.jpg-nggid03221-ngg0dyn-200x200x100-00f0w010c011r110f110r010t010.jpg\"\n                    width=\"200\"\n                    height=\"200\"\n                    style=\"max-width:100%;\"\n                \/>\n            <\/a>\n        <\/div>\n\t\t\t\t\t\t\t<\/div> \n\t\t\t\n\t\t\t\t<div id=\"ngg-image-14\" class=\"ngg-gallery-thumbnail-box ngg-3-columns\" >\n\t\t\t\t        <div class=\"ngg-gallery-thumbnail\">\n            <a href=\"http:\/\/www.riittakeurulainen.fi\/wp-content\/gallery\/2018\/Talven_jalkeen_II.jpg\"\n               title=\"&lt;strong&gt;Talven j\u00e4lkeen II,&lt;\/strong&gt; 140 x 100 cm, \u00f6ljy ja kylm\u00e4vaha mdf-levylle, 2018, myyty\"\n               data-src=\"http:\/\/www.riittakeurulainen.fi\/wp-content\/gallery\/2018\/Talven_jalkeen_II.jpg\"\n               data-thumbnail=\"http:\/\/www.riittakeurulainen.fi\/wp-content\/gallery\/2018\/thumbs\/thumbs_Talven_jalkeen_II.jpg\"\n               data-image-id=\"220\"\n               data-title=\"Talven_jalkeen_II\"\n               data-description=\"&lt;strong&gt;Talven j\u00e4lkeen II,&lt;\/strong&gt; 140 x 100 cm, \u00f6ljy ja kylm\u00e4vaha mdf-levylle, 2018, myyty\"\n               data-image-slug=\"talven_jalkeen_ii\"\n               class=\"ngg-fancybox\" rel=\"3129ce226b3c6029fcb9ba523ae6fdeb\">\n                <img\n                    title=\"Talven_jalkeen_II\"\n                    alt=\"Talven_jalkeen_II\"\n                    src=\"http:\/\/www.riittakeurulainen.fi\/wp-content\/gallery\/2018\/cache\/Talven_jalkeen_II.jpg-nggid03220-ngg0dyn-200x200x100-00f0w010c011r110f110r010t010.jpg\"\n                    width=\"200\"\n                    height=\"200\"\n                    style=\"max-width:100%;\"\n                \/>\n            <\/a>\n        <\/div>\n\t\t\t\t\t\t\t<\/div> \n\t\t\t\n\t\t\t\t<div id=\"ngg-image-15\" class=\"ngg-gallery-thumbnail-box ngg-3-columns\" >\n\t\t\t\t        <div class=\"ngg-gallery-thumbnail\">\n            <a href=\"http:\/\/www.riittakeurulainen.fi\/wp-content\/gallery\/2018\/Talven_jalkeen_I.jpg\"\n               title=\"&lt;strong&gt;Talven j\u00e4lkeen I,&lt;\/strong&gt; 140 x 100 cm, \u00f6ljy ja kylm\u00e4vaha mdf-levylle, 2018, myyty\"\n               data-src=\"http:\/\/www.riittakeurulainen.fi\/wp-content\/gallery\/2018\/Talven_jalkeen_I.jpg\"\n               data-thumbnail=\"http:\/\/www.riittakeurulainen.fi\/wp-content\/gallery\/2018\/thumbs\/thumbs_Talven_jalkeen_I.jpg\"\n               data-image-id=\"219\"\n               data-title=\"Talven_jalkeen_I\"\n               data-description=\"&lt;strong&gt;Talven j\u00e4lkeen I,&lt;\/strong&gt; 140 x 100 cm, \u00f6ljy ja kylm\u00e4vaha mdf-levylle, 2018, myyty\"\n               data-image-slug=\"talven_jalkeen_i\"\n               class=\"ngg-fancybox\" rel=\"3129ce226b3c6029fcb9ba523ae6fdeb\">\n                <img\n                    title=\"Talven_jalkeen_I\"\n                    alt=\"Talven_jalkeen_I\"\n                    src=\"http:\/\/www.riittakeurulainen.fi\/wp-content\/gallery\/2018\/cache\/Talven_jalkeen_I.jpg-nggid03219-ngg0dyn-200x200x100-00f0w010c011r110f110r010t010.jpg\"\n                    width=\"200\"\n                    height=\"200\"\n                    style=\"max-width:100%;\"\n                \/>\n            <\/a>\n        <\/div>\n\t\t\t\t\t\t\t<\/div> \n\t\t\t\n\t\t\t\t<div id=\"ngg-image-16\" class=\"ngg-gallery-thumbnail-box ngg-3-columns\" >\n\t\t\t\t        <div class=\"ngg-gallery-thumbnail\">\n            <a href=\"http:\/\/www.riittakeurulainen.fi\/wp-content\/gallery\/2018\/Maaliskuu.jpg\"\n               title=\"&lt;strong&gt;Maaliskuu,&lt;\/strong&gt; 70 x 85 cm, \u00f6ljy ja kylm\u00e4vaha mdf-levylle, 2018, myyty\"\n               data-src=\"http:\/\/www.riittakeurulainen.fi\/wp-content\/gallery\/2018\/Maaliskuu.jpg\"\n               data-thumbnail=\"http:\/\/www.riittakeurulainen.fi\/wp-content\/gallery\/2018\/thumbs\/thumbs_Maaliskuu.jpg\"\n               data-image-id=\"218\"\n               data-title=\"Maaliskuu\"\n               data-description=\"&lt;strong&gt;Maaliskuu,&lt;\/strong&gt; 70 x 85 cm, \u00f6ljy ja kylm\u00e4vaha mdf-levylle, 2018, myyty\"\n               data-image-slug=\"maaliskuu\"\n               class=\"ngg-fancybox\" rel=\"3129ce226b3c6029fcb9ba523ae6fdeb\">\n                <img\n                    title=\"Maaliskuu\"\n                    alt=\"Maaliskuu\"\n                    src=\"http:\/\/www.riittakeurulainen.fi\/wp-content\/gallery\/2018\/cache\/Maaliskuu.jpg-nggid03218-ngg0dyn-200x200x100-00f0w010c011r110f110r010t010.jpg\"\n                    width=\"200\"\n                    height=\"200\"\n                    style=\"max-width:100%;\"\n                \/>\n            <\/a>\n        <\/div>\n\t\t\t\t\t\t\t<\/div> \n\t\t\t\n\t\t\t\t<div id=\"ngg-image-17\" class=\"ngg-gallery-thumbnail-box ngg-3-columns\" >\n\t\t\t\t        <div class=\"ngg-gallery-thumbnail\">\n            <a href=\"http:\/\/www.riittakeurulainen.fi\/wp-content\/gallery\/2018\/Lumen_alta.jpg\"\n               title=\"&lt;strong&gt;Lumen alta,&lt;\/strong&gt; 70 x 85 cm, \u00f6ljy ja kylm\u00e4vaha mdf-levylle, 2017\"\n               data-src=\"http:\/\/www.riittakeurulainen.fi\/wp-content\/gallery\/2018\/Lumen_alta.jpg\"\n               data-thumbnail=\"http:\/\/www.riittakeurulainen.fi\/wp-content\/gallery\/2018\/thumbs\/thumbs_Lumen_alta.jpg\"\n               data-image-id=\"217\"\n               data-title=\"Lumen_alta\"\n               data-description=\"&lt;strong&gt;Lumen alta,&lt;\/strong&gt; 70 x 85 cm, \u00f6ljy ja kylm\u00e4vaha mdf-levylle, 2017\"\n               data-image-slug=\"lumen_alta\"\n               class=\"ngg-fancybox\" rel=\"3129ce226b3c6029fcb9ba523ae6fdeb\">\n                <img\n                    title=\"Lumen_alta\"\n                    alt=\"Lumen_alta\"\n                    src=\"http:\/\/www.riittakeurulainen.fi\/wp-content\/gallery\/2018\/cache\/Lumen_alta.jpg-nggid03217-ngg0dyn-200x200x100-00f0w010c011r110f110r010t010.jpg\"\n                    width=\"200\"\n                    height=\"200\"\n                    style=\"max-width:100%;\"\n                \/>\n            <\/a>\n        <\/div>\n\t\t\t\t\t\t\t<\/div> \n\t\t\t\n\t\t\t\t<div id=\"ngg-image-18\" class=\"ngg-gallery-thumbnail-box ngg-3-columns\" >\n\t\t\t\t        <div class=\"ngg-gallery-thumbnail\">\n            <a href=\"http:\/\/www.riittakeurulainen.fi\/wp-content\/gallery\/2018\/Huhtikuu.jpg\"\n               title=\"&lt;strong&gt;Huhtikuu,&lt;\/strong&gt; 140 x 60 cm, \u00f6ljy ja kylm\u00e4vaha mdf-levylle, 2018, myyty\"\n               data-src=\"http:\/\/www.riittakeurulainen.fi\/wp-content\/gallery\/2018\/Huhtikuu.jpg\"\n               data-thumbnail=\"http:\/\/www.riittakeurulainen.fi\/wp-content\/gallery\/2018\/thumbs\/thumbs_Huhtikuu.jpg\"\n               data-image-id=\"216\"\n               data-title=\"Huhtikuu\"\n               data-description=\"&lt;strong&gt;Huhtikuu,&lt;\/strong&gt; 140 x 60 cm, \u00f6ljy ja kylm\u00e4vaha mdf-levylle, 2018, myyty\"\n               data-image-slug=\"huhtikuu\"\n               class=\"ngg-fancybox\" rel=\"3129ce226b3c6029fcb9ba523ae6fdeb\">\n                <img\n                    title=\"Huhtikuu\"\n                    alt=\"Huhtikuu\"\n                    src=\"http:\/\/www.riittakeurulainen.fi\/wp-content\/gallery\/2018\/cache\/Huhtikuu.jpg-nggid03216-ngg0dyn-200x200x100-00f0w010c011r110f110r010t010.jpg\"\n                    width=\"200\"\n                    height=\"200\"\n                    style=\"max-width:100%;\"\n                \/>\n            <\/a>\n        <\/div>\n\t\t\t\t\t\t\t<\/div> \n\t\t\t\n\t\n\t<br style=\"clear: both\" \/>\n\n\t\n\t\t<!-- Pagination -->\n\t<div class='ngg-clear'><\/div>\t<\/div>\n\n<p><strong>2017 teokset<\/strong><\/p>\n<!-- default-view.php -->\n<div\n\tclass=\"ngg-galleryoverview default-view  ngg-ajax-pagination-none\"\n\tid=\"ngg-gallery-4a743f104e619384c9d6655e56b78bd6-1\">\n\n\t\t<!-- Thumbnails -->\n\t\t\t\t<div id=\"ngg-image-0\" class=\"ngg-gallery-thumbnail-box ngg-3-columns\" >\n\t\t\t\t        <div class=\"ngg-gallery-thumbnail\">\n            <a href=\"http:\/\/www.riittakeurulainen.fi\/wp-content\/gallery\/2017\/Kasvun_jalkeen%20IX.jpg\"\n               title=\"&lt;strong&gt;Kasvun jalkeen IX,&lt;\/strong&gt; 25 x 30 cm, \u00f6ljy ja kylm\u00e4vaha mdf-levylle, 2017, myyty\"\n               data-src=\"http:\/\/www.riittakeurulainen.fi\/wp-content\/gallery\/2017\/Kasvun_jalkeen%20IX.jpg\"\n               data-thumbnail=\"http:\/\/www.riittakeurulainen.fi\/wp-content\/gallery\/2017\/thumbs\/thumbs_Kasvun_jalkeen%20IX.jpg\"\n               data-image-id=\"242\"\n               data-title=\"Kasvun jalkeen IX\"\n               data-description=\"&lt;strong&gt;Kasvun jalkeen IX,&lt;\/strong&gt; 25 x 30 cm, \u00f6ljy ja kylm\u00e4vaha mdf-levylle, 2017, myyty\"\n               data-image-slug=\"kasvun_jalkeen-ix\"\n               class=\"ngg-fancybox\" rel=\"4a743f104e619384c9d6655e56b78bd6\">\n                <img\n                    title=\"Kasvun jalkeen IX\"\n                    alt=\"Kasvun jalkeen IX\"\n                    src=\"http:\/\/www.riittakeurulainen.fi\/wp-content\/gallery\/2017\/cache\/Kasvun_jalkeen%20IX.jpg-nggid03242-ngg0dyn-200x200x100-00f0w010c011r110f110r010t010.jpg\"\n                    width=\"200\"\n                    height=\"200\"\n                    style=\"max-width:100%;\"\n                \/>\n            <\/a>\n        <\/div>\n\t\t\t\t\t\t\t<\/div> \n\t\t\t\n\t\t\t\t<div id=\"ngg-image-1\" class=\"ngg-gallery-thumbnail-box ngg-3-columns\" >\n\t\t\t\t        <div class=\"ngg-gallery-thumbnail\">\n            <a href=\"http:\/\/www.riittakeurulainen.fi\/wp-content\/gallery\/2017\/Kasvun_jalkeen_XIV.jpg\"\n               title=\"&lt;strong&gt;Kasvun jalkeen XIV,&lt;\/strong&gt; 25 x 30 cm, \u00f6ljy ja kylm\u00e4vaha mdf-levylle, 2017, myyty\"\n               data-src=\"http:\/\/www.riittakeurulainen.fi\/wp-content\/gallery\/2017\/Kasvun_jalkeen_XIV.jpg\"\n               data-thumbnail=\"http:\/\/www.riittakeurulainen.fi\/wp-content\/gallery\/2017\/thumbs\/thumbs_Kasvun_jalkeen_XIV.jpg\"\n               data-image-id=\"240\"\n               data-title=\"Kasvun jalkeen_XIV\"\n               data-description=\"&lt;strong&gt;Kasvun jalkeen XIV,&lt;\/strong&gt; 25 x 30 cm, \u00f6ljy ja kylm\u00e4vaha mdf-levylle, 2017, myyty\"\n               data-image-slug=\"kasvun_jalkeen_xiv\"\n               class=\"ngg-fancybox\" rel=\"4a743f104e619384c9d6655e56b78bd6\">\n                <img\n                    title=\"Kasvun jalkeen_XIV\"\n                    alt=\"Kasvun jalkeen_XIV\"\n                    src=\"http:\/\/www.riittakeurulainen.fi\/wp-content\/gallery\/2017\/cache\/Kasvun_jalkeen_XIV.jpg-nggid03240-ngg0dyn-200x200x100-00f0w010c011r110f110r010t010.jpg\"\n                    width=\"200\"\n                    height=\"200\"\n                    style=\"max-width:100%;\"\n                \/>\n            <\/a>\n        <\/div>\n\t\t\t\t\t\t\t<\/div> \n\t\t\t\n\t\t\t\t<div id=\"ngg-image-2\" class=\"ngg-gallery-thumbnail-box ngg-3-columns\" >\n\t\t\t\t        <div class=\"ngg-gallery-thumbnail\">\n            <a href=\"http:\/\/www.riittakeurulainen.fi\/wp-content\/gallery\/2017\/Kasvun_jalkeen_XIII.jpg\"\n               title=\"&lt;strong&gt;Kasvun jalkeen XIII,&lt;\/strong&gt; 25 x 30 cm, \u00f6ljy ja kylm\u00e4vaha mdf-levylle, 2017\"\n               data-src=\"http:\/\/www.riittakeurulainen.fi\/wp-content\/gallery\/2017\/Kasvun_jalkeen_XIII.jpg\"\n               data-thumbnail=\"http:\/\/www.riittakeurulainen.fi\/wp-content\/gallery\/2017\/thumbs\/thumbs_Kasvun_jalkeen_XIII.jpg\"\n               data-image-id=\"239\"\n               data-title=\"Kasvun jalkeen_XIII\"\n               data-description=\"&lt;strong&gt;Kasvun jalkeen XIII,&lt;\/strong&gt; 25 x 30 cm, \u00f6ljy ja kylm\u00e4vaha mdf-levylle, 2017\"\n               data-image-slug=\"kasvun_jalkeen_xiii\"\n               class=\"ngg-fancybox\" rel=\"4a743f104e619384c9d6655e56b78bd6\">\n                <img\n                    title=\"Kasvun jalkeen_XIII\"\n                    alt=\"Kasvun jalkeen_XIII\"\n                    src=\"http:\/\/www.riittakeurulainen.fi\/wp-content\/gallery\/2017\/cache\/Kasvun_jalkeen_XIII.jpg-nggid03239-ngg0dyn-200x200x100-00f0w010c011r110f110r010t010.jpg\"\n                    width=\"200\"\n                    height=\"200\"\n                    style=\"max-width:100%;\"\n                \/>\n            <\/a>\n        <\/div>\n\t\t\t\t\t\t\t<\/div> \n\t\t\t\n\t\t\t\t<div id=\"ngg-image-3\" class=\"ngg-gallery-thumbnail-box ngg-3-columns\" >\n\t\t\t\t        <div class=\"ngg-gallery-thumbnail\">\n            <a href=\"http:\/\/www.riittakeurulainen.fi\/wp-content\/gallery\/2017\/Kasvun_jalkeen%20XV.jpg\"\n               title=\"&lt;strong&gt;Kasvun jalkeen XV,&lt;\/strong&gt; 25 x 30 cm, \u00f6ljy ja kylm\u00e4vaha mdf-levylle, 2017, myyty\"\n               data-src=\"http:\/\/www.riittakeurulainen.fi\/wp-content\/gallery\/2017\/Kasvun_jalkeen%20XV.jpg\"\n               data-thumbnail=\"http:\/\/www.riittakeurulainen.fi\/wp-content\/gallery\/2017\/thumbs\/thumbs_Kasvun_jalkeen%20XV.jpg\"\n               data-image-id=\"238\"\n               data-title=\"Kasvun jalkeen XV\"\n               data-description=\"&lt;strong&gt;Kasvun jalkeen XV,&lt;\/strong&gt; 25 x 30 cm, \u00f6ljy ja kylm\u00e4vaha mdf-levylle, 2017, myyty\"\n               data-image-slug=\"kasvun_jalkeen-xv\"\n               class=\"ngg-fancybox\" rel=\"4a743f104e619384c9d6655e56b78bd6\">\n                <img\n                    title=\"Kasvun jalkeen XV\"\n                    alt=\"Kasvun jalkeen XV\"\n                    src=\"http:\/\/www.riittakeurulainen.fi\/wp-content\/gallery\/2017\/cache\/Kasvun_jalkeen%20XV.jpg-nggid03238-ngg0dyn-200x200x100-00f0w010c011r110f110r010t010.jpg\"\n                    width=\"200\"\n                    height=\"200\"\n                    style=\"max-width:100%;\"\n                \/>\n            <\/a>\n        <\/div>\n\t\t\t\t\t\t\t<\/div> \n\t\t\t\n\t\t\t\t<div id=\"ngg-image-4\" class=\"ngg-gallery-thumbnail-box ngg-3-columns\" >\n\t\t\t\t        <div class=\"ngg-gallery-thumbnail\">\n            <a href=\"http:\/\/www.riittakeurulainen.fi\/wp-content\/gallery\/2017\/Kasvun_jalkeen%20XII.jpg\"\n               title=\"&lt;strong&gt;Kasvun jalkeen XII,&lt;\/strong&gt; 25 x 30 cm, \u00f6ljy ja kylm\u00e4vaha mdf-levylle, 2017, myyty\"\n               data-src=\"http:\/\/www.riittakeurulainen.fi\/wp-content\/gallery\/2017\/Kasvun_jalkeen%20XII.jpg\"\n               data-thumbnail=\"http:\/\/www.riittakeurulainen.fi\/wp-content\/gallery\/2017\/thumbs\/thumbs_Kasvun_jalkeen%20XII.jpg\"\n               data-image-id=\"237\"\n               data-title=\"Kasvun jalkeen XII\"\n               data-description=\"&lt;strong&gt;Kasvun jalkeen XII,&lt;\/strong&gt; 25 x 30 cm, \u00f6ljy ja kylm\u00e4vaha mdf-levylle, 2017, myyty\"\n               data-image-slug=\"kasvun_jalkeen-xii\"\n               class=\"ngg-fancybox\" rel=\"4a743f104e619384c9d6655e56b78bd6\">\n                <img\n                    title=\"Kasvun jalkeen XII\"\n                    alt=\"Kasvun jalkeen XII\"\n                    src=\"http:\/\/www.riittakeurulainen.fi\/wp-content\/gallery\/2017\/cache\/Kasvun_jalkeen%20XII.jpg-nggid03237-ngg0dyn-200x200x100-00f0w010c011r110f110r010t010.jpg\"\n                    width=\"200\"\n                    height=\"200\"\n                    style=\"max-width:100%;\"\n                \/>\n            <\/a>\n        <\/div>\n\t\t\t\t\t\t\t<\/div> \n\t\t\t\n\t\t\t\t<div id=\"ngg-image-5\" class=\"ngg-gallery-thumbnail-box ngg-3-columns\" >\n\t\t\t\t        <div class=\"ngg-gallery-thumbnail\">\n            <a href=\"http:\/\/www.riittakeurulainen.fi\/wp-content\/gallery\/2017\/Kasvun_jalkeen%20XI.jpg\"\n               title=\"&lt;strong&gt;Kasvun jalkeen XI,&lt;\/strong&gt; 25 x 30 cm, \u00f6ljy ja kylm\u00e4vaha mdf-levylle, 2017, myyty\"\n               data-src=\"http:\/\/www.riittakeurulainen.fi\/wp-content\/gallery\/2017\/Kasvun_jalkeen%20XI.jpg\"\n               data-thumbnail=\"http:\/\/www.riittakeurulainen.fi\/wp-content\/gallery\/2017\/thumbs\/thumbs_Kasvun_jalkeen%20XI.jpg\"\n               data-image-id=\"236\"\n               data-title=\"Kasvun jalkeen XI\"\n               data-description=\"&lt;strong&gt;Kasvun jalkeen XI,&lt;\/strong&gt; 25 x 30 cm, \u00f6ljy ja kylm\u00e4vaha mdf-levylle, 2017, myyty\"\n               data-image-slug=\"kasvun_jalkeen-xi\"\n               class=\"ngg-fancybox\" rel=\"4a743f104e619384c9d6655e56b78bd6\">\n                <img\n                    title=\"Kasvun jalkeen XI\"\n                    alt=\"Kasvun jalkeen XI\"\n                    src=\"http:\/\/www.riittakeurulainen.fi\/wp-content\/gallery\/2017\/cache\/Kasvun_jalkeen%20XI.jpg-nggid03236-ngg0dyn-200x200x100-00f0w010c011r110f110r010t010.jpg\"\n                    width=\"200\"\n                    height=\"200\"\n                    style=\"max-width:100%;\"\n                \/>\n            <\/a>\n        <\/div>\n\t\t\t\t\t\t\t<\/div> \n\t\t\t\n\t\t\t\t<div id=\"ngg-image-6\" class=\"ngg-gallery-thumbnail-box ngg-3-columns\" >\n\t\t\t\t        <div class=\"ngg-gallery-thumbnail\">\n            <a href=\"http:\/\/www.riittakeurulainen.fi\/wp-content\/gallery\/2017\/Kasvun_jalkeen%20X.jpg\"\n               title=\"&lt;strong&gt;Kasvun jalkeen X,&lt;\/strong&gt; 25 x 30 cm, \u00f6ljy ja kylm\u00e4vaha mdf-levylle, 2017, myyty\"\n               data-src=\"http:\/\/www.riittakeurulainen.fi\/wp-content\/gallery\/2017\/Kasvun_jalkeen%20X.jpg\"\n               data-thumbnail=\"http:\/\/www.riittakeurulainen.fi\/wp-content\/gallery\/2017\/thumbs\/thumbs_Kasvun_jalkeen%20X.jpg\"\n               data-image-id=\"235\"\n               data-title=\"Kasvun jalkeen X\"\n               data-description=\"&lt;strong&gt;Kasvun jalkeen X,&lt;\/strong&gt; 25 x 30 cm, \u00f6ljy ja kylm\u00e4vaha mdf-levylle, 2017, myyty\"\n               data-image-slug=\"kasvun_jalkeen-x\"\n               class=\"ngg-fancybox\" rel=\"4a743f104e619384c9d6655e56b78bd6\">\n                <img\n                    title=\"Kasvun jalkeen X\"\n                    alt=\"Kasvun jalkeen X\"\n                    src=\"http:\/\/www.riittakeurulainen.fi\/wp-content\/gallery\/2017\/cache\/Kasvun_jalkeen%20X.jpg-nggid03235-ngg0dyn-200x200x100-00f0w010c011r110f110r010t010.jpg\"\n                    width=\"200\"\n                    height=\"200\"\n                    style=\"max-width:100%;\"\n                \/>\n            <\/a>\n        <\/div>\n\t\t\t\t\t\t\t<\/div> \n\t\t\t\n\t\t\t\t<div id=\"ngg-image-7\" class=\"ngg-gallery-thumbnail-box ngg-3-columns\" >\n\t\t\t\t        <div class=\"ngg-gallery-thumbnail\">\n            <a href=\"http:\/\/www.riittakeurulainen.fi\/wp-content\/gallery\/2017\/Kasvun_jalkeen%20VIII.jpg\"\n               title=\"&lt;strong&gt;Kasvun jalkeen VIII,&lt;\/strong&gt; 25 x 30 cm, \u00f6ljy ja kylm\u00e4vaha mdf-levylle, 2017, myyty\"\n               data-src=\"http:\/\/www.riittakeurulainen.fi\/wp-content\/gallery\/2017\/Kasvun_jalkeen%20VIII.jpg\"\n               data-thumbnail=\"http:\/\/www.riittakeurulainen.fi\/wp-content\/gallery\/2017\/thumbs\/thumbs_Kasvun_jalkeen%20VIII.jpg\"\n               data-image-id=\"234\"\n               data-title=\"Kasvun jalkeen VIII\"\n               data-description=\"&lt;strong&gt;Kasvun jalkeen VIII,&lt;\/strong&gt; 25 x 30 cm, \u00f6ljy ja kylm\u00e4vaha mdf-levylle, 2017, myyty\"\n               data-image-slug=\"kasvun_jalkeen-viii\"\n               class=\"ngg-fancybox\" rel=\"4a743f104e619384c9d6655e56b78bd6\">\n                <img\n                    title=\"Kasvun jalkeen VIII\"\n                    alt=\"Kasvun jalkeen VIII\"\n                    src=\"http:\/\/www.riittakeurulainen.fi\/wp-content\/gallery\/2017\/cache\/Kasvun_jalkeen%20VIII.jpg-nggid03234-ngg0dyn-200x200x100-00f0w010c011r110f110r010t010.jpg\"\n                    width=\"200\"\n                    height=\"200\"\n                    style=\"max-width:100%;\"\n                \/>\n            <\/a>\n        <\/div>\n\t\t\t\t\t\t\t<\/div> \n\t\t\t\n\t\t\t\t<div id=\"ngg-image-8\" class=\"ngg-gallery-thumbnail-box ngg-3-columns\" >\n\t\t\t\t        <div class=\"ngg-gallery-thumbnail\">\n            <a href=\"http:\/\/www.riittakeurulainen.fi\/wp-content\/gallery\/2017\/Kasvun_jalkeen%20V.jpg\"\n               title=\"&lt;strong&gt;Kasvun jalkeen V,&lt;\/strong&gt; 25 x 30 cm, \u00f6ljy ja kylm\u00e4vaha mdf-levylle, 2017, myyty\"\n               data-src=\"http:\/\/www.riittakeurulainen.fi\/wp-content\/gallery\/2017\/Kasvun_jalkeen%20V.jpg\"\n               data-thumbnail=\"http:\/\/www.riittakeurulainen.fi\/wp-content\/gallery\/2017\/thumbs\/thumbs_Kasvun_jalkeen%20V.jpg\"\n               data-image-id=\"233\"\n               data-title=\"Kasvun jalkeen V\"\n               data-description=\"&lt;strong&gt;Kasvun jalkeen V,&lt;\/strong&gt; 25 x 30 cm, \u00f6ljy ja kylm\u00e4vaha mdf-levylle, 2017, myyty\"\n               data-image-slug=\"kasvun_jalkeen-v\"\n               class=\"ngg-fancybox\" rel=\"4a743f104e619384c9d6655e56b78bd6\">\n                <img\n                    title=\"Kasvun jalkeen V\"\n                    alt=\"Kasvun jalkeen V\"\n                    src=\"http:\/\/www.riittakeurulainen.fi\/wp-content\/gallery\/2017\/cache\/Kasvun_jalkeen%20V.jpg-nggid03233-ngg0dyn-200x200x100-00f0w010c011r110f110r010t010.jpg\"\n                    width=\"200\"\n                    height=\"200\"\n                    style=\"max-width:100%;\"\n                \/>\n            <\/a>\n        <\/div>\n\t\t\t\t\t\t\t<\/div> \n\t\t\t\n\t\t\t\t<div id=\"ngg-image-9\" class=\"ngg-gallery-thumbnail-box ngg-3-columns\" >\n\t\t\t\t        <div class=\"ngg-gallery-thumbnail\">\n            <a href=\"http:\/\/www.riittakeurulainen.fi\/wp-content\/gallery\/2017\/Kasvun_jalkeen%20IV.jpg\"\n               title=\"&lt;strong&gt;Kasvun jalkeen IV,&lt;\/strong&gt; 25 x 30 cm, \u00f6ljy ja kylm\u00e4vaha mdf-levylle, 2017, myyty\"\n               data-src=\"http:\/\/www.riittakeurulainen.fi\/wp-content\/gallery\/2017\/Kasvun_jalkeen%20IV.jpg\"\n               data-thumbnail=\"http:\/\/www.riittakeurulainen.fi\/wp-content\/gallery\/2017\/thumbs\/thumbs_Kasvun_jalkeen%20IV.jpg\"\n               data-image-id=\"232\"\n               data-title=\"Kasvun jalkeen IV\"\n               data-description=\"&lt;strong&gt;Kasvun jalkeen IV,&lt;\/strong&gt; 25 x 30 cm, \u00f6ljy ja kylm\u00e4vaha mdf-levylle, 2017, myyty\"\n               data-image-slug=\"kasvun_jalkeen-iv\"\n               class=\"ngg-fancybox\" rel=\"4a743f104e619384c9d6655e56b78bd6\">\n                <img\n                    title=\"Kasvun jalkeen IV\"\n                    alt=\"Kasvun jalkeen IV\"\n                    src=\"http:\/\/www.riittakeurulainen.fi\/wp-content\/gallery\/2017\/cache\/Kasvun_jalkeen%20IV.jpg-nggid03232-ngg0dyn-200x200x100-00f0w010c011r110f110r010t010.jpg\"\n                    width=\"200\"\n                    height=\"200\"\n                    style=\"max-width:100%;\"\n                \/>\n            <\/a>\n        <\/div>\n\t\t\t\t\t\t\t<\/div> \n\t\t\t\n\t\t\t\t<div id=\"ngg-image-10\" class=\"ngg-gallery-thumbnail-box ngg-3-columns\" >\n\t\t\t\t        <div class=\"ngg-gallery-thumbnail\">\n            <a href=\"http:\/\/www.riittakeurulainen.fi\/wp-content\/gallery\/2017\/Kasvun_jalkeen%20III.jpg\"\n               title=\"&lt;strong&gt;Kasvun jalkeen III,&lt;\/strong&gt; 25 x 30 cm, \u00f6ljy ja kylm\u00e4vaha mdf-levylle, 2017, myyty\"\n               data-src=\"http:\/\/www.riittakeurulainen.fi\/wp-content\/gallery\/2017\/Kasvun_jalkeen%20III.jpg\"\n               data-thumbnail=\"http:\/\/www.riittakeurulainen.fi\/wp-content\/gallery\/2017\/thumbs\/thumbs_Kasvun_jalkeen%20III.jpg\"\n               data-image-id=\"231\"\n               data-title=\"Kasvun jalkeen III\"\n               data-description=\"&lt;strong&gt;Kasvun jalkeen III,&lt;\/strong&gt; 25 x 30 cm, \u00f6ljy ja kylm\u00e4vaha mdf-levylle, 2017, myyty\"\n               data-image-slug=\"kasvun_jalkeen-iii\"\n               class=\"ngg-fancybox\" rel=\"4a743f104e619384c9d6655e56b78bd6\">\n                <img\n                    title=\"Kasvun jalkeen III\"\n                    alt=\"Kasvun jalkeen III\"\n                    src=\"http:\/\/www.riittakeurulainen.fi\/wp-content\/gallery\/2017\/cache\/Kasvun_jalkeen%20III.jpg-nggid03231-ngg0dyn-200x200x100-00f0w010c011r110f110r010t010.jpg\"\n                    width=\"200\"\n                    height=\"200\"\n                    style=\"max-width:100%;\"\n                \/>\n            <\/a>\n        <\/div>\n\t\t\t\t\t\t\t<\/div> \n\t\t\t\n\t\n\t<br style=\"clear: both\" \/>\n\n\t\n\t\t<!-- Pagination -->\n\t<div class='ngg-clear'><\/div>\t<\/div>\n\n<p><strong>2015-2016 teokset<\/strong><\/p>\n<!-- default-view.php -->\n<div\n\tclass=\"ngg-galleryoverview default-view  ngg-ajax-pagination-none\"\n\tid=\"ngg-gallery-a86518402df2f141b13b3cbf6646cc21-1\">\n\n\t\t<!-- Thumbnails -->\n\t\t\t\t<div id=\"ngg-image-0\" class=\"ngg-gallery-thumbnail-box ngg-3-columns\" >\n\t\t\t\t        <div class=\"ngg-gallery-thumbnail\">\n            <a href=\"http:\/\/www.riittakeurulainen.fi\/wp-content\/gallery\/2015_2016\/Tuulen_viemaa.jpg\"\n               title=\"&lt;strong&gt;Tuulen viem\u00e4\u00e4,&lt;\/strong&gt; 73 x 96 cm, \u00f6ljy ja kylm\u00e4vaha mdf-levylle, 2016, myyty\"\n               data-src=\"http:\/\/www.riittakeurulainen.fi\/wp-content\/gallery\/2015_2016\/Tuulen_viemaa.jpg\"\n               data-thumbnail=\"http:\/\/www.riittakeurulainen.fi\/wp-content\/gallery\/2015_2016\/thumbs\/thumbs_Tuulen_viemaa.jpg\"\n               data-image-id=\"229\"\n               data-title=\"Tuulen_viemaa\"\n               data-description=\"&lt;strong&gt;Tuulen viem\u00e4\u00e4,&lt;\/strong&gt; 73 x 96 cm, \u00f6ljy ja kylm\u00e4vaha mdf-levylle, 2016, myyty\"\n               data-image-slug=\"tuulen_viemaa\"\n               class=\"ngg-fancybox\" rel=\"a86518402df2f141b13b3cbf6646cc21\">\n                <img\n                    title=\"Tuulen_viemaa\"\n                    alt=\"Tuulen_viemaa\"\n                    src=\"http:\/\/www.riittakeurulainen.fi\/wp-content\/gallery\/2015_2016\/cache\/Tuulen_viemaa.jpg-nggid03229-ngg0dyn-200x200x100-00f0w010c011r110f110r010t010.jpg\"\n                    width=\"200\"\n                    height=\"200\"\n                    style=\"max-width:100%;\"\n                \/>\n            <\/a>\n        <\/div>\n\t\t\t\t\t\t\t<\/div> \n\t\t\t\n\t\t\t\t<div id=\"ngg-image-1\" class=\"ngg-gallery-thumbnail-box ngg-3-columns\" >\n\t\t\t\t        <div class=\"ngg-gallery-thumbnail\">\n            <a href=\"http:\/\/www.riittakeurulainen.fi\/wp-content\/gallery\/2015_2016\/Varpu_II.jpg\"\n               title=\"&lt;strong&gt;Varpu II,&lt;\/strong&gt; 42 x 45,5 cm, \u00f6ljy ja kylm\u00e4vaha mdf-levylle, 2015, myyty\"\n               data-src=\"http:\/\/www.riittakeurulainen.fi\/wp-content\/gallery\/2015_2016\/Varpu_II.jpg\"\n               data-thumbnail=\"http:\/\/www.riittakeurulainen.fi\/wp-content\/gallery\/2015_2016\/thumbs\/thumbs_Varpu_II.jpg\"\n               data-image-id=\"214\"\n               data-title=\"Varpu_II\"\n               data-description=\"&lt;strong&gt;Varpu II,&lt;\/strong&gt; 42 x 45,5 cm, \u00f6ljy ja kylm\u00e4vaha mdf-levylle, 2015, myyty\"\n               data-image-slug=\"varpu_ii-2\"\n               class=\"ngg-fancybox\" rel=\"a86518402df2f141b13b3cbf6646cc21\">\n                <img\n                    title=\"Varpu_II\"\n                    alt=\"Varpu_II\"\n                    src=\"http:\/\/www.riittakeurulainen.fi\/wp-content\/gallery\/2015_2016\/cache\/Varpu_II.jpg-nggid03214-ngg0dyn-200x200x100-00f0w010c011r110f110r010t010.jpg\"\n                    width=\"200\"\n                    height=\"200\"\n                    style=\"max-width:100%;\"\n                \/>\n            <\/a>\n        <\/div>\n\t\t\t\t\t\t\t<\/div> \n\t\t\t\n\t\t\t\t<div id=\"ngg-image-2\" class=\"ngg-gallery-thumbnail-box ngg-3-columns\" >\n\t\t\t\t        <div class=\"ngg-gallery-thumbnail\">\n            <a href=\"http:\/\/www.riittakeurulainen.fi\/wp-content\/gallery\/2015_2016\/Varpu_I.jpg\"\n               title=\"&lt;strong&gt;Varpu I,&lt;\/strong&gt; 42 x 45,5 cm, \u00f6ljy ja kylm\u00e4vaha mdf-levylle, 2015, myyty\"\n               data-src=\"http:\/\/www.riittakeurulainen.fi\/wp-content\/gallery\/2015_2016\/Varpu_I.jpg\"\n               data-thumbnail=\"http:\/\/www.riittakeurulainen.fi\/wp-content\/gallery\/2015_2016\/thumbs\/thumbs_Varpu_I.jpg\"\n               data-image-id=\"213\"\n               data-title=\"Varpu_I\"\n               data-description=\"&lt;strong&gt;Varpu I,&lt;\/strong&gt; 42 x 45,5 cm, \u00f6ljy ja kylm\u00e4vaha mdf-levylle, 2015, myyty\"\n               data-image-slug=\"varpu_i-2\"\n               class=\"ngg-fancybox\" rel=\"a86518402df2f141b13b3cbf6646cc21\">\n                <img\n                    title=\"Varpu_I\"\n                    alt=\"Varpu_I\"\n                    src=\"http:\/\/www.riittakeurulainen.fi\/wp-content\/gallery\/2015_2016\/cache\/Varpu_I.jpg-nggid03213-ngg0dyn-200x200x100-00f0w010c011r110f110r010t010.jpg\"\n                    width=\"200\"\n                    height=\"200\"\n                    style=\"max-width:100%;\"\n                \/>\n            <\/a>\n        <\/div>\n\t\t\t\t\t\t\t<\/div> \n\t\t\t\n\t\t\t\t<div id=\"ngg-image-3\" class=\"ngg-gallery-thumbnail-box ngg-3-columns\" >\n\t\t\t\t        <div class=\"ngg-gallery-thumbnail\">\n            <a href=\"http:\/\/www.riittakeurulainen.fi\/wp-content\/gallery\/2015_2016\/Niitty%201%20ja%202.jpg\"\n               title=\"&lt;strong&gt;Niitty 1 ja 2,&lt;\/strong&gt; 42 x 45,5 cm\/taulu, \u00f6ljy ja kylm\u00e4vaha mdf-levylle, 2015, myyty\"\n               data-src=\"http:\/\/www.riittakeurulainen.fi\/wp-content\/gallery\/2015_2016\/Niitty%201%20ja%202.jpg\"\n               data-thumbnail=\"http:\/\/www.riittakeurulainen.fi\/wp-content\/gallery\/2015_2016\/thumbs\/thumbs_Niitty%201%20ja%202.jpg\"\n               data-image-id=\"212\"\n               data-title=\"Niitty 1 ja 2\"\n               data-description=\"&lt;strong&gt;Niitty 1 ja 2,&lt;\/strong&gt; 42 x 45,5 cm\/taulu, \u00f6ljy ja kylm\u00e4vaha mdf-levylle, 2015, myyty\"\n               data-image-slug=\"niitty-1-ja-2-2\"\n               class=\"ngg-fancybox\" rel=\"a86518402df2f141b13b3cbf6646cc21\">\n                <img\n                    title=\"Niitty 1 ja 2\"\n                    alt=\"Niitty 1 ja 2\"\n                    src=\"http:\/\/www.riittakeurulainen.fi\/wp-content\/gallery\/2015_2016\/cache\/Niitty%201%20ja%202.jpg-nggid03212-ngg0dyn-200x200x100-00f0w010c011r110f110r010t010.jpg\"\n                    width=\"200\"\n                    height=\"200\"\n                    style=\"max-width:100%;\"\n                \/>\n            <\/a>\n        <\/div>\n\t\t\t\t\t\t\t<\/div> \n\t\t\t\n\t\t\t\t<div id=\"ngg-image-4\" class=\"ngg-gallery-thumbnail-box ngg-3-columns\" >\n\t\t\t\t        <div class=\"ngg-gallery-thumbnail\">\n            <a href=\"http:\/\/www.riittakeurulainen.fi\/wp-content\/gallery\/2015_2016\/Lyhtykoisoja_V.jpg\"\n               title=\"&lt;strong&gt;Lyhtykoisoja_V,&lt;\/strong&gt;  109 x 58 cm, \u00f6ljy ja kylm\u00e4vaha mdf-levylle, 2015, myyty\"\n               data-src=\"http:\/\/www.riittakeurulainen.fi\/wp-content\/gallery\/2015_2016\/Lyhtykoisoja_V.jpg\"\n               data-thumbnail=\"http:\/\/www.riittakeurulainen.fi\/wp-content\/gallery\/2015_2016\/thumbs\/thumbs_Lyhtykoisoja_V.jpg\"\n               data-image-id=\"211\"\n               data-title=\"Lyhtykoisoja_V\"\n               data-description=\"&lt;strong&gt;Lyhtykoisoja_V,&lt;\/strong&gt;  109 x 58 cm, \u00f6ljy ja kylm\u00e4vaha mdf-levylle, 2015, myyty\"\n               data-image-slug=\"lyhtykoisoja_v-1\"\n               class=\"ngg-fancybox\" rel=\"a86518402df2f141b13b3cbf6646cc21\">\n                <img\n                    title=\"Lyhtykoisoja_V\"\n                    alt=\"Lyhtykoisoja_V\"\n                    src=\"http:\/\/www.riittakeurulainen.fi\/wp-content\/gallery\/2015_2016\/cache\/Lyhtykoisoja_V.jpg-nggid03211-ngg0dyn-200x200x100-00f0w010c011r110f110r010t010.jpg\"\n                    width=\"200\"\n                    height=\"200\"\n                    style=\"max-width:100%;\"\n                \/>\n            <\/a>\n        <\/div>\n\t\t\t\t\t\t\t<\/div> \n\t\t\t\n\t\t\t\t<div id=\"ngg-image-5\" class=\"ngg-gallery-thumbnail-box ngg-3-columns\" >\n\t\t\t\t        <div class=\"ngg-gallery-thumbnail\">\n            <a href=\"http:\/\/www.riittakeurulainen.fi\/wp-content\/gallery\/2015_2016\/Lyhtykoisoja_IV.jpg\"\n               title=\"&lt;strong&gt;Lyhtykoisoja_IV,&lt;\/strong&gt;  120 x 91 cm, \u00f6ljy ja kylm\u00e4vaha mdf-levylle, 2015, myyty\"\n               data-src=\"http:\/\/www.riittakeurulainen.fi\/wp-content\/gallery\/2015_2016\/Lyhtykoisoja_IV.jpg\"\n               data-thumbnail=\"http:\/\/www.riittakeurulainen.fi\/wp-content\/gallery\/2015_2016\/thumbs\/thumbs_Lyhtykoisoja_IV.jpg\"\n               data-image-id=\"210\"\n               data-title=\"Lyhtykoisoja_IV\"\n               data-description=\"&lt;strong&gt;Lyhtykoisoja_IV,&lt;\/strong&gt;  120 x 91 cm, \u00f6ljy ja kylm\u00e4vaha mdf-levylle, 2015, myyty\"\n               data-image-slug=\"lyhtykoisoja_iv-1\"\n               class=\"ngg-fancybox\" rel=\"a86518402df2f141b13b3cbf6646cc21\">\n                <img\n                    title=\"Lyhtykoisoja_IV\"\n                    alt=\"Lyhtykoisoja_IV\"\n                    src=\"http:\/\/www.riittakeurulainen.fi\/wp-content\/gallery\/2015_2016\/cache\/Lyhtykoisoja_IV.jpg-nggid03210-ngg0dyn-200x200x100-00f0w010c011r110f110r010t010.jpg\"\n                    width=\"200\"\n                    height=\"200\"\n                    style=\"max-width:100%;\"\n                \/>\n            <\/a>\n        <\/div>\n\t\t\t\t\t\t\t<\/div> \n\t\t\t\n\t\t\t\t<div id=\"ngg-image-6\" class=\"ngg-gallery-thumbnail-box ngg-3-columns\" >\n\t\t\t\t        <div class=\"ngg-gallery-thumbnail\">\n            <a href=\"http:\/\/www.riittakeurulainen.fi\/wp-content\/gallery\/2015_2016\/Lyhtykoisoja_III.jpg\"\n               title=\"&lt;strong&gt;Lyhtykoisoja_III,&lt;\/strong&gt;  130 x 49,5 cm, \u00f6ljy ja kylm\u00e4vaha mdf-levylle, 2015, myyty\"\n               data-src=\"http:\/\/www.riittakeurulainen.fi\/wp-content\/gallery\/2015_2016\/Lyhtykoisoja_III.jpg\"\n               data-thumbnail=\"http:\/\/www.riittakeurulainen.fi\/wp-content\/gallery\/2015_2016\/thumbs\/thumbs_Lyhtykoisoja_III.jpg\"\n               data-image-id=\"209\"\n               data-title=\"Lyhtykoisoja_III\"\n               data-description=\"&lt;strong&gt;Lyhtykoisoja_III,&lt;\/strong&gt;  130 x 49,5 cm, \u00f6ljy ja kylm\u00e4vaha mdf-levylle, 2015, myyty\"\n               data-image-slug=\"lyhtykoisoja_iii-1\"\n               class=\"ngg-fancybox\" rel=\"a86518402df2f141b13b3cbf6646cc21\">\n                <img\n                    title=\"Lyhtykoisoja_III\"\n                    alt=\"Lyhtykoisoja_III\"\n                    src=\"http:\/\/www.riittakeurulainen.fi\/wp-content\/gallery\/2015_2016\/cache\/Lyhtykoisoja_III.jpg-nggid03209-ngg0dyn-200x200x100-00f0w010c011r110f110r010t010.jpg\"\n                    width=\"200\"\n                    height=\"200\"\n                    style=\"max-width:100%;\"\n                \/>\n            <\/a>\n        <\/div>\n\t\t\t\t\t\t\t<\/div> \n\t\t\t\n\t\t\t\t<div id=\"ngg-image-7\" class=\"ngg-gallery-thumbnail-box ngg-3-columns\" >\n\t\t\t\t        <div class=\"ngg-gallery-thumbnail\">\n            <a href=\"http:\/\/www.riittakeurulainen.fi\/wp-content\/gallery\/2015_2016\/Lyhtykoisoja_II.jpg\"\n               title=\"&lt;strong&gt;Lyhtykoisoja_II,&lt;\/strong&gt;  120 x 91 cm, \u00f6ljy ja kylm\u00e4vaha mdf-levylle, 2015, myyty\"\n               data-src=\"http:\/\/www.riittakeurulainen.fi\/wp-content\/gallery\/2015_2016\/Lyhtykoisoja_II.jpg\"\n               data-thumbnail=\"http:\/\/www.riittakeurulainen.fi\/wp-content\/gallery\/2015_2016\/thumbs\/thumbs_Lyhtykoisoja_II.jpg\"\n               data-image-id=\"208\"\n               data-title=\"Lyhtykoisoja_II\"\n               data-description=\"&lt;strong&gt;Lyhtykoisoja_II,&lt;\/strong&gt;  120 x 91 cm, \u00f6ljy ja kylm\u00e4vaha mdf-levylle, 2015, myyty\"\n               data-image-slug=\"lyhtykoisoja_ii-1\"\n               class=\"ngg-fancybox\" rel=\"a86518402df2f141b13b3cbf6646cc21\">\n                <img\n                    title=\"Lyhtykoisoja_II\"\n                    alt=\"Lyhtykoisoja_II\"\n                    src=\"http:\/\/www.riittakeurulainen.fi\/wp-content\/gallery\/2015_2016\/cache\/Lyhtykoisoja_II.jpg-nggid03208-ngg0dyn-200x200x100-00f0w010c011r110f110r010t010.jpg\"\n                    width=\"200\"\n                    height=\"200\"\n                    style=\"max-width:100%;\"\n                \/>\n            <\/a>\n        <\/div>\n\t\t\t\t\t\t\t<\/div> \n\t\t\t\n\t\t\t\t<div id=\"ngg-image-8\" class=\"ngg-gallery-thumbnail-box ngg-3-columns\" >\n\t\t\t\t        <div class=\"ngg-gallery-thumbnail\">\n            <a href=\"http:\/\/www.riittakeurulainen.fi\/wp-content\/gallery\/2015_2016\/Lyhtykoisoja.jpg\"\n               title=\"&lt;strong&gt;Lyhtykoisoja,&lt;\/strong&gt; 120 x 91 cm, \u00f6ljy ja kylm\u00e4vaha mdf-levylle, 2015, myyty\"\n               data-src=\"http:\/\/www.riittakeurulainen.fi\/wp-content\/gallery\/2015_2016\/Lyhtykoisoja.jpg\"\n               data-thumbnail=\"http:\/\/www.riittakeurulainen.fi\/wp-content\/gallery\/2015_2016\/thumbs\/thumbs_Lyhtykoisoja.jpg\"\n               data-image-id=\"207\"\n               data-title=\"Lyhtykoisoja\"\n               data-description=\"&lt;strong&gt;Lyhtykoisoja,&lt;\/strong&gt; 120 x 91 cm, \u00f6ljy ja kylm\u00e4vaha mdf-levylle, 2015, myyty\"\n               data-image-slug=\"lyhtykoisoja-2\"\n               class=\"ngg-fancybox\" rel=\"a86518402df2f141b13b3cbf6646cc21\">\n                <img\n                    title=\"Lyhtykoisoja\"\n                    alt=\"Lyhtykoisoja\"\n                    src=\"http:\/\/www.riittakeurulainen.fi\/wp-content\/gallery\/2015_2016\/cache\/Lyhtykoisoja.jpg-nggid03207-ngg0dyn-200x200x100-00f0w010c011r110f110r010t010.jpg\"\n                    width=\"200\"\n                    height=\"200\"\n                    style=\"max-width:100%;\"\n                \/>\n            <\/a>\n        <\/div>\n\t\t\t\t\t\t\t<\/div> \n\t\t\t\n\t\t\t\t<div id=\"ngg-image-9\" class=\"ngg-gallery-thumbnail-box ngg-3-columns\" >\n\t\t\t\t        <div class=\"ngg-gallery-thumbnail\">\n            <a href=\"http:\/\/www.riittakeurulainen.fi\/wp-content\/gallery\/2015_2016\/Lyhtykoiso_IV.jpg\"\n               title=\"&lt;strong&gt;Lyhtykoiso_IV,&lt;\/strong&gt; 73 x 96 cm, \u00f6ljy ja kylm\u00e4vaha mdf-levylle, 2015, myyty\"\n               data-src=\"http:\/\/www.riittakeurulainen.fi\/wp-content\/gallery\/2015_2016\/Lyhtykoiso_IV.jpg\"\n               data-thumbnail=\"http:\/\/www.riittakeurulainen.fi\/wp-content\/gallery\/2015_2016\/thumbs\/thumbs_Lyhtykoiso_IV.jpg\"\n               data-image-id=\"206\"\n               data-title=\"Lyhtykoiso_IV\"\n               data-description=\"&lt;strong&gt;Lyhtykoiso_IV,&lt;\/strong&gt; 73 x 96 cm, \u00f6ljy ja kylm\u00e4vaha mdf-levylle, 2015, myyty\"\n               data-image-slug=\"lyhtykoiso_iv-1\"\n               class=\"ngg-fancybox\" rel=\"a86518402df2f141b13b3cbf6646cc21\">\n                <img\n                    title=\"Lyhtykoiso_IV\"\n                    alt=\"Lyhtykoiso_IV\"\n                    src=\"http:\/\/www.riittakeurulainen.fi\/wp-content\/gallery\/2015_2016\/cache\/Lyhtykoiso_IV.jpg-nggid03206-ngg0dyn-200x200x100-00f0w010c011r110f110r010t010.jpg\"\n                    width=\"200\"\n                    height=\"200\"\n                    style=\"max-width:100%;\"\n                \/>\n            <\/a>\n        <\/div>\n\t\t\t\t\t\t\t<\/div> \n\t\t\t\n\t\t\t\t<div id=\"ngg-image-10\" class=\"ngg-gallery-thumbnail-box ngg-3-columns\" >\n\t\t\t\t        <div class=\"ngg-gallery-thumbnail\">\n            <a href=\"http:\/\/www.riittakeurulainen.fi\/wp-content\/gallery\/2015_2016\/Lyhtykoiso_II.jpg\"\n               title=\"&lt;strong&gt;Lyhtykoiso_II,&lt;\/strong&gt; 45,5 x 56 cm, \u00f6ljy ja kylm\u00e4vaha mdf-levylle, 2015, myyty\"\n               data-src=\"http:\/\/www.riittakeurulainen.fi\/wp-content\/gallery\/2015_2016\/Lyhtykoiso_II.jpg\"\n               data-thumbnail=\"http:\/\/www.riittakeurulainen.fi\/wp-content\/gallery\/2015_2016\/thumbs\/thumbs_Lyhtykoiso_II.jpg\"\n               data-image-id=\"205\"\n               data-title=\"Lyhtykoiso_II\"\n               data-description=\"&lt;strong&gt;Lyhtykoiso_II,&lt;\/strong&gt; 45,5 x 56 cm, \u00f6ljy ja kylm\u00e4vaha mdf-levylle, 2015, myyty\"\n               data-image-slug=\"lyhtykoiso_ii-2\"\n               class=\"ngg-fancybox\" rel=\"a86518402df2f141b13b3cbf6646cc21\">\n                <img\n                    title=\"Lyhtykoiso_II\"\n                    alt=\"Lyhtykoiso_II\"\n                    src=\"http:\/\/www.riittakeurulainen.fi\/wp-content\/gallery\/2015_2016\/cache\/Lyhtykoiso_II.jpg-nggid03205-ngg0dyn-200x200x100-00f0w010c011r110f110r010t010.jpg\"\n                    width=\"200\"\n                    height=\"200\"\n                    style=\"max-width:100%;\"\n                \/>\n            <\/a>\n        <\/div>\n\t\t\t\t\t\t\t<\/div> \n\t\t\t\n\t\t\t\t<div id=\"ngg-image-11\" class=\"ngg-gallery-thumbnail-box ngg-3-columns\" >\n\t\t\t\t        <div class=\"ngg-gallery-thumbnail\">\n            <a href=\"http:\/\/www.riittakeurulainen.fi\/wp-content\/gallery\/2015_2016\/Lyhtykoiso_I.jpg\"\n               title=\"&lt;strong&gt;Lyhtykoiso_I,&lt;\/strong&gt; 45,5 x 56 cm, \u00f6ljy ja kylm\u00e4vaha mdf-levylle, 2015, myyty\"\n               data-src=\"http:\/\/www.riittakeurulainen.fi\/wp-content\/gallery\/2015_2016\/Lyhtykoiso_I.jpg\"\n               data-thumbnail=\"http:\/\/www.riittakeurulainen.fi\/wp-content\/gallery\/2015_2016\/thumbs\/thumbs_Lyhtykoiso_I.jpg\"\n               data-image-id=\"204\"\n               data-title=\"Lyhtykoiso_I\"\n               data-description=\"&lt;strong&gt;Lyhtykoiso_I,&lt;\/strong&gt; 45,5 x 56 cm, \u00f6ljy ja kylm\u00e4vaha mdf-levylle, 2015, myyty\"\n               data-image-slug=\"lyhtykoiso_i-2\"\n               class=\"ngg-fancybox\" rel=\"a86518402df2f141b13b3cbf6646cc21\">\n                <img\n                    title=\"Lyhtykoiso_I\"\n                    alt=\"Lyhtykoiso_I\"\n                    src=\"http:\/\/www.riittakeurulainen.fi\/wp-content\/gallery\/2015_2016\/cache\/Lyhtykoiso_I.jpg-nggid03204-ngg0dyn-200x200x100-00f0w010c011r110f110r010t010.jpg\"\n                    width=\"200\"\n                    height=\"200\"\n                    style=\"max-width:100%;\"\n                \/>\n            <\/a>\n        <\/div>\n\t\t\t\t\t\t\t<\/div> \n\t\t\t\n\t\t\t\t<div id=\"ngg-image-12\" class=\"ngg-gallery-thumbnail-box ngg-3-columns\" >\n\t\t\t\t        <div class=\"ngg-gallery-thumbnail\">\n            <a href=\"http:\/\/www.riittakeurulainen.fi\/wp-content\/gallery\/2015_2016\/Kohti_kasvua_III.jpg\"\n               title=\"&lt;strong&gt;Kohti kasvua III,&lt;\/strong&gt; 42 x 45,5 cm, \u00f6ljy ja kylm\u00e4vaha mdf-levylle, 2015, myyty\"\n               data-src=\"http:\/\/www.riittakeurulainen.fi\/wp-content\/gallery\/2015_2016\/Kohti_kasvua_III.jpg\"\n               data-thumbnail=\"http:\/\/www.riittakeurulainen.fi\/wp-content\/gallery\/2015_2016\/thumbs\/thumbs_Kohti_kasvua_III.jpg\"\n               data-image-id=\"203\"\n               data-title=\"Kohti_kasvua_III\"\n               data-description=\"&lt;strong&gt;Kohti kasvua III,&lt;\/strong&gt; 42 x 45,5 cm, \u00f6ljy ja kylm\u00e4vaha mdf-levylle, 2015, myyty\"\n               data-image-slug=\"kohti_kasvua_iii-2\"\n               class=\"ngg-fancybox\" rel=\"a86518402df2f141b13b3cbf6646cc21\">\n                <img\n                    title=\"Kohti_kasvua_III\"\n                    alt=\"Kohti_kasvua_III\"\n                    src=\"http:\/\/www.riittakeurulainen.fi\/wp-content\/gallery\/2015_2016\/cache\/Kohti_kasvua_III.jpg-nggid03203-ngg0dyn-200x200x100-00f0w010c011r110f110r010t010.jpg\"\n                    width=\"200\"\n                    height=\"200\"\n                    style=\"max-width:100%;\"\n                \/>\n            <\/a>\n        <\/div>\n\t\t\t\t\t\t\t<\/div> \n\t\t\t\n\t\t\t\t<div id=\"ngg-image-13\" class=\"ngg-gallery-thumbnail-box ngg-3-columns\" >\n\t\t\t\t        <div class=\"ngg-gallery-thumbnail\">\n            <a href=\"http:\/\/www.riittakeurulainen.fi\/wp-content\/gallery\/2015_2016\/Kohti_kasvua_II.jpg\"\n               title=\"&lt;strong&gt;Kohti kasvua II,&lt;\/strong&gt; 42 x 45,5 cm, \u00f6ljy ja kylm\u00e4vaha mdf-levylle, 2015, myyty\"\n               data-src=\"http:\/\/www.riittakeurulainen.fi\/wp-content\/gallery\/2015_2016\/Kohti_kasvua_II.jpg\"\n               data-thumbnail=\"http:\/\/www.riittakeurulainen.fi\/wp-content\/gallery\/2015_2016\/thumbs\/thumbs_Kohti_kasvua_II.jpg\"\n               data-image-id=\"202\"\n               data-title=\"Kohti_kasvua_II\"\n               data-description=\"&lt;strong&gt;Kohti kasvua II,&lt;\/strong&gt; 42 x 45,5 cm, \u00f6ljy ja kylm\u00e4vaha mdf-levylle, 2015, myyty\"\n               data-image-slug=\"kohti_kasvua_ii-2\"\n               class=\"ngg-fancybox\" rel=\"a86518402df2f141b13b3cbf6646cc21\">\n                <img\n                    title=\"Kohti_kasvua_II\"\n                    alt=\"Kohti_kasvua_II\"\n                    src=\"http:\/\/www.riittakeurulainen.fi\/wp-content\/gallery\/2015_2016\/cache\/Kohti_kasvua_II.jpg-nggid03202-ngg0dyn-200x200x100-00f0w010c011r110f110r010t010.jpg\"\n                    width=\"200\"\n                    height=\"200\"\n                    style=\"max-width:100%;\"\n                \/>\n            <\/a>\n        <\/div>\n\t\t\t\t\t\t\t<\/div> \n\t\t\t\n\t\t\t\t<div id=\"ngg-image-14\" class=\"ngg-gallery-thumbnail-box ngg-3-columns\" >\n\t\t\t\t        <div class=\"ngg-gallery-thumbnail\">\n            <a href=\"http:\/\/www.riittakeurulainen.fi\/wp-content\/gallery\/2015_2016\/Kohti_kasvua_I.jpg\"\n               title=\"&lt;strong&gt;Kohti kasvua I,&lt;\/strong&gt; 42 x 45,5 cm, \u00f6ljy ja kylm\u00e4vaha mdf-levylle, 2015, myyty\"\n               data-src=\"http:\/\/www.riittakeurulainen.fi\/wp-content\/gallery\/2015_2016\/Kohti_kasvua_I.jpg\"\n               data-thumbnail=\"http:\/\/www.riittakeurulainen.fi\/wp-content\/gallery\/2015_2016\/thumbs\/thumbs_Kohti_kasvua_I.jpg\"\n               data-image-id=\"201\"\n               data-title=\"Kohti_kasvua_I\"\n               data-description=\"&lt;strong&gt;Kohti kasvua I,&lt;\/strong&gt; 42 x 45,5 cm, \u00f6ljy ja kylm\u00e4vaha mdf-levylle, 2015, myyty\"\n               data-image-slug=\"kohti_kasvua_i-2\"\n               class=\"ngg-fancybox\" rel=\"a86518402df2f141b13b3cbf6646cc21\">\n                <img\n                    title=\"Kohti_kasvua_I\"\n                    alt=\"Kohti_kasvua_I\"\n                    src=\"http:\/\/www.riittakeurulainen.fi\/wp-content\/gallery\/2015_2016\/cache\/Kohti_kasvua_I.jpg-nggid03201-ngg0dyn-200x200x100-00f0w010c011r110f110r010t010.jpg\"\n                    width=\"200\"\n                    height=\"200\"\n                    style=\"max-width:100%;\"\n                \/>\n            <\/a>\n        <\/div>\n\t\t\t\t\t\t\t<\/div> \n\t\t\t\n\t\t\t\t<div id=\"ngg-image-15\" class=\"ngg-gallery-thumbnail-box ngg-3-columns\" >\n\t\t\t\t        <div class=\"ngg-gallery-thumbnail\">\n            <a href=\"http:\/\/www.riittakeurulainen.fi\/wp-content\/gallery\/2015_2016\/Jakala_vaalea.jpg\"\n               title=\"&lt;strong&gt;J\u00e4k\u00e4l\u00e4 II,&lt;\/strong&gt; 28 x 45,5 cm, \u00f6ljy ja kylm\u00e4vaha mdf-levylle, 2016, myyty\"\n               data-src=\"http:\/\/www.riittakeurulainen.fi\/wp-content\/gallery\/2015_2016\/Jakala_vaalea.jpg\"\n               data-thumbnail=\"http:\/\/www.riittakeurulainen.fi\/wp-content\/gallery\/2015_2016\/thumbs\/thumbs_Jakala_vaalea.jpg\"\n               data-image-id=\"199\"\n               data-title=\"Jakala_vaalea\"\n               data-description=\"&lt;strong&gt;J\u00e4k\u00e4l\u00e4 II,&lt;\/strong&gt; 28 x 45,5 cm, \u00f6ljy ja kylm\u00e4vaha mdf-levylle, 2016, myyty\"\n               data-image-slug=\"jakala_vaalea-2\"\n               class=\"ngg-fancybox\" rel=\"a86518402df2f141b13b3cbf6646cc21\">\n                <img\n                    title=\"Jakala_vaalea\"\n                    alt=\"Jakala_vaalea\"\n                    src=\"http:\/\/www.riittakeurulainen.fi\/wp-content\/gallery\/2015_2016\/cache\/Jakala_vaalea.jpg-nggid03199-ngg0dyn-200x200x100-00f0w010c011r110f110r010t010.jpg\"\n                    width=\"200\"\n                    height=\"200\"\n                    style=\"max-width:100%;\"\n                \/>\n            <\/a>\n        <\/div>\n\t\t\t\t\t\t\t<\/div> \n\t\t\t\n\t\t\t\t<div id=\"ngg-image-16\" class=\"ngg-gallery-thumbnail-box ngg-3-columns\" >\n\t\t\t\t        <div class=\"ngg-gallery-thumbnail\">\n            <a href=\"http:\/\/www.riittakeurulainen.fi\/wp-content\/gallery\/2015_2016\/Jakala_tumma.jpg\"\n               title=\"&lt;strong&gt;J\u00e4k\u00e4l\u00e4 I,&lt;\/strong&gt; 28 x 45,5 cm, \u00f6ljy ja kylm\u00e4vaha mdf-levylle, 2016\"\n               data-src=\"http:\/\/www.riittakeurulainen.fi\/wp-content\/gallery\/2015_2016\/Jakala_tumma.jpg\"\n               data-thumbnail=\"http:\/\/www.riittakeurulainen.fi\/wp-content\/gallery\/2015_2016\/thumbs\/thumbs_Jakala_tumma.jpg\"\n               data-image-id=\"198\"\n               data-title=\"Jakala_tumma\"\n               data-description=\"&lt;strong&gt;J\u00e4k\u00e4l\u00e4 I,&lt;\/strong&gt; 28 x 45,5 cm, \u00f6ljy ja kylm\u00e4vaha mdf-levylle, 2016\"\n               data-image-slug=\"jakala_tumma-2\"\n               class=\"ngg-fancybox\" rel=\"a86518402df2f141b13b3cbf6646cc21\">\n                <img\n                    title=\"Jakala_tumma\"\n                    alt=\"Jakala_tumma\"\n                    src=\"http:\/\/www.riittakeurulainen.fi\/wp-content\/gallery\/2015_2016\/cache\/Jakala_tumma.jpg-nggid03198-ngg0dyn-200x200x100-00f0w010c011r110f110r010t010.jpg\"\n                    width=\"200\"\n                    height=\"200\"\n                    style=\"max-width:100%;\"\n                \/>\n            <\/a>\n        <\/div>\n\t\t\t\t\t\t\t<\/div> \n\t\t\t\n\t\t\t\t<div id=\"ngg-image-17\" class=\"ngg-gallery-thumbnail-box ngg-3-columns\" >\n\t\t\t\t        <div class=\"ngg-gallery-thumbnail\">\n            <a href=\"http:\/\/www.riittakeurulainen.fi\/wp-content\/gallery\/2015_2016\/Huitula_XI_2016.jpg\"\n               title=\"&lt;strong&gt;Huitula_XI,&lt;\/strong&gt; 28 x 45,5 cm, \u00f6ljy ja kylm\u00e4vaha mdf-levylle, 2016, myyty\"\n               data-src=\"http:\/\/www.riittakeurulainen.fi\/wp-content\/gallery\/2015_2016\/Huitula_XI_2016.jpg\"\n               data-thumbnail=\"http:\/\/www.riittakeurulainen.fi\/wp-content\/gallery\/2015_2016\/thumbs\/thumbs_Huitula_XI_2016.jpg\"\n               data-image-id=\"197\"\n               data-title=\"Huitula_XI_2016\"\n               data-description=\"&lt;strong&gt;Huitula_XI,&lt;\/strong&gt; 28 x 45,5 cm, \u00f6ljy ja kylm\u00e4vaha mdf-levylle, 2016, myyty\"\n               data-image-slug=\"huitula_xi_2016-1\"\n               class=\"ngg-fancybox\" rel=\"a86518402df2f141b13b3cbf6646cc21\">\n                <img\n                    title=\"Huitula_XI_2016\"\n                    alt=\"Huitula_XI_2016\"\n                    src=\"http:\/\/www.riittakeurulainen.fi\/wp-content\/gallery\/2015_2016\/cache\/Huitula_XI_2016.jpg-nggid03197-ngg0dyn-200x200x100-00f0w010c011r110f110r010t010.jpg\"\n                    width=\"200\"\n                    height=\"200\"\n                    style=\"max-width:100%;\"\n                \/>\n            <\/a>\n        <\/div>\n\t\t\t\t\t\t\t<\/div> \n\t\t\t\n\t\t\t\t<div id=\"ngg-image-18\" class=\"ngg-gallery-thumbnail-box ngg-3-columns\" >\n\t\t\t\t        <div class=\"ngg-gallery-thumbnail\">\n            <a href=\"http:\/\/www.riittakeurulainen.fi\/wp-content\/gallery\/2015_2016\/Huitula_XIV_2016.jpg\"\n               title=\"&lt;strong&gt;Huitula_XIV,&lt;\/strong&gt; 28 x 45,5 cm, \u00f6ljy ja kylm\u00e4vaha mdf-levylle, 2016, myyty\"\n               data-src=\"http:\/\/www.riittakeurulainen.fi\/wp-content\/gallery\/2015_2016\/Huitula_XIV_2016.jpg\"\n               data-thumbnail=\"http:\/\/www.riittakeurulainen.fi\/wp-content\/gallery\/2015_2016\/thumbs\/thumbs_Huitula_XIV_2016.jpg\"\n               data-image-id=\"196\"\n               data-title=\"Huitula_XIV_2016\"\n               data-description=\"&lt;strong&gt;Huitula_XIV,&lt;\/strong&gt; 28 x 45,5 cm, \u00f6ljy ja kylm\u00e4vaha mdf-levylle, 2016, myyty\"\n               data-image-slug=\"huitula_xiv_2016-1\"\n               class=\"ngg-fancybox\" rel=\"a86518402df2f141b13b3cbf6646cc21\">\n                <img\n                    title=\"Huitula_XIV_2016\"\n                    alt=\"Huitula_XIV_2016\"\n                    src=\"http:\/\/www.riittakeurulainen.fi\/wp-content\/gallery\/2015_2016\/cache\/Huitula_XIV_2016.jpg-nggid03196-ngg0dyn-200x200x100-00f0w010c011r110f110r010t010.jpg\"\n                    width=\"200\"\n                    height=\"200\"\n                    style=\"max-width:100%;\"\n                \/>\n            <\/a>\n        <\/div>\n\t\t\t\t\t\t\t<\/div> \n\t\t\t\n\t\t\t\t<div id=\"ngg-image-19\" class=\"ngg-gallery-thumbnail-box ngg-3-columns\" >\n\t\t\t\t        <div class=\"ngg-gallery-thumbnail\">\n            <a href=\"http:\/\/www.riittakeurulainen.fi\/wp-content\/gallery\/2015_2016\/Huitula_XII_2016.jpg\"\n               title=\"&lt;strong&gt;Huitula_XII,&lt;\/strong&gt; 28 x 45,5 cm, \u00f6ljy ja kylm\u00e4vaha mdf-levylle, 2016, myyty\"\n               data-src=\"http:\/\/www.riittakeurulainen.fi\/wp-content\/gallery\/2015_2016\/Huitula_XII_2016.jpg\"\n               data-thumbnail=\"http:\/\/www.riittakeurulainen.fi\/wp-content\/gallery\/2015_2016\/thumbs\/thumbs_Huitula_XII_2016.jpg\"\n               data-image-id=\"195\"\n               data-title=\"Huitula_XII_2016\"\n               data-description=\"&lt;strong&gt;Huitula_XII,&lt;\/strong&gt; 28 x 45,5 cm, \u00f6ljy ja kylm\u00e4vaha mdf-levylle, 2016, myyty\"\n               data-image-slug=\"huitula_xii_2016-1\"\n               class=\"ngg-fancybox\" rel=\"a86518402df2f141b13b3cbf6646cc21\">\n                <img\n                    title=\"Huitula_XII_2016\"\n                    alt=\"Huitula_XII_2016\"\n                    src=\"http:\/\/www.riittakeurulainen.fi\/wp-content\/gallery\/2015_2016\/cache\/Huitula_XII_2016.jpg-nggid03195-ngg0dyn-200x200x100-00f0w010c011r110f110r010t010.jpg\"\n                    width=\"200\"\n                    height=\"200\"\n                    style=\"max-width:100%;\"\n                \/>\n            <\/a>\n        <\/div>\n\t\t\t\t\t\t\t<\/div> \n\t\t\t\n\t\t\t\t<div id=\"ngg-image-20\" class=\"ngg-gallery-thumbnail-box ngg-3-columns\" >\n\t\t\t\t        <div class=\"ngg-gallery-thumbnail\">\n            <a href=\"http:\/\/www.riittakeurulainen.fi\/wp-content\/gallery\/2015_2016\/Huitula_XIII_2016.jpg\"\n               title=\"&lt;strong&gt;Huitula_XIII,&lt;\/strong&gt; 28 x 45,5 cm, \u00f6ljy ja kylm\u00e4vaha mdf-levylle, 2016, myyty\"\n               data-src=\"http:\/\/www.riittakeurulainen.fi\/wp-content\/gallery\/2015_2016\/Huitula_XIII_2016.jpg\"\n               data-thumbnail=\"http:\/\/www.riittakeurulainen.fi\/wp-content\/gallery\/2015_2016\/thumbs\/thumbs_Huitula_XIII_2016.jpg\"\n               data-image-id=\"194\"\n               data-title=\"Huitula_XIII_2016\"\n               data-description=\"&lt;strong&gt;Huitula_XIII,&lt;\/strong&gt; 28 x 45,5 cm, \u00f6ljy ja kylm\u00e4vaha mdf-levylle, 2016, myyty\"\n               data-image-slug=\"huitula_xiii_2016-1\"\n               class=\"ngg-fancybox\" rel=\"a86518402df2f141b13b3cbf6646cc21\">\n                <img\n                    title=\"Huitula_XIII_2016\"\n                    alt=\"Huitula_XIII_2016\"\n                    src=\"http:\/\/www.riittakeurulainen.fi\/wp-content\/gallery\/2015_2016\/cache\/Huitula_XIII_2016.jpg-nggid03194-ngg0dyn-200x200x100-00f0w010c011r110f110r010t010.jpg\"\n                    width=\"200\"\n                    height=\"200\"\n                    style=\"max-width:100%;\"\n                \/>\n            <\/a>\n        <\/div>\n\t\t\t\t\t\t\t<\/div> \n\t\t\t\n\t\t\t\t<div id=\"ngg-image-21\" class=\"ngg-gallery-thumbnail-box ngg-3-columns\" >\n\t\t\t\t        <div class=\"ngg-gallery-thumbnail\">\n            <a href=\"http:\/\/www.riittakeurulainen.fi\/wp-content\/gallery\/2015_2016\/Huitula_XII.jpg\"\n               title=\"&lt;strong&gt;Huitula_XII,&lt;\/strong&gt; 28 x 45,5 cm, \u00f6ljy ja kylm\u00e4vaha mdf-levylle, 2015, myyty\"\n               data-src=\"http:\/\/www.riittakeurulainen.fi\/wp-content\/gallery\/2015_2016\/Huitula_XII.jpg\"\n               data-thumbnail=\"http:\/\/www.riittakeurulainen.fi\/wp-content\/gallery\/2015_2016\/thumbs\/thumbs_Huitula_XII.jpg\"\n               data-image-id=\"193\"\n               data-title=\"Huitula_XII\"\n               data-description=\"&lt;strong&gt;Huitula_XII,&lt;\/strong&gt; 28 x 45,5 cm, \u00f6ljy ja kylm\u00e4vaha mdf-levylle, 2015, myyty\"\n               data-image-slug=\"huitula_xii-1\"\n               class=\"ngg-fancybox\" rel=\"a86518402df2f141b13b3cbf6646cc21\">\n                <img\n                    title=\"Huitula_XII\"\n                    alt=\"Huitula_XII\"\n                    src=\"http:\/\/www.riittakeurulainen.fi\/wp-content\/gallery\/2015_2016\/cache\/Huitula_XII.jpg-nggid03193-ngg0dyn-200x200x100-00f0w010c011r110f110r010t010.jpg\"\n                    width=\"200\"\n                    height=\"200\"\n                    style=\"max-width:100%;\"\n                \/>\n            <\/a>\n        <\/div>\n\t\t\t\t\t\t\t<\/div> \n\t\t\t\n\t\t\t\t<div id=\"ngg-image-22\" class=\"ngg-gallery-thumbnail-box ngg-3-columns\" >\n\t\t\t\t        <div class=\"ngg-gallery-thumbnail\">\n            <a href=\"http:\/\/www.riittakeurulainen.fi\/wp-content\/gallery\/2015_2016\/Huitula_XI.jpg\"\n               title=\"&lt;strong&gt;Huitula_XI,&lt;\/strong&gt; 28 x 45,5 cm, \u00f6ljy ja kylm\u00e4vaha mdf-levylle, 2015, myyty\"\n               data-src=\"http:\/\/www.riittakeurulainen.fi\/wp-content\/gallery\/2015_2016\/Huitula_XI.jpg\"\n               data-thumbnail=\"http:\/\/www.riittakeurulainen.fi\/wp-content\/gallery\/2015_2016\/thumbs\/thumbs_Huitula_XI.jpg\"\n               data-image-id=\"192\"\n               data-title=\"Huitula_XI\"\n               data-description=\"&lt;strong&gt;Huitula_XI,&lt;\/strong&gt; 28 x 45,5 cm, \u00f6ljy ja kylm\u00e4vaha mdf-levylle, 2015, myyty\"\n               data-image-slug=\"huitula_xi-1\"\n               class=\"ngg-fancybox\" rel=\"a86518402df2f141b13b3cbf6646cc21\">\n                <img\n                    title=\"Huitula_XI\"\n                    alt=\"Huitula_XI\"\n                    src=\"http:\/\/www.riittakeurulainen.fi\/wp-content\/gallery\/2015_2016\/cache\/Huitula_XI.jpg-nggid03192-ngg0dyn-200x200x100-00f0w010c011r110f110r010t010.jpg\"\n                    width=\"200\"\n                    height=\"200\"\n                    style=\"max-width:100%;\"\n                \/>\n            <\/a>\n        <\/div>\n\t\t\t\t\t\t\t<\/div> \n\t\t\t\n\t\t\t\t<div id=\"ngg-image-23\" class=\"ngg-gallery-thumbnail-box ngg-3-columns\" >\n\t\t\t\t        <div class=\"ngg-gallery-thumbnail\">\n            <a href=\"http:\/\/www.riittakeurulainen.fi\/wp-content\/gallery\/2015_2016\/Huitula_X.jpg\"\n               title=\"&lt;strong&gt;Huitula_X,&lt;\/strong&gt; 28 x 45,5 cm, \u00f6ljy ja kylm\u00e4vaha mdf-levylle, 2015, myyty\"\n               data-src=\"http:\/\/www.riittakeurulainen.fi\/wp-content\/gallery\/2015_2016\/Huitula_X.jpg\"\n               data-thumbnail=\"http:\/\/www.riittakeurulainen.fi\/wp-content\/gallery\/2015_2016\/thumbs\/thumbs_Huitula_X.jpg\"\n               data-image-id=\"191\"\n               data-title=\"Huitula_X\"\n               data-description=\"&lt;strong&gt;Huitula_X,&lt;\/strong&gt; 28 x 45,5 cm, \u00f6ljy ja kylm\u00e4vaha mdf-levylle, 2015, myyty\"\n               data-image-slug=\"huitula_x-2\"\n               class=\"ngg-fancybox\" rel=\"a86518402df2f141b13b3cbf6646cc21\">\n                <img\n                    title=\"Huitula_X\"\n                    alt=\"Huitula_X\"\n                    src=\"http:\/\/www.riittakeurulainen.fi\/wp-content\/gallery\/2015_2016\/cache\/Huitula_X.jpg-nggid03191-ngg0dyn-200x200x100-00f0w010c011r110f110r010t010.jpg\"\n                    width=\"200\"\n                    height=\"200\"\n                    style=\"max-width:100%;\"\n                \/>\n            <\/a>\n        <\/div>\n\t\t\t\t\t\t\t<\/div> \n\t\t\t\n\t\t\t\t<div id=\"ngg-image-24\" class=\"ngg-gallery-thumbnail-box ngg-3-columns\" >\n\t\t\t\t        <div class=\"ngg-gallery-thumbnail\">\n            <a href=\"http:\/\/www.riittakeurulainen.fi\/wp-content\/gallery\/2015_2016\/Huitula_VIII.jpg\"\n               title=\"&lt;strong&gt;Huitula_VIII,&lt;\/strong&gt; 42 x 45,5 cm, \u00f6ljy ja kylm\u00e4vaha mdf-levylle, 2015, myyty\"\n               data-src=\"http:\/\/www.riittakeurulainen.fi\/wp-content\/gallery\/2015_2016\/Huitula_VIII.jpg\"\n               data-thumbnail=\"http:\/\/www.riittakeurulainen.fi\/wp-content\/gallery\/2015_2016\/thumbs\/thumbs_Huitula_VIII.jpg\"\n               data-image-id=\"190\"\n               data-title=\"Huitula_VIII\"\n               data-description=\"&lt;strong&gt;Huitula_VIII,&lt;\/strong&gt; 42 x 45,5 cm, \u00f6ljy ja kylm\u00e4vaha mdf-levylle, 2015, myyty\"\n               data-image-slug=\"huitula_viii-2\"\n               class=\"ngg-fancybox\" rel=\"a86518402df2f141b13b3cbf6646cc21\">\n                <img\n                    title=\"Huitula_VIII\"\n                    alt=\"Huitula_VIII\"\n                    src=\"http:\/\/www.riittakeurulainen.fi\/wp-content\/gallery\/2015_2016\/cache\/Huitula_VIII.jpg-nggid03190-ngg0dyn-200x200x100-00f0w010c011r110f110r010t010.jpg\"\n                    width=\"200\"\n                    height=\"200\"\n                    style=\"max-width:100%;\"\n                \/>\n            <\/a>\n        <\/div>\n\t\t\t\t\t\t\t<\/div> \n\t\t\t\n\t\t\t\t<div id=\"ngg-image-25\" class=\"ngg-gallery-thumbnail-box ngg-3-columns\" >\n\t\t\t\t        <div class=\"ngg-gallery-thumbnail\">\n            <a href=\"http:\/\/www.riittakeurulainen.fi\/wp-content\/gallery\/2015_2016\/Huitula_VII.jpg\"\n               title=\"&lt;strong&gt;Huitula_VII,&lt;\/strong&gt; 28 x 45,5 cm, \u00f6ljy ja kylm\u00e4vaha mdf-levylle, 2015, myyty\"\n               data-src=\"http:\/\/www.riittakeurulainen.fi\/wp-content\/gallery\/2015_2016\/Huitula_VII.jpg\"\n               data-thumbnail=\"http:\/\/www.riittakeurulainen.fi\/wp-content\/gallery\/2015_2016\/thumbs\/thumbs_Huitula_VII.jpg\"\n               data-image-id=\"189\"\n               data-title=\"Huitula_VII\"\n               data-description=\"&lt;strong&gt;Huitula_VII,&lt;\/strong&gt; 28 x 45,5 cm, \u00f6ljy ja kylm\u00e4vaha mdf-levylle, 2015, myyty\"\n               data-image-slug=\"huitula_vii-2\"\n               class=\"ngg-fancybox\" rel=\"a86518402df2f141b13b3cbf6646cc21\">\n                <img\n                    title=\"Huitula_VII\"\n                    alt=\"Huitula_VII\"\n                    src=\"http:\/\/www.riittakeurulainen.fi\/wp-content\/gallery\/2015_2016\/cache\/Huitula_VII.jpg-nggid03189-ngg0dyn-200x200x100-00f0w010c011r110f110r010t010.jpg\"\n                    width=\"200\"\n                    height=\"200\"\n                    style=\"max-width:100%;\"\n                \/>\n            <\/a>\n        <\/div>\n\t\t\t\t\t\t\t<\/div> \n\t\t\t\n\t\t\t\t<div id=\"ngg-image-26\" class=\"ngg-gallery-thumbnail-box ngg-3-columns\" >\n\t\t\t\t        <div class=\"ngg-gallery-thumbnail\">\n            <a href=\"http:\/\/www.riittakeurulainen.fi\/wp-content\/gallery\/2015_2016\/Huitula_VI.jpg\"\n               title=\"&lt;strong&gt;Huitula_VI,&lt;\/strong&gt; 28 x 45,5 cm, \u00f6ljy ja kylm\u00e4vaha mdf-levylle, 2015, myyty\"\n               data-src=\"http:\/\/www.riittakeurulainen.fi\/wp-content\/gallery\/2015_2016\/Huitula_VI.jpg\"\n               data-thumbnail=\"http:\/\/www.riittakeurulainen.fi\/wp-content\/gallery\/2015_2016\/thumbs\/thumbs_Huitula_VI.jpg\"\n               data-image-id=\"188\"\n               data-title=\"Huitula_VI\"\n               data-description=\"&lt;strong&gt;Huitula_VI,&lt;\/strong&gt; 28 x 45,5 cm, \u00f6ljy ja kylm\u00e4vaha mdf-levylle, 2015, myyty\"\n               data-image-slug=\"huitula_vi-2\"\n               class=\"ngg-fancybox\" rel=\"a86518402df2f141b13b3cbf6646cc21\">\n                <img\n                    title=\"Huitula_VI\"\n                    alt=\"Huitula_VI\"\n                    src=\"http:\/\/www.riittakeurulainen.fi\/wp-content\/gallery\/2015_2016\/cache\/Huitula_VI.jpg-nggid03188-ngg0dyn-200x200x100-00f0w010c011r110f110r010t010.jpg\"\n                    width=\"200\"\n                    height=\"200\"\n                    style=\"max-width:100%;\"\n                \/>\n            <\/a>\n        <\/div>\n\t\t\t\t\t\t\t<\/div> \n\t\t\t\n\t\t\t\t<div id=\"ngg-image-27\" class=\"ngg-gallery-thumbnail-box ngg-3-columns\" >\n\t\t\t\t        <div class=\"ngg-gallery-thumbnail\">\n            <a href=\"http:\/\/www.riittakeurulainen.fi\/wp-content\/gallery\/2015_2016\/Huitula_V.jpg\"\n               title=\"&lt;strong&gt;Huitula_V,&lt;\/strong&gt; 28 x 45,5 cm, \u00f6ljy ja kylm\u00e4vaha mdf-levylle, 2015, myyty\"\n               data-src=\"http:\/\/www.riittakeurulainen.fi\/wp-content\/gallery\/2015_2016\/Huitula_V.jpg\"\n               data-thumbnail=\"http:\/\/www.riittakeurulainen.fi\/wp-content\/gallery\/2015_2016\/thumbs\/thumbs_Huitula_V.jpg\"\n               data-image-id=\"187\"\n               data-title=\"Huitula_V\"\n               data-description=\"&lt;strong&gt;Huitula_V,&lt;\/strong&gt; 28 x 45,5 cm, \u00f6ljy ja kylm\u00e4vaha mdf-levylle, 2015, myyty\"\n               data-image-slug=\"huitula_v-2\"\n               class=\"ngg-fancybox\" rel=\"a86518402df2f141b13b3cbf6646cc21\">\n                <img\n                    title=\"Huitula_V\"\n                    alt=\"Huitula_V\"\n                    src=\"http:\/\/www.riittakeurulainen.fi\/wp-content\/gallery\/2015_2016\/cache\/Huitula_V.jpg-nggid03187-ngg0dyn-200x200x100-00f0w010c011r110f110r010t010.jpg\"\n                    width=\"200\"\n                    height=\"200\"\n                    style=\"max-width:100%;\"\n                \/>\n            <\/a>\n        <\/div>\n\t\t\t\t\t\t\t<\/div> \n\t\t\t\n\t\t\t\t<div id=\"ngg-image-28\" class=\"ngg-gallery-thumbnail-box ngg-3-columns\" >\n\t\t\t\t        <div class=\"ngg-gallery-thumbnail\">\n            <a href=\"http:\/\/www.riittakeurulainen.fi\/wp-content\/gallery\/2015_2016\/Huitula_IX.jpg\"\n               title=\"&lt;strong&gt;Huitula_IX,&lt;\/strong&gt; 28 x 45,5 cm, \u00f6ljy ja kylm\u00e4vaha mdf-levylle, 2015, myyty\"\n               data-src=\"http:\/\/www.riittakeurulainen.fi\/wp-content\/gallery\/2015_2016\/Huitula_IX.jpg\"\n               data-thumbnail=\"http:\/\/www.riittakeurulainen.fi\/wp-content\/gallery\/2015_2016\/thumbs\/thumbs_Huitula_IX.jpg\"\n               data-image-id=\"186\"\n               data-title=\"Huitula_IX\"\n               data-description=\"&lt;strong&gt;Huitula_IX,&lt;\/strong&gt; 28 x 45,5 cm, \u00f6ljy ja kylm\u00e4vaha mdf-levylle, 2015, myyty\"\n               data-image-slug=\"huitula_ix-2\"\n               class=\"ngg-fancybox\" rel=\"a86518402df2f141b13b3cbf6646cc21\">\n                <img\n                    title=\"Huitula_IX\"\n                    alt=\"Huitula_IX\"\n                    src=\"http:\/\/www.riittakeurulainen.fi\/wp-content\/gallery\/2015_2016\/cache\/Huitula_IX.jpg-nggid03186-ngg0dyn-200x200x100-00f0w010c011r110f110r010t010.jpg\"\n                    width=\"200\"\n                    height=\"200\"\n                    style=\"max-width:100%;\"\n                \/>\n            <\/a>\n        <\/div>\n\t\t\t\t\t\t\t<\/div> \n\t\t\t\n\t\n\t<br style=\"clear: both\" \/>\n\n\t\n\t\t<!-- Pagination -->\n\t<div class='ngg-clear'><\/div>\t<\/div>\n\n<p><strong>2014 teokset<\/strong><br \/>\n<!-- default-view.php -->\n<div\n\tclass=\"ngg-galleryoverview default-view  ngg-ajax-pagination-none\"\n\tid=\"ngg-gallery-2d6e06faafce9d21e57232438b4caa21-1\">\n\n\t\t<!-- Thumbnails -->\n\t\t\t\t<div id=\"ngg-image-0\" class=\"ngg-gallery-thumbnail-box ngg-3-columns\" >\n\t\t\t\t        <div class=\"ngg-gallery-thumbnail\">\n            <a href=\"http:\/\/www.riittakeurulainen.fi\/wp-content\/gallery\/2014\/Huitula_IV.jpg\"\n               title=\"&lt;strong&gt;Huitula IV,&lt;\/strong&gt; 28 x 45,5 cm, \u00f6ljy ja kylm\u00e4vaha mdf-levylle, 2014, myyty\"\n               data-src=\"http:\/\/www.riittakeurulainen.fi\/wp-content\/gallery\/2014\/Huitula_IV.jpg\"\n               data-thumbnail=\"http:\/\/www.riittakeurulainen.fi\/wp-content\/gallery\/2014\/thumbs\/thumbs_Huitula_IV.jpg\"\n               data-image-id=\"111\"\n               data-title=\"Huitula_IV\"\n               data-description=\"&lt;strong&gt;Huitula IV,&lt;\/strong&gt; 28 x 45,5 cm, \u00f6ljy ja kylm\u00e4vaha mdf-levylle, 2014, myyty\"\n               data-image-slug=\"huitula_iv-1\"\n               class=\"ngg-fancybox\" rel=\"2d6e06faafce9d21e57232438b4caa21\">\n                <img\n                    title=\"Huitula_IV\"\n                    alt=\"Huitula_IV\"\n                    src=\"http:\/\/www.riittakeurulainen.fi\/wp-content\/gallery\/2014\/cache\/Huitula_IV.jpg-nggid03111-ngg0dyn-200x200x100-00f0w010c011r110f110r010t010.jpg\"\n                    width=\"200\"\n                    height=\"200\"\n                    style=\"max-width:100%;\"\n                \/>\n            <\/a>\n        <\/div>\n\t\t\t\t\t\t\t<\/div> \n\t\t\t\n\t\t\t\t<div id=\"ngg-image-1\" class=\"ngg-gallery-thumbnail-box ngg-3-columns\" >\n\t\t\t\t        <div class=\"ngg-gallery-thumbnail\">\n            <a href=\"http:\/\/www.riittakeurulainen.fi\/wp-content\/gallery\/2014\/Huitula_II.jpg\"\n               title=\"&lt;strong&gt;Huitula II,&lt;\/strong&gt; 28 x 45,5 cm, \u00f6ljy ja kylm\u00e4vaha mdf-levylle, 2014, myyty\"\n               data-src=\"http:\/\/www.riittakeurulainen.fi\/wp-content\/gallery\/2014\/Huitula_II.jpg\"\n               data-thumbnail=\"http:\/\/www.riittakeurulainen.fi\/wp-content\/gallery\/2014\/thumbs\/thumbs_Huitula_II.jpg\"\n               data-image-id=\"110\"\n               data-title=\"Huitula_II\"\n               data-description=\"&lt;strong&gt;Huitula II,&lt;\/strong&gt; 28 x 45,5 cm, \u00f6ljy ja kylm\u00e4vaha mdf-levylle, 2014, myyty\"\n               data-image-slug=\"huitula_ii-1\"\n               class=\"ngg-fancybox\" rel=\"2d6e06faafce9d21e57232438b4caa21\">\n                <img\n                    title=\"Huitula_II\"\n                    alt=\"Huitula_II\"\n                    src=\"http:\/\/www.riittakeurulainen.fi\/wp-content\/gallery\/2014\/cache\/Huitula_II.jpg-nggid03110-ngg0dyn-200x200x100-00f0w010c011r110f110r010t010.jpg\"\n                    width=\"200\"\n                    height=\"200\"\n                    style=\"max-width:100%;\"\n                \/>\n            <\/a>\n        <\/div>\n\t\t\t\t\t\t\t<\/div> \n\t\t\t\n\t\t\t\t<div id=\"ngg-image-2\" class=\"ngg-gallery-thumbnail-box ngg-3-columns\" >\n\t\t\t\t        <div class=\"ngg-gallery-thumbnail\">\n            <a href=\"http:\/\/www.riittakeurulainen.fi\/wp-content\/gallery\/2014\/Huitula_I.jpg\"\n               title=\"&lt;strong&gt;Huitula I,&lt;\/strong&gt; 28 x 45,5 cm, \u00f6ljy ja kylm\u00e4vaha mdf-levylle, 2014, myyty\"\n               data-src=\"http:\/\/www.riittakeurulainen.fi\/wp-content\/gallery\/2014\/Huitula_I.jpg\"\n               data-thumbnail=\"http:\/\/www.riittakeurulainen.fi\/wp-content\/gallery\/2014\/thumbs\/thumbs_Huitula_I.jpg\"\n               data-image-id=\"109\"\n               data-title=\"Huitula_I\"\n               data-description=\"&lt;strong&gt;Huitula I,&lt;\/strong&gt; 28 x 45,5 cm, \u00f6ljy ja kylm\u00e4vaha mdf-levylle, 2014, myyty\"\n               data-image-slug=\"huitula_i-1\"\n               class=\"ngg-fancybox\" rel=\"2d6e06faafce9d21e57232438b4caa21\">\n                <img\n                    title=\"Huitula_I\"\n                    alt=\"Huitula_I\"\n                    src=\"http:\/\/www.riittakeurulainen.fi\/wp-content\/gallery\/2014\/cache\/Huitula_I.jpg-nggid03109-ngg0dyn-200x200x100-00f0w010c011r110f110r010t010.jpg\"\n                    width=\"200\"\n                    height=\"200\"\n                    style=\"max-width:100%;\"\n                \/>\n            <\/a>\n        <\/div>\n\t\t\t\t\t\t\t<\/div> \n\t\t\t\n\t\t\t\t<div id=\"ngg-image-3\" class=\"ngg-gallery-thumbnail-box ngg-3-columns\" >\n\t\t\t\t        <div class=\"ngg-gallery-thumbnail\">\n            <a href=\"http:\/\/www.riittakeurulainen.fi\/wp-content\/gallery\/2014\/lyhtykoisot_iso.jpg\"\n               title=\"&lt;strong&gt;Lyhtykoisot, iso&lt;\/strong&gt; 120 x 76 cm, \u00f6ljy ja kylm\u00e4vaha mdf-levylle, 2014, tilausty\u00f6\"\n               data-src=\"http:\/\/www.riittakeurulainen.fi\/wp-content\/gallery\/2014\/lyhtykoisot_iso.jpg\"\n               data-thumbnail=\"http:\/\/www.riittakeurulainen.fi\/wp-content\/gallery\/2014\/thumbs\/thumbs_lyhtykoisot_iso.jpg\"\n               data-image-id=\"99\"\n               data-title=\"lyhtykoisot_iso\"\n               data-description=\"&lt;strong&gt;Lyhtykoisot, iso&lt;\/strong&gt; 120 x 76 cm, \u00f6ljy ja kylm\u00e4vaha mdf-levylle, 2014, tilausty\u00f6\"\n               data-image-slug=\"lyhtykoisot_iso-1\"\n               class=\"ngg-fancybox\" rel=\"2d6e06faafce9d21e57232438b4caa21\">\n                <img\n                    title=\"lyhtykoisot_iso\"\n                    alt=\"lyhtykoisot_iso\"\n                    src=\"http:\/\/www.riittakeurulainen.fi\/wp-content\/gallery\/2014\/cache\/lyhtykoisot_iso.jpg-nggid0299-ngg0dyn-200x200x100-00f0w010c011r110f110r010t010.jpg\"\n                    width=\"200\"\n                    height=\"200\"\n                    style=\"max-width:100%;\"\n                \/>\n            <\/a>\n        <\/div>\n\t\t\t\t\t\t\t<\/div> \n\t\t\t\n\t\t\t\t<div id=\"ngg-image-4\" class=\"ngg-gallery-thumbnail-box ngg-3-columns\" >\n\t\t\t\t        <div class=\"ngg-gallery-thumbnail\">\n            <a href=\"http:\/\/www.riittakeurulainen.fi\/wp-content\/gallery\/2014\/Voikukka.jpg\"\n               title=\"&lt;strong&gt;Voikukka, 45 x 57 cm, &lt;\/strong&gt;\u00f6ljy ja kylm\u00e4vaha mdf-levylle, 2014, myyty\"\n               data-src=\"http:\/\/www.riittakeurulainen.fi\/wp-content\/gallery\/2014\/Voikukka.jpg\"\n               data-thumbnail=\"http:\/\/www.riittakeurulainen.fi\/wp-content\/gallery\/2014\/thumbs\/thumbs_Voikukka.jpg\"\n               data-image-id=\"98\"\n               data-title=\"Voikukka\"\n               data-description=\"&lt;strong&gt;Voikukka, 45 x 57 cm, &lt;\/strong&gt;\u00f6ljy ja kylm\u00e4vaha mdf-levylle, 2014, myyty\"\n               data-image-slug=\"voikukka\"\n               class=\"ngg-fancybox\" rel=\"2d6e06faafce9d21e57232438b4caa21\">\n                <img\n                    title=\"Voikukka\"\n                    alt=\"Voikukka\"\n                    src=\"http:\/\/www.riittakeurulainen.fi\/wp-content\/gallery\/2014\/cache\/Voikukka.jpg-nggid0298-ngg0dyn-200x200x100-00f0w010c011r110f110r010t010.jpg\"\n                    width=\"200\"\n                    height=\"200\"\n                    style=\"max-width:100%;\"\n                \/>\n            <\/a>\n        <\/div>\n\t\t\t\t\t\t\t<\/div> \n\t\t\t\n\t\t\t\t<div id=\"ngg-image-5\" class=\"ngg-gallery-thumbnail-box ngg-3-columns\" >\n\t\t\t\t        <div class=\"ngg-gallery-thumbnail\">\n            <a href=\"http:\/\/www.riittakeurulainen.fi\/wp-content\/gallery\/2014\/Voikukka%20siementaa.jpg\"\n               title=\"&lt;strong&gt;Voikukka siement\u00e4\u00e4,&lt;\/strong&gt; 30 x 59 cm, \u00f6ljy ja kylm\u00e4vaha mdf-levylle, 2014, myyty\"\n               data-src=\"http:\/\/www.riittakeurulainen.fi\/wp-content\/gallery\/2014\/Voikukka%20siementaa.jpg\"\n               data-thumbnail=\"http:\/\/www.riittakeurulainen.fi\/wp-content\/gallery\/2014\/thumbs\/thumbs_Voikukka%20siementaa.jpg\"\n               data-image-id=\"97\"\n               data-title=\"Voikukka siementaa\"\n               data-description=\"&lt;strong&gt;Voikukka siement\u00e4\u00e4,&lt;\/strong&gt; 30 x 59 cm, \u00f6ljy ja kylm\u00e4vaha mdf-levylle, 2014, myyty\"\n               data-image-slug=\"voikukka-siementaa-1\"\n               class=\"ngg-fancybox\" rel=\"2d6e06faafce9d21e57232438b4caa21\">\n                <img\n                    title=\"Voikukka siementaa\"\n                    alt=\"Voikukka siementaa\"\n                    src=\"http:\/\/www.riittakeurulainen.fi\/wp-content\/gallery\/2014\/cache\/Voikukka%20siementaa.jpg-nggid0297-ngg0dyn-200x200x100-00f0w010c011r110f110r010t010.jpg\"\n                    width=\"200\"\n                    height=\"200\"\n                    style=\"max-width:100%;\"\n                \/>\n            <\/a>\n        <\/div>\n\t\t\t\t\t\t\t<\/div> \n\t\t\t\n\t\t\t\t<div id=\"ngg-image-6\" class=\"ngg-gallery-thumbnail-box ngg-3-columns\" >\n\t\t\t\t        <div class=\"ngg-gallery-thumbnail\">\n            <a href=\"http:\/\/www.riittakeurulainen.fi\/wp-content\/gallery\/2014\/Vuohenputki%2C%20vihertava.jpg\"\n               title=\"&lt;strong&gt;Vuohenputki, vihert\u00e4v\u00e4, &lt;\/strong&gt;42 x 45,5 cm, \u00f6ljy ja kylm\u00e4vaha mdf-levylle, 2014\"\n               data-src=\"http:\/\/www.riittakeurulainen.fi\/wp-content\/gallery\/2014\/Vuohenputki%2C%20vihertava.jpg\"\n               data-thumbnail=\"http:\/\/www.riittakeurulainen.fi\/wp-content\/gallery\/2014\/thumbs\/thumbs_Vuohenputki%2C%20vihertava.jpg\"\n               data-image-id=\"96\"\n               data-title=\"Vuohenputki, vihertava\"\n               data-description=\"&lt;strong&gt;Vuohenputki, vihert\u00e4v\u00e4, &lt;\/strong&gt;42 x 45,5 cm, \u00f6ljy ja kylm\u00e4vaha mdf-levylle, 2014\"\n               data-image-slug=\"vuohenputki-vihertava\"\n               class=\"ngg-fancybox\" rel=\"2d6e06faafce9d21e57232438b4caa21\">\n                <img\n                    title=\"Vuohenputki, vihertava\"\n                    alt=\"Vuohenputki, vihertava\"\n                    src=\"http:\/\/www.riittakeurulainen.fi\/wp-content\/gallery\/2014\/cache\/Vuohenputki%2C%20vihertava.jpg-nggid0296-ngg0dyn-200x200x100-00f0w010c011r110f110r010t010.jpg\"\n                    width=\"200\"\n                    height=\"200\"\n                    style=\"max-width:100%;\"\n                \/>\n            <\/a>\n        <\/div>\n\t\t\t\t\t\t\t<\/div> \n\t\t\t\n\t\t\t\t<div id=\"ngg-image-7\" class=\"ngg-gallery-thumbnail-box ngg-3-columns\" >\n\t\t\t\t        <div class=\"ngg-gallery-thumbnail\">\n            <a href=\"http:\/\/www.riittakeurulainen.fi\/wp-content\/gallery\/2014\/Vuohenputki%2C%20vaalea.jpg\"\n               title=\"&lt;strong&gt;Vuohenputki, vaalea,&lt;\/strong&gt; 30 x 59 cm, \u00f6ljy ja kylm\u00e4vaha mdf-levylle, 2014, myyty\"\n               data-src=\"http:\/\/www.riittakeurulainen.fi\/wp-content\/gallery\/2014\/Vuohenputki%2C%20vaalea.jpg\"\n               data-thumbnail=\"http:\/\/www.riittakeurulainen.fi\/wp-content\/gallery\/2014\/thumbs\/thumbs_Vuohenputki%2C%20vaalea.jpg\"\n               data-image-id=\"95\"\n               data-title=\"Vuohenputki, vaalea\"\n               data-description=\"&lt;strong&gt;Vuohenputki, vaalea,&lt;\/strong&gt; 30 x 59 cm, \u00f6ljy ja kylm\u00e4vaha mdf-levylle, 2014, myyty\"\n               data-image-slug=\"vuohenputki-vaalea\"\n               class=\"ngg-fancybox\" rel=\"2d6e06faafce9d21e57232438b4caa21\">\n                <img\n                    title=\"Vuohenputki, vaalea\"\n                    alt=\"Vuohenputki, vaalea\"\n                    src=\"http:\/\/www.riittakeurulainen.fi\/wp-content\/gallery\/2014\/cache\/Vuohenputki%2C%20vaalea.jpg-nggid0295-ngg0dyn-200x200x100-00f0w010c011r110f110r010t010.jpg\"\n                    width=\"200\"\n                    height=\"200\"\n                    style=\"max-width:100%;\"\n                \/>\n            <\/a>\n        <\/div>\n\t\t\t\t\t\t\t<\/div> \n\t\t\t\n\t\t\t\t<div id=\"ngg-image-8\" class=\"ngg-gallery-thumbnail-box ngg-3-columns\" >\n\t\t\t\t        <div class=\"ngg-gallery-thumbnail\">\n            <a href=\"http:\/\/www.riittakeurulainen.fi\/wp-content\/gallery\/2014\/Voikukat%20siementaa%202.jpg\"\n               title=\"&lt;strong&gt;Voikukat siement\u00e4\u00e4 2,&lt;\/strong&gt; 45,5 x 42 cm, \u00f6ljy ja kylm\u00e4vaha mdf-levylle, 2014, myyty\"\n               data-src=\"http:\/\/www.riittakeurulainen.fi\/wp-content\/gallery\/2014\/Voikukat%20siementaa%202.jpg\"\n               data-thumbnail=\"http:\/\/www.riittakeurulainen.fi\/wp-content\/gallery\/2014\/thumbs\/thumbs_Voikukat%20siementaa%202.jpg\"\n               data-image-id=\"94\"\n               data-title=\"Voikukat siementaa 2\"\n               data-description=\"&lt;strong&gt;Voikukat siement\u00e4\u00e4 2,&lt;\/strong&gt; 45,5 x 42 cm, \u00f6ljy ja kylm\u00e4vaha mdf-levylle, 2014, myyty\"\n               data-image-slug=\"voikukat-siementaa-2\"\n               class=\"ngg-fancybox\" rel=\"2d6e06faafce9d21e57232438b4caa21\">\n                <img\n                    title=\"Voikukat siementaa 2\"\n                    alt=\"Voikukat siementaa 2\"\n                    src=\"http:\/\/www.riittakeurulainen.fi\/wp-content\/gallery\/2014\/cache\/Voikukat%20siementaa%202.jpg-nggid0294-ngg0dyn-200x200x100-00f0w010c011r110f110r010t010.jpg\"\n                    width=\"200\"\n                    height=\"200\"\n                    style=\"max-width:100%;\"\n                \/>\n            <\/a>\n        <\/div>\n\t\t\t\t\t\t\t<\/div> \n\t\t\t\n\t\t\t\t<div id=\"ngg-image-9\" class=\"ngg-gallery-thumbnail-box ngg-3-columns\" >\n\t\t\t\t        <div class=\"ngg-gallery-thumbnail\">\n            <a href=\"http:\/\/www.riittakeurulainen.fi\/wp-content\/gallery\/2014\/Ruiskukan%20siemenkodat.jpg\"\n               title=\"&lt;strong&gt;Ruiskukan siemenkodat, &lt;\/strong&gt;30 x 59 cm, \u00f6ljy ja kylm\u00e4vaha mdf-levylle, 2014, myyty\"\n               data-src=\"http:\/\/www.riittakeurulainen.fi\/wp-content\/gallery\/2014\/Ruiskukan%20siemenkodat.jpg\"\n               data-thumbnail=\"http:\/\/www.riittakeurulainen.fi\/wp-content\/gallery\/2014\/thumbs\/thumbs_Ruiskukan%20siemenkodat.jpg\"\n               data-image-id=\"93\"\n               data-title=\"Ruiskukan siemenkodat\"\n               data-description=\"&lt;strong&gt;Ruiskukan siemenkodat, &lt;\/strong&gt;30 x 59 cm, \u00f6ljy ja kylm\u00e4vaha mdf-levylle, 2014, myyty\"\n               data-image-slug=\"ruiskukan-siemenkodat\"\n               class=\"ngg-fancybox\" rel=\"2d6e06faafce9d21e57232438b4caa21\">\n                <img\n                    title=\"Ruiskukan siemenkodat\"\n                    alt=\"Ruiskukan siemenkodat\"\n                    src=\"http:\/\/www.riittakeurulainen.fi\/wp-content\/gallery\/2014\/cache\/Ruiskukan%20siemenkodat.jpg-nggid0293-ngg0dyn-200x200x100-00f0w010c011r110f110r010t010.jpg\"\n                    width=\"200\"\n                    height=\"200\"\n                    style=\"max-width:100%;\"\n                \/>\n            <\/a>\n        <\/div>\n\t\t\t\t\t\t\t<\/div> \n\t\t\t\n\t\t\t\t<div id=\"ngg-image-10\" class=\"ngg-gallery-thumbnail-box ngg-3-columns\" >\n\t\t\t\t        <div class=\"ngg-gallery-thumbnail\">\n            <a href=\"http:\/\/www.riittakeurulainen.fi\/wp-content\/gallery\/2014\/Niittyhuitulat_keltainen.jpg\"\n               title=\"&lt;strong&gt;Niittyhuitulat keltainen,&lt;\/strong&gt; 45,7 x 28 cm, \u00f6ljy ja kylm\u00e4vaha mdf-levylle, 2014, yksityiskokoelma\"\n               data-src=\"http:\/\/www.riittakeurulainen.fi\/wp-content\/gallery\/2014\/Niittyhuitulat_keltainen.jpg\"\n               data-thumbnail=\"http:\/\/www.riittakeurulainen.fi\/wp-content\/gallery\/2014\/thumbs\/thumbs_Niittyhuitulat_keltainen.jpg\"\n               data-image-id=\"92\"\n               data-title=\"Niittyhuitulat_keltainen\"\n               data-description=\"&lt;strong&gt;Niittyhuitulat keltainen,&lt;\/strong&gt; 45,7 x 28 cm, \u00f6ljy ja kylm\u00e4vaha mdf-levylle, 2014, yksityiskokoelma\"\n               data-image-slug=\"niittyhuitulat_keltainen\"\n               class=\"ngg-fancybox\" rel=\"2d6e06faafce9d21e57232438b4caa21\">\n                <img\n                    title=\"Niittyhuitulat_keltainen\"\n                    alt=\"Niittyhuitulat_keltainen\"\n                    src=\"http:\/\/www.riittakeurulainen.fi\/wp-content\/gallery\/2014\/cache\/Niittyhuitulat_keltainen.jpg-nggid0292-ngg0dyn-200x200x100-00f0w010c011r110f110r010t010.jpg\"\n                    width=\"200\"\n                    height=\"200\"\n                    style=\"max-width:100%;\"\n                \/>\n            <\/a>\n        <\/div>\n\t\t\t\t\t\t\t<\/div> \n\t\t\t\n\t\t\t\t<div id=\"ngg-image-11\" class=\"ngg-gallery-thumbnail-box ngg-3-columns\" >\n\t\t\t\t        <div class=\"ngg-gallery-thumbnail\">\n            <a href=\"http:\/\/www.riittakeurulainen.fi\/wp-content\/gallery\/2014\/Niittya%2C%20ruiskukka.jpg\"\n               title=\"&lt;strong&gt;Niitty\u00e4, ruiskukka,&lt;\/strong&gt; 46 x 56,7 cm, \u00f6ljy ja kylm\u00e4vaha mdf-levylle, 2014, myyty\"\n               data-src=\"http:\/\/www.riittakeurulainen.fi\/wp-content\/gallery\/2014\/Niittya%2C%20ruiskukka.jpg\"\n               data-thumbnail=\"http:\/\/www.riittakeurulainen.fi\/wp-content\/gallery\/2014\/thumbs\/thumbs_Niittya%2C%20ruiskukka.jpg\"\n               data-image-id=\"91\"\n               data-title=\"Niittya, ruiskukka\"\n               data-description=\"&lt;strong&gt;Niitty\u00e4, ruiskukka,&lt;\/strong&gt; 46 x 56,7 cm, \u00f6ljy ja kylm\u00e4vaha mdf-levylle, 2014, myyty\"\n               data-image-slug=\"niittya-ruiskukka\"\n               class=\"ngg-fancybox\" rel=\"2d6e06faafce9d21e57232438b4caa21\">\n                <img\n                    title=\"Niittya, ruiskukka\"\n                    alt=\"Niittya, ruiskukka\"\n                    src=\"http:\/\/www.riittakeurulainen.fi\/wp-content\/gallery\/2014\/cache\/Niittya%2C%20ruiskukka.jpg-nggid0291-ngg0dyn-200x200x100-00f0w010c011r110f110r010t010.jpg\"\n                    width=\"200\"\n                    height=\"200\"\n                    style=\"max-width:100%;\"\n                \/>\n            <\/a>\n        <\/div>\n\t\t\t\t\t\t\t<\/div> \n\t\t\t\n\t\t\t\t<div id=\"ngg-image-12\" class=\"ngg-gallery-thumbnail-box ngg-3-columns\" >\n\t\t\t\t        <div class=\"ngg-gallery-thumbnail\">\n            <a href=\"http:\/\/www.riittakeurulainen.fi\/wp-content\/gallery\/2014\/Koivun%20urpuja.jpg\"\n               title=\"&lt;strong&gt;Koivun urpuja, &lt;\/strong&gt;45,5 x 50 cm, \u00f6ljy ja kylm\u00e4vaha mdf-levylle, 2014, myyty\"\n               data-src=\"http:\/\/www.riittakeurulainen.fi\/wp-content\/gallery\/2014\/Koivun%20urpuja.jpg\"\n               data-thumbnail=\"http:\/\/www.riittakeurulainen.fi\/wp-content\/gallery\/2014\/thumbs\/thumbs_Koivun%20urpuja.jpg\"\n               data-image-id=\"90\"\n               data-title=\"Koivun urpuja\"\n               data-description=\"&lt;strong&gt;Koivun urpuja, &lt;\/strong&gt;45,5 x 50 cm, \u00f6ljy ja kylm\u00e4vaha mdf-levylle, 2014, myyty\"\n               data-image-slug=\"koivun-urpuja\"\n               class=\"ngg-fancybox\" rel=\"2d6e06faafce9d21e57232438b4caa21\">\n                <img\n                    title=\"Koivun urpuja\"\n                    alt=\"Koivun urpuja\"\n                    src=\"http:\/\/www.riittakeurulainen.fi\/wp-content\/gallery\/2014\/cache\/Koivun%20urpuja.jpg-nggid0290-ngg0dyn-200x200x100-00f0w010c011r110f110r010t010.jpg\"\n                    width=\"200\"\n                    height=\"200\"\n                    style=\"max-width:100%;\"\n                \/>\n            <\/a>\n        <\/div>\n\t\t\t\t\t\t\t<\/div> \n\t\t\t\n\t\t\t\t<div id=\"ngg-image-13\" class=\"ngg-gallery-thumbnail-box ngg-3-columns\" >\n\t\t\t\t        <div class=\"ngg-gallery-thumbnail\">\n            <a href=\"http:\/\/www.riittakeurulainen.fi\/wp-content\/gallery\/2014\/Kiinalainen%20lyhtykoiso%20iso1.jpg\"\n               title=\"&lt;strong&gt;Kiinalainen lyhtykoiso,&lt;\/strong&gt; 46 x 56,5 cm, \u00f6ljy ja kylm\u00e4vaha mdf-levylle, 2014, ei myyt\u00e4v\u00e4n\u00e4\"\n               data-src=\"http:\/\/www.riittakeurulainen.fi\/wp-content\/gallery\/2014\/Kiinalainen%20lyhtykoiso%20iso1.jpg\"\n               data-thumbnail=\"http:\/\/www.riittakeurulainen.fi\/wp-content\/gallery\/2014\/thumbs\/thumbs_Kiinalainen%20lyhtykoiso%20iso1.jpg\"\n               data-image-id=\"89\"\n               data-title=\"Kiinalainen lyhtykoiso iso1\"\n               data-description=\"&lt;strong&gt;Kiinalainen lyhtykoiso,&lt;\/strong&gt; 46 x 56,5 cm, \u00f6ljy ja kylm\u00e4vaha mdf-levylle, 2014, ei myyt\u00e4v\u00e4n\u00e4\"\n               data-image-slug=\"kiinalainen-lyhtykoiso-iso1\"\n               class=\"ngg-fancybox\" rel=\"2d6e06faafce9d21e57232438b4caa21\">\n                <img\n                    title=\"Kiinalainen lyhtykoiso iso1\"\n                    alt=\"Kiinalainen lyhtykoiso iso1\"\n                    src=\"http:\/\/www.riittakeurulainen.fi\/wp-content\/gallery\/2014\/cache\/Kiinalainen%20lyhtykoiso%20iso1.jpg-nggid0289-ngg0dyn-200x200x100-00f0w010c011r110f110r010t010.jpg\"\n                    width=\"200\"\n                    height=\"200\"\n                    style=\"max-width:100%;\"\n                \/>\n            <\/a>\n        <\/div>\n\t\t\t\t\t\t\t<\/div> \n\t\t\t\n\t\t\t\t<div id=\"ngg-image-14\" class=\"ngg-gallery-thumbnail-box ngg-3-columns\" >\n\t\t\t\t        <div class=\"ngg-gallery-thumbnail\">\n            <a href=\"http:\/\/www.riittakeurulainen.fi\/wp-content\/gallery\/2014\/Kiinalainen%20lyhtykoiso%206.jpg\"\n               title=\"&lt;strong&gt;Kiinalainen lyhtykoiso 6,&lt;\/strong&gt; 45 x 56 cm, \u00f6ljy ja kylm\u00e4vaha mdf-levylle, 2014, myyty\"\n               data-src=\"http:\/\/www.riittakeurulainen.fi\/wp-content\/gallery\/2014\/Kiinalainen%20lyhtykoiso%206.jpg\"\n               data-thumbnail=\"http:\/\/www.riittakeurulainen.fi\/wp-content\/gallery\/2014\/thumbs\/thumbs_Kiinalainen%20lyhtykoiso%206.jpg\"\n               data-image-id=\"88\"\n               data-title=\"Kiinalainen lyhtykoiso 6\"\n               data-description=\"&lt;strong&gt;Kiinalainen lyhtykoiso 6,&lt;\/strong&gt; 45 x 56 cm, \u00f6ljy ja kylm\u00e4vaha mdf-levylle, 2014, myyty\"\n               data-image-slug=\"kiinalainen-lyhtykoiso-6\"\n               class=\"ngg-fancybox\" rel=\"2d6e06faafce9d21e57232438b4caa21\">\n                <img\n                    title=\"Kiinalainen lyhtykoiso 6\"\n                    alt=\"Kiinalainen lyhtykoiso 6\"\n                    src=\"http:\/\/www.riittakeurulainen.fi\/wp-content\/gallery\/2014\/cache\/Kiinalainen%20lyhtykoiso%206.jpg-nggid0288-ngg0dyn-200x200x100-00f0w010c011r110f110r010t010.jpg\"\n                    width=\"200\"\n                    height=\"200\"\n                    style=\"max-width:100%;\"\n                \/>\n            <\/a>\n        <\/div>\n\t\t\t\t\t\t\t<\/div> \n\t\t\t\n\t\t\t\t<div id=\"ngg-image-15\" class=\"ngg-gallery-thumbnail-box ngg-3-columns\" >\n\t\t\t\t        <div class=\"ngg-gallery-thumbnail\">\n            <a href=\"http:\/\/www.riittakeurulainen.fi\/wp-content\/gallery\/2014\/Kiinalainen%20lyhtykoiso%201.jpg\"\n               title=\"&lt;strong&gt;Kiinalainen lyhtykoiso 1,&lt;\/strong&gt; 59 x 30 cm, \u00f6ljy ja kylm\u00e4vaha mdf-levylle, 2014, myyty\"\n               data-src=\"http:\/\/www.riittakeurulainen.fi\/wp-content\/gallery\/2014\/Kiinalainen%20lyhtykoiso%201.jpg\"\n               data-thumbnail=\"http:\/\/www.riittakeurulainen.fi\/wp-content\/gallery\/2014\/thumbs\/thumbs_Kiinalainen%20lyhtykoiso%201.jpg\"\n               data-image-id=\"87\"\n               data-title=\"Kiinalainen lyhtykoiso 1\"\n               data-description=\"&lt;strong&gt;Kiinalainen lyhtykoiso 1,&lt;\/strong&gt; 59 x 30 cm, \u00f6ljy ja kylm\u00e4vaha mdf-levylle, 2014, myyty\"\n               data-image-slug=\"kiinalainen-lyhtykoiso-1\"\n               class=\"ngg-fancybox\" rel=\"2d6e06faafce9d21e57232438b4caa21\">\n                <img\n                    title=\"Kiinalainen lyhtykoiso 1\"\n                    alt=\"Kiinalainen lyhtykoiso 1\"\n                    src=\"http:\/\/www.riittakeurulainen.fi\/wp-content\/gallery\/2014\/cache\/Kiinalainen%20lyhtykoiso%201.jpg-nggid0287-ngg0dyn-200x200x100-00f0w010c011r110f110r010t010.jpg\"\n                    width=\"200\"\n                    height=\"200\"\n                    style=\"max-width:100%;\"\n                \/>\n            <\/a>\n        <\/div>\n\t\t\t\t\t\t\t<\/div> \n\t\t\t\n\t\t\t\t<div id=\"ngg-image-16\" class=\"ngg-gallery-thumbnail-box ngg-3-columns\" >\n\t\t\t\t        <div class=\"ngg-gallery-thumbnail\">\n            <a href=\"http:\/\/www.riittakeurulainen.fi\/wp-content\/gallery\/2014\/Huitulat%20siemenilla%2C%20punertava.jpg\"\n               title=\"&lt;strong&gt;Huitulat siemenill\u00e4, punertava, &lt;\/strong&gt;42 x 46 cm, \u00f6ljy ja kylm\u00e4vaha mdf-levylle, 2014, myyty\"\n               data-src=\"http:\/\/www.riittakeurulainen.fi\/wp-content\/gallery\/2014\/Huitulat%20siemenilla%2C%20punertava.jpg\"\n               data-thumbnail=\"http:\/\/www.riittakeurulainen.fi\/wp-content\/gallery\/2014\/thumbs\/thumbs_Huitulat%20siemenilla%2C%20punertava.jpg\"\n               data-image-id=\"86\"\n               data-title=\"Huitulat siemenilla, punertava\"\n               data-description=\"&lt;strong&gt;Huitulat siemenill\u00e4, punertava, &lt;\/strong&gt;42 x 46 cm, \u00f6ljy ja kylm\u00e4vaha mdf-levylle, 2014, myyty\"\n               data-image-slug=\"huitulat-siemenilla-punertava\"\n               class=\"ngg-fancybox\" rel=\"2d6e06faafce9d21e57232438b4caa21\">\n                <img\n                    title=\"Huitulat siemenilla, punertava\"\n                    alt=\"Huitulat siemenilla, punertava\"\n                    src=\"http:\/\/www.riittakeurulainen.fi\/wp-content\/gallery\/2014\/cache\/Huitulat%20siemenilla%2C%20punertava.jpg-nggid0286-ngg0dyn-200x200x100-00f0w010c011r110f110r010t010.jpg\"\n                    width=\"200\"\n                    height=\"200\"\n                    style=\"max-width:100%;\"\n                \/>\n            <\/a>\n        <\/div>\n\t\t\t\t\t\t\t<\/div> \n\t\t\t\n\t\t\t\t<div id=\"ngg-image-17\" class=\"ngg-gallery-thumbnail-box ngg-3-columns\" >\n\t\t\t\t        <div class=\"ngg-gallery-thumbnail\">\n            <a href=\"http:\/\/www.riittakeurulainen.fi\/wp-content\/gallery\/2014\/Huitula_III.jpg\"\n               title=\"&lt;strong&gt;Huitula III,&lt;\/strong&gt; 28 x 45,5 cm, \u00f6ljy ja kylm\u00e4vaha mdf-levylle, 2014, myyty\"\n               data-src=\"http:\/\/www.riittakeurulainen.fi\/wp-content\/gallery\/2014\/Huitula_III.jpg\"\n               data-thumbnail=\"http:\/\/www.riittakeurulainen.fi\/wp-content\/gallery\/2014\/thumbs\/thumbs_Huitula_III.jpg\"\n               data-image-id=\"85\"\n               data-title=\"Huitula_III\"\n               data-description=\"&lt;strong&gt;Huitula III,&lt;\/strong&gt; 28 x 45,5 cm, \u00f6ljy ja kylm\u00e4vaha mdf-levylle, 2014, myyty\"\n               data-image-slug=\"huitula_iii\"\n               class=\"ngg-fancybox\" rel=\"2d6e06faafce9d21e57232438b4caa21\">\n                <img\n                    title=\"Huitula_III\"\n                    alt=\"Huitula_III\"\n                    src=\"http:\/\/www.riittakeurulainen.fi\/wp-content\/gallery\/2014\/cache\/Huitula_III.jpg-nggid0285-ngg0dyn-200x200x100-00f0w010c011r110f110r010t010.jpg\"\n                    width=\"200\"\n                    height=\"200\"\n                    style=\"max-width:100%;\"\n                \/>\n            <\/a>\n        <\/div>\n\t\t\t\t\t\t\t<\/div> \n\t\t\t\n\t\t\t\t<div id=\"ngg-image-18\" class=\"ngg-gallery-thumbnail-box ngg-3-columns\" >\n\t\t\t\t        <div class=\"ngg-gallery-thumbnail\">\n            <a href=\"http:\/\/www.riittakeurulainen.fi\/wp-content\/gallery\/2014\/Huitula2%2C%20tummavaaka.jpg\"\n               title=\"&lt;strong&gt;Huitula 2, tummavaaka,&lt;\/strong&gt; 45,7 x 28 cm, \u00f6ljy ja kylm\u00e4vaha mdf-levylle, 2014, myyty\"\n               data-src=\"http:\/\/www.riittakeurulainen.fi\/wp-content\/gallery\/2014\/Huitula2%2C%20tummavaaka.jpg\"\n               data-thumbnail=\"http:\/\/www.riittakeurulainen.fi\/wp-content\/gallery\/2014\/thumbs\/thumbs_Huitula2%2C%20tummavaaka.jpg\"\n               data-image-id=\"84\"\n               data-title=\"Huitula2, tummavaaka\"\n               data-description=\"&lt;strong&gt;Huitula 2, tummavaaka,&lt;\/strong&gt; 45,7 x 28 cm, \u00f6ljy ja kylm\u00e4vaha mdf-levylle, 2014, myyty\"\n               data-image-slug=\"huitula2-tummavaaka\"\n               class=\"ngg-fancybox\" rel=\"2d6e06faafce9d21e57232438b4caa21\">\n                <img\n                    title=\"Huitula2, tummavaaka\"\n                    alt=\"Huitula2, tummavaaka\"\n                    src=\"http:\/\/www.riittakeurulainen.fi\/wp-content\/gallery\/2014\/cache\/Huitula2%2C%20tummavaaka.jpg-nggid0284-ngg0dyn-200x200x100-00f0w010c011r110f110r010t010.jpg\"\n                    width=\"200\"\n                    height=\"200\"\n                    style=\"max-width:100%;\"\n                \/>\n            <\/a>\n        <\/div>\n\t\t\t\t\t\t\t<\/div> \n\t\t\t\n\t\t\t\t<div id=\"ngg-image-19\" class=\"ngg-gallery-thumbnail-box ngg-3-columns\" >\n\t\t\t\t        <div class=\"ngg-gallery-thumbnail\">\n            <a href=\"http:\/\/www.riittakeurulainen.fi\/wp-content\/gallery\/2014\/Huitula%20siemenilla.jpg\"\n               title=\"&lt;strong&gt;Huitula siemenill\u00e4, sinert\u00e4v\u00e4, &lt;\/strong&gt;42 x 46 cm, \u00f6ljy ja kylm\u00e4vaha mdf-levylle, 2014, myyty\"\n               data-src=\"http:\/\/www.riittakeurulainen.fi\/wp-content\/gallery\/2014\/Huitula%20siemenilla.jpg\"\n               data-thumbnail=\"http:\/\/www.riittakeurulainen.fi\/wp-content\/gallery\/2014\/thumbs\/thumbs_Huitula%20siemenilla.jpg\"\n               data-image-id=\"83\"\n               data-title=\"Huitula siemenilla\"\n               data-description=\"&lt;strong&gt;Huitula siemenill\u00e4, sinert\u00e4v\u00e4, &lt;\/strong&gt;42 x 46 cm, \u00f6ljy ja kylm\u00e4vaha mdf-levylle, 2014, myyty\"\n               data-image-slug=\"huitula-siemenilla\"\n               class=\"ngg-fancybox\" rel=\"2d6e06faafce9d21e57232438b4caa21\">\n                <img\n                    title=\"Huitula siemenilla\"\n                    alt=\"Huitula siemenilla\"\n                    src=\"http:\/\/www.riittakeurulainen.fi\/wp-content\/gallery\/2014\/cache\/Huitula%20siemenilla.jpg-nggid0283-ngg0dyn-200x200x100-00f0w010c011r110f110r010t010.jpg\"\n                    width=\"200\"\n                    height=\"200\"\n                    style=\"max-width:100%;\"\n                \/>\n            <\/a>\n        <\/div>\n\t\t\t\t\t\t\t<\/div> \n\t\t\t\n\t\t\t\t<div id=\"ngg-image-20\" class=\"ngg-gallery-thumbnail-box ngg-3-columns\" >\n\t\t\t\t        <div class=\"ngg-gallery-thumbnail\">\n            <a href=\"http:\/\/www.riittakeurulainen.fi\/wp-content\/gallery\/2014\/Huitula%20siemenilla%2C%20vihertava.jpg\"\n               title=\"&lt;strong&gt;Huitula siemenill\u00e4, vihert\u00e4v\u00e4, &lt;\/strong&gt;42 x 46 cm, \u00f6ljy ja kylm\u00e4vaha mdf-levylle, 2014, myyty\"\n               data-src=\"http:\/\/www.riittakeurulainen.fi\/wp-content\/gallery\/2014\/Huitula%20siemenilla%2C%20vihertava.jpg\"\n               data-thumbnail=\"http:\/\/www.riittakeurulainen.fi\/wp-content\/gallery\/2014\/thumbs\/thumbs_Huitula%20siemenilla%2C%20vihertava.jpg\"\n               data-image-id=\"82\"\n               data-title=\"Huitula siemenilla, vihertava\"\n               data-description=\"&lt;strong&gt;Huitula siemenill\u00e4, vihert\u00e4v\u00e4, &lt;\/strong&gt;42 x 46 cm, \u00f6ljy ja kylm\u00e4vaha mdf-levylle, 2014, myyty\"\n               data-image-slug=\"huitula-siemenilla-vihertava\"\n               class=\"ngg-fancybox\" rel=\"2d6e06faafce9d21e57232438b4caa21\">\n                <img\n                    title=\"Huitula siemenilla, vihertava\"\n                    alt=\"Huitula siemenilla, vihertava\"\n                    src=\"http:\/\/www.riittakeurulainen.fi\/wp-content\/gallery\/2014\/cache\/Huitula%20siemenilla%2C%20vihertava.jpg-nggid0282-ngg0dyn-200x200x100-00f0w010c011r110f110r010t010.jpg\"\n                    width=\"200\"\n                    height=\"200\"\n                    style=\"max-width:100%;\"\n                \/>\n            <\/a>\n        <\/div>\n\t\t\t\t\t\t\t<\/div> \n\t\t\t\n\t\t\t\t<div id=\"ngg-image-21\" class=\"ngg-gallery-thumbnail-box ngg-3-columns\" >\n\t\t\t\t        <div class=\"ngg-gallery-thumbnail\">\n            <a href=\"http:\/\/www.riittakeurulainen.fi\/wp-content\/gallery\/2014\/Huitula%20siemenilla%2C%20pieni.jpg\"\n               title=\"&lt;strong&gt;Huitula siemenill\u00e4, pieni,&lt;\/strong&gt; 24 x 30 cm, \u00f6ljy ja kylm\u00e4vaha mdf-levylle, 2014, myyty\"\n               data-src=\"http:\/\/www.riittakeurulainen.fi\/wp-content\/gallery\/2014\/Huitula%20siemenilla%2C%20pieni.jpg\"\n               data-thumbnail=\"http:\/\/www.riittakeurulainen.fi\/wp-content\/gallery\/2014\/thumbs\/thumbs_Huitula%20siemenilla%2C%20pieni.jpg\"\n               data-image-id=\"81\"\n               data-title=\"Huitula siemenilla, pieni\"\n               data-description=\"&lt;strong&gt;Huitula siemenill\u00e4, pieni,&lt;\/strong&gt; 24 x 30 cm, \u00f6ljy ja kylm\u00e4vaha mdf-levylle, 2014, myyty\"\n               data-image-slug=\"huitula-siemenilla-pieni-2\"\n               class=\"ngg-fancybox\" rel=\"2d6e06faafce9d21e57232438b4caa21\">\n                <img\n                    title=\"Huitula siemenilla, pieni\"\n                    alt=\"Huitula siemenilla, pieni\"\n                    src=\"http:\/\/www.riittakeurulainen.fi\/wp-content\/gallery\/2014\/cache\/Huitula%20siemenilla%2C%20pieni.jpg-nggid0281-ngg0dyn-200x200x100-00f0w010c011r110f110r010t010.jpg\"\n                    width=\"200\"\n                    height=\"200\"\n                    style=\"max-width:100%;\"\n                \/>\n            <\/a>\n        <\/div>\n\t\t\t\t\t\t\t<\/div> \n\t\t\t\n\t\t\t\t<div id=\"ngg-image-22\" class=\"ngg-gallery-thumbnail-box ngg-3-columns\" >\n\t\t\t\t        <div class=\"ngg-gallery-thumbnail\">\n            <a href=\"http:\/\/www.riittakeurulainen.fi\/wp-content\/gallery\/2014\/Huitula%202%2C%20vihertava.jpg\"\n               title=\"&lt;strong&gt;Huitula 2, vihert\u00e4v\u00e4,&lt;\/strong&gt; 42 x 45,5 cm, \u00f6ljy ja kylm\u00e4vaha mdf-levylle, 2014, myyty\"\n               data-src=\"http:\/\/www.riittakeurulainen.fi\/wp-content\/gallery\/2014\/Huitula%202%2C%20vihertava.jpg\"\n               data-thumbnail=\"http:\/\/www.riittakeurulainen.fi\/wp-content\/gallery\/2014\/thumbs\/thumbs_Huitula%202%2C%20vihertava.jpg\"\n               data-image-id=\"80\"\n               data-title=\"Huitula 2, vihertava\"\n               data-description=\"&lt;strong&gt;Huitula 2, vihert\u00e4v\u00e4,&lt;\/strong&gt; 42 x 45,5 cm, \u00f6ljy ja kylm\u00e4vaha mdf-levylle, 2014, myyty\"\n               data-image-slug=\"huitula-2-vihertava\"\n               class=\"ngg-fancybox\" rel=\"2d6e06faafce9d21e57232438b4caa21\">\n                <img\n                    title=\"Huitula 2, vihertava\"\n                    alt=\"Huitula 2, vihertava\"\n                    src=\"http:\/\/www.riittakeurulainen.fi\/wp-content\/gallery\/2014\/cache\/Huitula%202%2C%20vihertava.jpg-nggid0280-ngg0dyn-200x200x100-00f0w010c011r110f110r010t010.jpg\"\n                    width=\"200\"\n                    height=\"200\"\n                    style=\"max-width:100%;\"\n                \/>\n            <\/a>\n        <\/div>\n\t\t\t\t\t\t\t<\/div> \n\t\t\t\n\t\t\t\t<div id=\"ngg-image-23\" class=\"ngg-gallery-thumbnail-box ngg-3-columns\" >\n\t\t\t\t        <div class=\"ngg-gallery-thumbnail\">\n            <a href=\"http:\/\/www.riittakeurulainen.fi\/wp-content\/gallery\/2014\/Huitula%202%2C%20vaalea.jpg\"\n               title=\"&lt;strong&gt;Huitula 2, vaalea, &lt;\/strong&gt;28 x 45,7 cm, \u00f6ljy ja kylm\u00e4vaha mdf-levylle, 2014, tilausty\u00f6\"\n               data-src=\"http:\/\/www.riittakeurulainen.fi\/wp-content\/gallery\/2014\/Huitula%202%2C%20vaalea.jpg\"\n               data-thumbnail=\"http:\/\/www.riittakeurulainen.fi\/wp-content\/gallery\/2014\/thumbs\/thumbs_Huitula%202%2C%20vaalea.jpg\"\n               data-image-id=\"79\"\n               data-title=\"Huitula 2, vaalea\"\n               data-description=\"&lt;strong&gt;Huitula 2, vaalea, &lt;\/strong&gt;28 x 45,7 cm, \u00f6ljy ja kylm\u00e4vaha mdf-levylle, 2014, tilausty\u00f6\"\n               data-image-slug=\"huitula-2-vaalea\"\n               class=\"ngg-fancybox\" rel=\"2d6e06faafce9d21e57232438b4caa21\">\n                <img\n                    title=\"Huitula 2, vaalea\"\n                    alt=\"Huitula 2, vaalea\"\n                    src=\"http:\/\/www.riittakeurulainen.fi\/wp-content\/gallery\/2014\/cache\/Huitula%202%2C%20vaalea.jpg-nggid0279-ngg0dyn-200x200x100-00f0w010c011r110f110r010t010.jpg\"\n                    width=\"200\"\n                    height=\"200\"\n                    style=\"max-width:100%;\"\n                \/>\n            <\/a>\n        <\/div>\n\t\t\t\t\t\t\t<\/div> \n\t\t\t\n\t\t\t\t<div id=\"ngg-image-24\" class=\"ngg-gallery-thumbnail-box ngg-3-columns\" >\n\t\t\t\t        <div class=\"ngg-gallery-thumbnail\">\n            <a href=\"http:\/\/www.riittakeurulainen.fi\/wp-content\/gallery\/2014\/Huitula%202%2C%20sinipunertava.jpg\"\n               title=\"&lt;strong&gt;Huitula 2, sinipunertava,&lt;\/strong&gt; 42 x 45,5 cm, \u00f6ljy ja kylm\u00e4vaha mdf-levylle, 2014, myyty\"\n               data-src=\"http:\/\/www.riittakeurulainen.fi\/wp-content\/gallery\/2014\/Huitula%202%2C%20sinipunertava.jpg\"\n               data-thumbnail=\"http:\/\/www.riittakeurulainen.fi\/wp-content\/gallery\/2014\/thumbs\/thumbs_Huitula%202%2C%20sinipunertava.jpg\"\n               data-image-id=\"78\"\n               data-title=\"Huitula 2, sinipunertava\"\n               data-description=\"&lt;strong&gt;Huitula 2, sinipunertava,&lt;\/strong&gt; 42 x 45,5 cm, \u00f6ljy ja kylm\u00e4vaha mdf-levylle, 2014, myyty\"\n               data-image-slug=\"huitula-2-sinipunertava\"\n               class=\"ngg-fancybox\" rel=\"2d6e06faafce9d21e57232438b4caa21\">\n                <img\n                    title=\"Huitula 2, sinipunertava\"\n                    alt=\"Huitula 2, sinipunertava\"\n                    src=\"http:\/\/www.riittakeurulainen.fi\/wp-content\/gallery\/2014\/cache\/Huitula%202%2C%20sinipunertava.jpg-nggid0278-ngg0dyn-200x200x100-00f0w010c011r110f110r010t010.jpg\"\n                    width=\"200\"\n                    height=\"200\"\n                    style=\"max-width:100%;\"\n                \/>\n            <\/a>\n        <\/div>\n\t\t\t\t\t\t\t<\/div> \n\t\t\t\n\t\t\t\t<div id=\"ngg-image-25\" class=\"ngg-gallery-thumbnail-box ngg-3-columns\" >\n\t\t\t\t        <div class=\"ngg-gallery-thumbnail\">\n            <a href=\"http:\/\/www.riittakeurulainen.fi\/wp-content\/gallery\/2014\/Huitula%202%2C%20ruskea.jpg\"\n               title=\"&lt;strong&gt;Huitula 2, ruskea,&lt;\/strong&gt; 45,5 x 42 cm, \u00f6ljy ja kylm\u00e4vaha mdf-levylle, 2014, myyty\"\n               data-src=\"http:\/\/www.riittakeurulainen.fi\/wp-content\/gallery\/2014\/Huitula%202%2C%20ruskea.jpg\"\n               data-thumbnail=\"http:\/\/www.riittakeurulainen.fi\/wp-content\/gallery\/2014\/thumbs\/thumbs_Huitula%202%2C%20ruskea.jpg\"\n               data-image-id=\"77\"\n               data-title=\"Huitula 2, ruskea\"\n               data-description=\"&lt;strong&gt;Huitula 2, ruskea,&lt;\/strong&gt; 45,5 x 42 cm, \u00f6ljy ja kylm\u00e4vaha mdf-levylle, 2014, myyty\"\n               data-image-slug=\"huitula-2-ruskea\"\n               class=\"ngg-fancybox\" rel=\"2d6e06faafce9d21e57232438b4caa21\">\n                <img\n                    title=\"Huitula 2, ruskea\"\n                    alt=\"Huitula 2, ruskea\"\n                    src=\"http:\/\/www.riittakeurulainen.fi\/wp-content\/gallery\/2014\/cache\/Huitula%202%2C%20ruskea.jpg-nggid0277-ngg0dyn-200x200x100-00f0w010c011r110f110r010t010.jpg\"\n                    width=\"200\"\n                    height=\"200\"\n                    style=\"max-width:100%;\"\n                \/>\n            <\/a>\n        <\/div>\n\t\t\t\t\t\t\t<\/div> \n\t\t\t\n\t\n\t<br style=\"clear: both\" \/>\n\n\t\n\t\t<!-- Pagination -->\n\t<div class='ngg-clear'><\/div>\t<\/div>\n<\/p>\n","protected":false},"excerpt":{"rendered":"<p>&nbsp; Kuvagalleria &nbsp; 2021 &#8211; 2022 teokset 2020 teokset 2018 teokset 2017 teokset 2015-2016 teokset 2014 teokset<\/p>\n","protected":false},"author":1,"featured_media":0,"parent":0,"menu_order":0,"comment_status":"open","ping_status":"open","template":"","meta":{"ngg_post_thumbnail":0},"_links":{"self":[{"href":"http:\/\/www.riittakeurulainen.fi\/index.php?rest_route=\/wp\/v2\/pages\/29"}],"collection":[{"href":"http:\/\/www.riittakeurulainen.fi\/index.php?rest_route=\/wp\/v2\/pages"}],"about":[{"href":"http:\/\/www.riittakeurulainen.fi\/index.php?rest_route=\/wp\/v2\/types\/page"}],"author":[{"embeddable":true,"href":"http:\/\/www.riittakeurulainen.fi\/index.php?rest_route=\/wp\/v2\/users\/1"}],"replies":[{"embeddable":true,"href":"http:\/\/www.riittakeurulainen.fi\/index.php?rest_route=%2Fwp%2Fv2%2Fcomments&post=29"}],"version-history":[{"count":40,"href":"http:\/\/www.riittakeurulainen.fi\/index.php?rest_route=\/wp\/v2\/pages\/29\/revisions"}],"predecessor-version":[{"id":220999,"href":"http:\/\/www.riittakeurulainen.fi\/index.php?rest_route=\/wp\/v2\/pages\/29\/revisions\/220999"}],"wp:attachment":[{"href":"http:\/\/www.riittakeurulainen.fi\/index.php?rest_route=%2Fwp%2Fv2%2Fmedia&parent=29"}],"curies":[{"name":"wp","href":"https:\/\/api.w.org\/{rel}","templated":true}]}}