{"id":31,"date":"2014-04-26T16:26:30","date_gmt":"2014-04-26T13:26:30","guid":{"rendered":"http:\/\/www.riittakeurulainen.fi\/?page_id=31"},"modified":"2022-12-01T20:01:53","modified_gmt":"2022-12-01T18:01:53","slug":"cv","status":"publish","type":"page","link":"http:\/\/www.riittakeurulainen.fi\/?page_id=31","title":{"rendered":"CV"},"content":{"rendered":"<p>&nbsp;<\/p>\n<h1>CV<\/h1>\n<p>&nbsp;<\/p>\n<p><strong>Yhteystiedot:<\/strong> &nbsp;&nbsp;&nbsp;&nbsp;&nbsp;&nbsp;riitta.keurulainen(at)saunalahti.fi<\/p>\n<h6>&nbsp;<\/h6>\n<p>&nbsp;<\/p>\n<p><strong>Taidekoulutus:<\/strong><\/p>\n<p>1985\u20131990&nbsp;&nbsp;&nbsp;&nbsp;&nbsp;&nbsp;&nbsp;&nbsp;&nbsp;&nbsp;&nbsp;&nbsp;Graafikon koulutus Z\u00fcrichiss\u00e4, Sveitsiss\u00e4<\/p>\n<p style=\"padding-left: 120px;\">(Kunstgewerbeschule)<\/p>\n<p>1992\u20131993&nbsp;&nbsp;&nbsp;&nbsp;&nbsp;&nbsp;&nbsp;&nbsp;&nbsp;&nbsp;&nbsp;&nbsp;Lis\u00e4opinnot Ranskassa Lyonin yliopiston kuvallisen<\/p>\n<p style=\"padding-left: 120px;\">viestinn\u00e4n instituutissa<\/p>\n<p>1993\u20131994&nbsp;&nbsp;&nbsp;&nbsp;&nbsp;&nbsp;&nbsp;&nbsp;&nbsp;&nbsp;&nbsp;&nbsp;Projektityyppist\u00e4 jatkokoulutusta<\/p>\n<p style=\"padding-left: 120px;\">Sveitsiss\u00e4&nbsp;Lausannen taidekoulun tietokonekuvan osastolla<\/p>\n<p style=\"padding-left: 120px;\">(Ecole cantonale d\u2019art de Lausanne)<\/p>\n<p>&nbsp;<\/p>\n<p><strong>Muu koulutus:<\/strong><\/p>\n<p>2011\u20132012&nbsp;&nbsp;&nbsp;&nbsp;&nbsp;&nbsp;&nbsp;&nbsp;&nbsp;&nbsp;&nbsp;&nbsp;Estetiikan perusopinnot, Helsingin avoin yliopisto<br>2012\u20132013&nbsp;&nbsp;&nbsp;&nbsp;&nbsp;&nbsp;&nbsp;&nbsp;&nbsp;&nbsp;&nbsp;&nbsp;Taidehistorian perusopinnot, Helsingin avoin<\/p>\n<p style=\"padding-left: 120px;\">yliopisto<\/p>\n<h6>&nbsp;<\/h6>\n<p><strong>Ty\u00f6kokemus:<\/strong><\/p>\n<p>2014\u2013&nbsp;&nbsp;&nbsp;&nbsp;&nbsp;&nbsp;&nbsp;&nbsp;&nbsp;&nbsp;&nbsp;&nbsp;&nbsp;&nbsp;&nbsp;&nbsp;&nbsp;&nbsp;&nbsp;&nbsp;Itsen\u00e4isen\u00e4 kuvataiteilijana toimiminen<br>2011\u20132013&nbsp;&nbsp;&nbsp;&nbsp;&nbsp;&nbsp;&nbsp;&nbsp;&nbsp;&nbsp;&nbsp;&nbsp;Opintovapaalla<br>1997\u20132011&nbsp;&nbsp;&nbsp;&nbsp;&nbsp;&nbsp;&nbsp;&nbsp;&nbsp;&nbsp;&nbsp;&nbsp;Graafinen suunnittelija, Helsingin Sanomat:<\/p>\n<p style=\"padding-left: 120px;\">Talous&amp;Ty\u00f6 -sivu 1997\u20132000, Sunnuntai-sivut 2000\u20132003, Teematoimituksen Ruoka&amp;Juoma sek\u00e4 El\u00e4m\u00e4&amp;Terveys 2003\u20132011, lis\u00e4ksi kuvituksia Helsinki Median lehtiin<\/p>\n<p>1992\u20131997&nbsp;&nbsp;&nbsp;&nbsp;&nbsp;&nbsp;&nbsp;&nbsp;&nbsp;&nbsp;&nbsp;&nbsp;Itsen\u00e4isen\u00e4 graafikkona Genevess\u00e4 ja Lausannessa,<\/p>\n<p style=\"padding-left: 120px;\">Sveitsi<\/p>\n<p>1994\u20131995&nbsp;&nbsp;&nbsp;&nbsp;&nbsp;&nbsp;&nbsp;&nbsp;&nbsp;&nbsp;&nbsp;&nbsp;2D-assistenttina Lausannen taidekoulun<\/p>\n<p style=\"padding-left: 120px;\">tietokonekuvaosastolla (Unit\u00e9 de synth\u00e8se de l\u2019image num\u00e9rique, Ecole cantonale d\u2019art de Lausanne)<\/p>\n<p>1992\u20131997&nbsp;&nbsp;&nbsp;&nbsp;&nbsp;&nbsp;&nbsp;&nbsp;&nbsp;&nbsp;&nbsp;&nbsp;Itsen\u00e4isen\u00e4 graafikkona Genevess\u00e4 ja Lausannessa,<\/p>\n<p style=\"padding-left: 120px;\">Sveitsi<\/p>\n<p>1988\u20131992&nbsp;&nbsp;&nbsp;&nbsp;&nbsp;&nbsp;&nbsp;&nbsp;&nbsp;&nbsp;&nbsp;&nbsp;Free-lance graafikkona kes\u00e4isin TV1:ss\u00e4, Oy<\/p>\n<p style=\"padding-left: 120px;\">Yleisradio Ab<\/p>\n<h6>&nbsp;<\/h6>\n<p>&nbsp;<\/p>\n<p><strong>Taiteilijaresidenssit:<\/strong><\/p>\n<p>2001 &nbsp;&nbsp;&nbsp;&nbsp;&nbsp;&nbsp;&nbsp;&nbsp;&nbsp;&nbsp;&nbsp;&nbsp;&nbsp;&nbsp;&nbsp;&nbsp;&nbsp;&nbsp;&nbsp;&nbsp;&nbsp;&nbsp;Grassina, Italia (toukokuu)<br>2003 &nbsp;&nbsp;&nbsp;&nbsp;&nbsp;&nbsp;&nbsp;&nbsp;&nbsp;&nbsp;&nbsp;&nbsp;&nbsp;&nbsp;&nbsp;&nbsp;&nbsp;&nbsp;&nbsp;&nbsp;&nbsp;&nbsp;Grassina, Italia (toukokuu)<\/p>\n<h6>&nbsp;<\/h6>\n<p>&nbsp;<\/p>\n<p><strong>N\u00e4yttelyt:<\/strong><\/p>\n<p><span style=\"text-decoration: underline;\">\u00d6ljyv\u00e4ri\/sekatekniikka:<\/span><\/p>\n<p>2018 &nbsp; &nbsp; &nbsp; &nbsp; &nbsp; &nbsp; &nbsp; &nbsp; &nbsp; &nbsp;&nbsp; <em>Hiljaiseloa<\/em>, Galleria Kajaste, Helsinki (yksityisn\u00e4yttely)&nbsp;<\/p>\n<p style=\"padding-left: 30px;\">&nbsp; &nbsp; &nbsp; &nbsp; &nbsp; &nbsp; &nbsp; &nbsp; &nbsp; &nbsp; &nbsp;&nbsp; <em>Kev\u00e4t \u2013 V\u00e5r,<\/em> Gumbostrand Konst &amp; Form, S\u00f6derkulla<\/p>\n<p>&nbsp;<\/p>\n<p>2017\u20132018 &nbsp;&nbsp;&nbsp;&nbsp;&nbsp;&nbsp;&nbsp;&nbsp;&nbsp;&nbsp;&nbsp; 4th <em>&#8221;Enter into Art&#8221;,<\/em> ryhm\u00e4n\u00e4yttely eri puolilla<\/p>\n<p style=\"padding-left: 120px;\">Saksaa<\/p>\n<p>&nbsp;<\/p>\n<p>2017 &nbsp;&nbsp;&nbsp;&nbsp;&nbsp;&nbsp;&nbsp;&nbsp;&nbsp;&nbsp;&nbsp;&nbsp;&nbsp;&nbsp;&nbsp;&nbsp;&nbsp;&nbsp;&nbsp;&nbsp;&nbsp; <em>Pop in Pottery, Art and Design,<\/em> Craft Corner, Helsinki<\/p>\n<p>&nbsp;<\/p>\n<p>2015 &nbsp;&nbsp;&nbsp;&nbsp;&nbsp;&nbsp;&nbsp;&nbsp;&nbsp;&nbsp;&nbsp;&nbsp;&nbsp;&nbsp;&nbsp;&nbsp;&nbsp;&nbsp;&nbsp;&nbsp;&nbsp;&nbsp;<em>Flora &amp; Fauna,<\/em> Gumbostrand Konst &amp; Form,<\/p>\n<p style=\"padding-left: 120px;\">S\u00f6derkulla<\/p>\n<p style=\"padding-left: 120px;\"><em>Nuorten taiteilijoiden kes\u00e4n\u00e4yttely,<\/em> Galleria Uusitalo, Inkoo<br><em>Kohti valoa<\/em>, Galleria Uusitalo, Inkoo<\/p>\n<p>&nbsp;<\/p>\n<p>2014 &nbsp;&nbsp;&nbsp;&nbsp;&nbsp;&nbsp;&nbsp;&nbsp;&nbsp;&nbsp;&nbsp;&nbsp;&nbsp;&nbsp;&nbsp;&nbsp;&nbsp;&nbsp;&nbsp;&nbsp;&nbsp;&nbsp;<em>Kaikki alkaa siemenest\u00e4 2,<\/em> Malmin kirjasto (syyskuu)<\/p>\n<p style=\"padding-left: 120px;\">Taidenavetta, Sammatti (kes\u00e4kuu)<br><em>Kaikki alkaa siemenest\u00e4,<\/em> Malmin kirjasto (maaliskuu)<\/p>\n<p>&nbsp;<\/p>\n<p><span style=\"text-decoration: underline;\">Akvarelli<strong>:<\/strong><\/span><\/p>\n<p>2008 &nbsp;&nbsp;&nbsp;&nbsp;&nbsp;&nbsp;&nbsp;&nbsp;&nbsp;&nbsp;&nbsp;&nbsp;&nbsp;&nbsp;&nbsp;&nbsp;&nbsp;&nbsp;&nbsp;&nbsp;&nbsp;&nbsp;Nurmij\u00e4rven kirjastogalleria (helmikuu)<\/p>\n<p>2004&nbsp;&nbsp;&nbsp;&nbsp;&nbsp;&nbsp;&nbsp;&nbsp;&nbsp;&nbsp;&nbsp;&nbsp;&nbsp;&nbsp;&nbsp;&nbsp;&nbsp;&nbsp;&nbsp;&nbsp;&nbsp;&nbsp;&nbsp;Ravintola White Lady (maaliskuu)<\/p>\n<p style=\"padding-left: 120px;\">Palohein\u00e4n kirjasto (helmikuu)<br>Laajasalon kirjasto (tammikuu)<\/p>\n<p>2003&nbsp;&nbsp;&nbsp;&nbsp;&nbsp;&nbsp;&nbsp;&nbsp;&nbsp;&nbsp;&nbsp;&nbsp;&nbsp;&nbsp;&nbsp;&nbsp;&nbsp;&nbsp;&nbsp;&nbsp;&nbsp;&nbsp;&nbsp;Malmitalo (joulukuu)<\/p>\n<p style=\"padding-left: 120px;\">Kinaporin palvelukeskus (marraskuu)<br>Kulosaaren kirjasto (syyskuu)<br>Kampin palvelukeskus (elokuu)<br>Herttoniemen kirjasto (hein\u00e4kuu)<br>Herttoniemen sairaalan n\u00e4yttelytila (kes\u00e4kuu)<\/p>\n\n\n<p><\/p>\n","protected":false},"excerpt":{"rendered":"<p>&nbsp; CV &nbsp; Yhteystiedot: &nbsp;&nbsp;&nbsp;&nbsp;&nbsp;&nbsp;riitta.keurulainen(at)saunalahti.fi &nbsp; &nbsp; Taidekoulutus: 1985\u20131990&nbsp;&nbsp;&nbsp;&nbsp;&nbsp;&nbsp;&nbsp;&nbsp;&nbsp;&nbsp;&nbsp;&nbsp;Graafikon koulutus Z\u00fcrichiss\u00e4, Sveitsiss\u00e4 (Kunstgewerbeschule) 1992\u20131993&nbsp;&nbsp;&nbsp;&nbsp;&nbsp;&nbsp;&nbsp;&nbsp;&nbsp;&nbsp;&nbsp;&nbsp;Lis\u00e4opinnot Ranskassa Lyonin yliopiston kuvallisen viestinn\u00e4n instituutissa 1993\u20131994&nbsp;&nbsp;&nbsp;&nbsp;&nbsp;&nbsp;&nbsp;&nbsp;&nbsp;&nbsp;&nbsp;&nbsp;Projektityyppist\u00e4 jatkokoulutusta Sveitsiss\u00e4&nbsp;Lausannen taidekoulun tietokonekuvan osastolla (Ecole cantonale d\u2019art de Lausanne) &nbsp; Muu koulutus: 2011\u20132012&nbsp;&nbsp;&nbsp;&nbsp;&nbsp;&nbsp;&nbsp;&nbsp;&nbsp;&nbsp;&nbsp;&nbsp;Estetiikan perusopinnot, Helsingin avoin yliopisto2012\u20132013&nbsp;&nbsp;&nbsp;&nbsp;&nbsp;&nbsp;&nbsp;&nbsp;&nbsp;&nbsp;&nbsp;&nbsp;Taidehistorian perusopinnot, Helsingin avoin yliopisto &nbsp; Ty\u00f6kokemus: 2014\u2013&nbsp;&nbsp;&nbsp;&nbsp;&nbsp;&nbsp;&nbsp;&nbsp;&nbsp;&nbsp;&nbsp;&nbsp;&nbsp;&nbsp;&nbsp;&nbsp;&nbsp;&nbsp;&nbsp;&nbsp;Itsen\u00e4isen\u00e4 kuvataiteilijana toimiminen2011\u20132013&nbsp;&nbsp;&nbsp;&nbsp;&nbsp;&nbsp;&nbsp;&nbsp;&nbsp;&nbsp;&nbsp;&nbsp;Opintovapaalla1997\u20132011&nbsp;&nbsp;&nbsp;&nbsp;&nbsp;&nbsp;&nbsp;&nbsp;&nbsp;&nbsp;&nbsp;&nbsp;Graafinen suunnittelija, Helsingin Sanomat: Talous&amp;Ty\u00f6 -sivu 1997\u20132000, Sunnuntai-sivut [&hellip;]<\/p>\n","protected":false},"author":1,"featured_media":0,"parent":0,"menu_order":0,"comment_status":"open","ping_status":"open","template":"","meta":{"ngg_post_thumbnail":0},"_links":{"self":[{"href":"http:\/\/www.riittakeurulainen.fi\/index.php?rest_route=\/wp\/v2\/pages\/31"}],"collection":[{"href":"http:\/\/www.riittakeurulainen.fi\/index.php?rest_route=\/wp\/v2\/pages"}],"about":[{"href":"http:\/\/www.riittakeurulainen.fi\/index.php?rest_route=\/wp\/v2\/types\/page"}],"author":[{"embeddable":true,"href":"http:\/\/www.riittakeurulainen.fi\/index.php?rest_route=\/wp\/v2\/users\/1"}],"replies":[{"embeddable":true,"href":"http:\/\/www.riittakeurulainen.fi\/index.php?rest_route=%2Fwp%2Fv2%2Fcomments&post=31"}],"version-history":[{"count":163,"href":"http:\/\/www.riittakeurulainen.fi\/index.php?rest_route=\/wp\/v2\/pages\/31\/revisions"}],"predecessor-version":[{"id":220995,"href":"http:\/\/www.riittakeurulainen.fi\/index.php?rest_route=\/wp\/v2\/pages\/31\/revisions\/220995"}],"wp:attachment":[{"href":"http:\/\/www.riittakeurulainen.fi\/index.php?rest_route=%2Fwp%2Fv2%2Fmedia&parent=31"}],"curies":[{"name":"wp","href":"https:\/\/api.w.org\/{rel}","templated":true}]}}