{"id":33,"date":"2014-04-26T16:25:30","date_gmt":"2014-04-26T13:25:30","guid":{"rendered":"http:\/\/www.riittakeurulainen.fi\/?page_id=33"},"modified":"2014-08-31T00:15:43","modified_gmt":"2014-08-30T21:15:43","slug":"info","status":"publish","type":"page","link":"http:\/\/www.riittakeurulainen.fi\/?page_id=33","title":{"rendered":"Info"},"content":{"rendered":"<p>&nbsp;<br \/>\n&nbsp;<\/p>\n<h1>INFO- Kysymyksi\u00e4 ja vastauksia<\/h1>\n<p>&nbsp;<br \/>\n&nbsp;<\/p>\n<p><strong>Miksi maal<img loading=\"lazy\" class=\"alignleft size-full wp-image-82\" src=\"http:\/\/www.riittakeurulainen.fi\/wp-content\/uploads\/2014\/04\/Ite2.jpg\" alt=\"Ite2\" width=\"170\" height=\"201\" \/>aan?<\/strong><\/p>\n<p>Vuosien ty\u00f6el\u00e4m\u00e4n j\u00e4lkeen halu syd\u00e4nt\u00e4 l\u00e4hell\u00e4 olevaan tekemiseen \u2013maalaamiseen ja piirt\u00e4miseen\u2013 kasvoi niin suureksi, ett\u00e4 vaihdoin s\u00e4\u00e4nn\u00f6llisen graafikon palkkaty\u00f6n ep\u00e4s\u00e4\u00e4nn\u00f6lliseen, mutta itsen\u00e4iseen kuvataiteilijan ty\u00f6h\u00f6n.<\/p>\n<p>Aiemmin yritin l\u00f6yt\u00e4\u00e4 aikaa ty\u00f6n ohella akvarelli-maalaamiseen, mutta tunsin, ett\u00e4 halusin tehd\u00e4 enemm\u00e4n.<\/p>\n<p>Asiaa edesauttoi my\u00f6s ty\u00f6huoneeni valmistuminen 2013 maaseudulla sijaitsevaan taloon.<\/p>\n<p>Ennen k\u00e4ytt\u00e4m\u00e4ni akvarellit vaihtuivat nyt \u00f6ljyv\u00e4reihin.<\/p>\n<p>&nbsp;<\/p>\n<p>&nbsp;<\/p>\n<p>&nbsp;<\/p>\n<p>&nbsp;<\/p>\n<p><strong>\u00a0<\/strong><\/p>\n<p><strong><a href=\"http:\/\/www.riittakeurulainen.fi\/wp-content\/uploads\/2014\/04\/Tyohuone2.jpg\"><img loading=\"lazy\" class=\"alignleft size-full wp-image-86\" src=\"http:\/\/www.riittakeurulainen.fi\/wp-content\/uploads\/2014\/04\/Tyohuone2.jpg\" alt=\"Tyohuone2\" width=\"170\" height=\"111\" \/><\/a>Miksi kasviaihe?<\/strong><\/p>\n<p>Ty\u00f6huoneeni sijaitsee pientilalla Karjalohjalla, jonka hankimme mieheni kanssa 2009. Luonto ymp\u00e4rill\u00e4 on melkoinen vastakohta aiemmalle ty\u00f6lleni keskustan avokonttorissa.<\/p>\n<p>Kasvien el\u00e4m\u00e4 on tullut tutummaksi niin hy\u00f6tykasvien, rikkaruohojen kuin luonnonkasvienkin kohdalla.<\/p>\n<p>Kukkaloiston j\u00e4lkeen rapistuvalla kasvilla on aarre, joka odottaa uutta kasvukautta, toistuen uudelleen ja uudelleen. Tuon kasvukauden ty\u00f6n<img loading=\"lazy\" class=\"alignleft size-full wp-image-84\" src=\"http:\/\/www.riittakeurulainen.fi\/wp-content\/uploads\/2014\/04\/MyskimalvansiemenetOK.jpg\" alt=\"MyskimalvansiemenetOK\" width=\"170\" height=\"180\" \/> tulos on omalla tavallaan kaunis: kuihtuneen\u00a0varren p\u00e4\u00e4ss\u00e4, kasvilajin mukaan, l\u00f6ytyy eri muotoisia, k\u00e4tkettyj\u00e4 tai paljaita siemeni\u00e4. Vaikka se ei loista en\u00e4\u00e4 v\u00e4reill\u00e4\u00e4n, on sen olemus kuitenkin samalla hauras mutta voimakas.<\/p>\n<p>Lis\u00e4ksi olen tutkinut muitakin mielenkiintoisia siemen- ja hedelm\u00e4kotia. Esimerkiksi kiinalainen lyhtykoiso on inspiroinut minua: sen kuivuneet suojalehdet muodostavat hienon verkon hedelm\u00e4n ymp\u00e4rille.<\/p>\n<p>&nbsp;<\/p>\n<p>&nbsp;<\/p>\n<p>&nbsp;<\/p>\n<p>&nbsp;<\/p>\n<p>&nbsp;<\/p>\n<p>&nbsp;<\/p>\n<p><strong><a href=\"http:\/\/www.riittakeurulainen.fi\/wp-content\/uploads\/2014\/04\/Maalejaym2.jpg\"><img loading=\"lazy\" class=\"alignleft size-full wp-image-83\" src=\"http:\/\/www.riittakeurulainen.fi\/wp-content\/uploads\/2014\/04\/Maalejaym2.jpg\" alt=\"Maalejaym2\" width=\"170\" height=\"217\" \/><\/a>Miksi \u00f6ljyv\u00e4ri- ja sekatekniikka?<\/strong><\/p>\n<p>\u00d6ljyv\u00e4reill\u00e4, v\u00e4ripigmenteill\u00e4 ja kylm\u00e4vahalla voin ty\u00f6st\u00e4\u00e4 pintaa eri v\u00e4lineill\u00e4 ja v\u00e4rikerroksia lis\u00e4\u00e4m\u00e4ll\u00e4 tai esiin raaputtamalla. N\u00e4in saan el\u00e4v\u00e4isen, orgaanisen, kuluneen ja eroosionkin kaltaisen struktuurin, johon voin piirt\u00e4\u00e4 tarkalla viivalla.<\/p>\n<p>Piirt\u00e4minen on ollut aina asia, joka on tullut ik\u00e4\u00e4n kuin luonnostaan ja on keskeisess\u00e4 asemassa teoksissani.<\/p>\n<p>Ty\u00f6tavastani johtuen mdf-puukuitulevy on tarpeeksi vahva pohja t\u00e4lle tekniikalle.<\/p>\n<p>&nbsp;<\/p>\n<p>&nbsp;<\/p>\n<p>&nbsp;<\/p>\n<p>&nbsp;<\/p>\n<p>&nbsp;<\/p>\n<p>&nbsp;<\/p>\n<p><strong><a href=\"http:\/\/www.riittakeurulainen.fi\/wp-content\/uploads\/2014\/04\/Niittydetail2.jpg\"><img loading=\"lazy\" class=\"alignleft size-full wp-image-85\" src=\"http:\/\/www.riittakeurulainen.fi\/wp-content\/uploads\/2014\/04\/Niittydetail2.jpg\" alt=\"Niittydetail2\" width=\"170\" height=\"121\" \/><\/a>Mink\u00e4lainen ty\u00f6prosessi on?<\/strong><\/p>\n<p>Tauluissa on useampia v\u00e4rikerroksia ja niiden ty\u00f6st\u00e4minen vaatii tietyn kuivumisajan. Joitakin kerroksia voi ty\u00f6st\u00e4\u00e4 v\u00e4litt\u00f6m\u00e4sti, mutta toiset vaativat odottelua tunnin, pari, seuraavaan p\u00e4iv\u00e4\u00e4n\u2026<\/p>\n","protected":false},"excerpt":{"rendered":"<p>&nbsp; &nbsp; INFO- Kysymyksi\u00e4 ja vastauksia &nbsp; &nbsp; Miksi maalaan? Vuosien ty\u00f6el\u00e4m\u00e4n j\u00e4lkeen halu syd\u00e4nt\u00e4 l\u00e4hell\u00e4 olevaan tekemiseen \u2013maalaamiseen ja piirt\u00e4miseen\u2013 kasvoi niin suureksi, ett\u00e4 vaihdoin s\u00e4\u00e4nn\u00f6llisen graafikon palkkaty\u00f6n ep\u00e4s\u00e4\u00e4nn\u00f6lliseen, mutta itsen\u00e4iseen kuvataiteilijan ty\u00f6h\u00f6n. Aiemmin yritin l\u00f6yt\u00e4\u00e4 aikaa ty\u00f6n ohella akvarelli-maalaamiseen, mutta tunsin, ett\u00e4 halusin tehd\u00e4 enemm\u00e4n. Asiaa edesauttoi my\u00f6s ty\u00f6huoneeni valmistuminen 2013 maaseudulla sijaitsevaan [&hellip;]<\/p>\n","protected":false},"author":1,"featured_media":0,"parent":0,"menu_order":0,"comment_status":"open","ping_status":"open","template":"","meta":{"ngg_post_thumbnail":0},"_links":{"self":[{"href":"http:\/\/www.riittakeurulainen.fi\/index.php?rest_route=\/wp\/v2\/pages\/33"}],"collection":[{"href":"http:\/\/www.riittakeurulainen.fi\/index.php?rest_route=\/wp\/v2\/pages"}],"about":[{"href":"http:\/\/www.riittakeurulainen.fi\/index.php?rest_route=\/wp\/v2\/types\/page"}],"author":[{"embeddable":true,"href":"http:\/\/www.riittakeurulainen.fi\/index.php?rest_route=\/wp\/v2\/users\/1"}],"replies":[{"embeddable":true,"href":"http:\/\/www.riittakeurulainen.fi\/index.php?rest_route=%2Fwp%2Fv2%2Fcomments&post=33"}],"version-history":[{"count":9,"href":"http:\/\/www.riittakeurulainen.fi\/index.php?rest_route=\/wp\/v2\/pages\/33\/revisions"}],"predecessor-version":[{"id":349,"href":"http:\/\/www.riittakeurulainen.fi\/index.php?rest_route=\/wp\/v2\/pages\/33\/revisions\/349"}],"wp:attachment":[{"href":"http:\/\/www.riittakeurulainen.fi\/index.php?rest_route=%2Fwp%2Fv2%2Fmedia&parent=33"}],"curies":[{"name":"wp","href":"https:\/\/api.w.org\/{rel}","templated":true}]}}